{"id":3943,"date":"2021-10-15T10:46:58","date_gmt":"2021-10-15T08:46:58","guid":{"rendered":"https:\/\/boisdolivier.fr\/?page_id=3943"},"modified":"2024-11-25T10:13:53","modified_gmt":"2024-11-25T09:13:53","slug":"pierre-et-guillaume-dubosq","status":"publish","type":"page","link":"https:\/\/boisdolivier.fr\/fr\/pierre-et-guillaume-dubosq\/","title":{"rendered":"Une entreprise de p\u00e8re en fils"},"content":{"rendered":"<p><img decoding=\"async\" src=\"\/wp-content\/uploads\/2020\/11\/icone-arbre-le-travail-du-bois-dolivier.svg\" alt=\"icone arbre\"><\/p>\n<div>Notre histoire<\/div>\n<h1>Une entreprise de p\u00e8re en fils<\/h1>\n<div>De la naissance d&rsquo;une passion&#8230;<\/div>\n<div>C\u2019est en <strong>1952<\/strong> que mon p\u00e8re d\u00e9couvre <strong>le travail du bois d\u2019olivier<\/strong>. <\/p>\n<p>Il sortait de l&rsquo;\u00e9cole de Vence et tous les midis traversait la vieille ville pour aller d\u00e9jeuner chez sa s\u0153ur. Tous les jours, il observait, dans une cave de la place Godeau, un artisan qui fa\u00e7onnait, avec des outils \u00e0 main, divers saladiers et coupes \u00e0 fruits. Il trouvait magique de voir les copeaux voler en \u00e9clats sous les coups d\u2019herminette, et un objet prendre forme sous ses yeux. Ce Monsieur Cancedda \u00e9tait l\u2019oncle du beau fr\u00e8re de mon p\u00e8re, mais aussi l\u2019oncle des Raffaelli de <strong>St Paul de Vence<\/strong>, qui avaient les premiers, dans les ann\u00e9es 1948-1950, fa\u00e7onn\u00e9 des objets en <strong>bois d\u2019olivier \u00e0 la main<\/strong>.<\/div>\n<div>\n<p>        <img decoding=\"async\" src=\"\/wp-content\/uploads\/2020\/11\/le-travail-artisanal-du-bois-dolivier-deuis-1958-pierre-dubosq.jpg\" alt=\"Pierre Dubosq dans son atelier en 1958 - Le travail du Bois d'olivier\"><\/p>\n<\/div>\n<div>\n<p>        <img decoding=\"async\" src=\"\/wp-content\/uploads\/2020\/11\/le-travail-artisanal-du-bois-dolivier-pierre-dubosq-1958.jpg\" alt=\"Pierre Dubosq dans son atelier en 1958 - Le travail du Bois d'olivier\"><\/p>\n<\/div>\n<p><img decoding=\"async\" src=\"\/wp-content\/uploads\/2020\/11\/Le-travail-du-bois-d-olivier-dubosq-et-fils-logo-_stamp.svg\" alt=\"logo stamp\"><\/p>\n<div>\n<p>        <img decoding=\"async\" src=\"\/wp-content\/uploads\/2020\/11\/pierre-dubosq-1958-le-travail-artisanal-du-bois-dolivier.jpg\" alt=\"Pierre Dubosq sculptant du bois d'olivier en 1958\"><\/p>\n<p>Pierre Dubosq en 1958<\/p>\n<\/div>\n<div>\n<p>\u00c0 18 ans, apr\u00e8s \u00eatre sorti de l\u2019\u00e9cole, mon p\u00e8re s\u2019est install\u00e9 comme \u00ab <strong>Artisan<\/strong> \u00bb, sans n\u2019avoir jamais appris quoi que ce soit sur les <strong>m\u00e9tiers du bois<\/strong>; cela se passait donc en 1953.<br \/> Et c\u2019est en 1958 qu\u2019il s\u2019installe \u00e0 <strong>Tourrettes-sur-Loup<\/strong>, en ouvrant un atelier c\u00f4t\u00e9 est de la grand\u2019 rue. L\u2019hiver, il n\u2019y avait gu\u00e8re de passage de touristes, aussi prenait-il un morceau de tronc sur l\u2019\u00e9paule et allait travailler au soleil, juste sous le village. Puis il est tomb\u00e9 malade, en 1960, et, atteint de la<br \/>\ntuberculose, a d\u00fb tout abandonner en partant; mais il a su, gr\u00e2ce \u00e0 sa volont\u00e9, et malgr\u00e9 son handicap<br \/>\n(un poumon en moins), se r\u00e9installer en 1965, toujours dans la Grand\u2019rue mais cette fois- ci du c\u00f4t\u00e9<br \/>\nouest.<\/p>\n<\/div>\n<div>Aujourd\u2019hui c\u2019est moi, son fils, qui lui rends hommage en perp\u00e9tuant ses gestes, tout ce savoir-faire appris au fil des ann\u00e9es, et qu\u2019il m\u2019a transmis.<\/div>\n<p><img decoding=\"async\" src=\"\/wp-content\/uploads\/2020\/11\/le-travail-artisanal-du-bois-dolivier-pieces-uniques-dubosq-et-fils.jpg\" alt=\"Guillaume Dubosq d\u00e9coupant une planchette en bois d'olivier dans son atelier\"><\/p>\n<div>\n<p>\u00c0 son \u00e9poque, il y avait un <strong>artisan de l\u2019olivier<\/strong> dans <strong>chaque village de la r\u00e9gion<\/strong> , l\u2019activit\u00e9 battait son plein. <br \/>Malheureusement, le temps faisant son \u0153uvre et en l\u2019absence de repreneur, ces ateliers ont ferm\u00e9 progressivement. <\/p>\n<p>\nC\u2019est ainsi qu\u2019aujourd\u2019hui je suis l\u2019<strong>un des derniers repr\u00e9sentants<\/strong> de ce savoir-faire en France.<\/p>\n<\/div>\n<p><img decoding=\"async\" src=\"\/wp-content\/uploads\/2020\/11\/le-travail-du-bois-dolivier-atelier-de-pere-en-fils-guillaume-dubosq.jpg\" alt=\"Guillaume Dubosq dans son atelier du travail du Bois d'Olivier\"><\/p>\n<div>\n<p>Aujourd\u2019hui, l\u2019herminette a laiss\u00e9 sa place \u00e0 la \u00ab boule r\u00e2pe \u00bb et l\u2019\u00e9go\u00efne \u00e0 la scie \u00e0 ruban. L\u2019atelier et la boutique ont chang\u00e9, mais l\u2019envie et le go\u00fbt de fa\u00e7onner le bois d\u2019olivier sont toujours l\u00e0. <\/p>\n<\/div>\n<p><img decoding=\"async\" src=\"\/wp-content\/uploads\/2020\/11\/guillaume-dubosq-atelier-travail-artisanal-bois-dolivier.jpg\" alt=\"Guillaume Dubosq dans son atelier - Le travail artisanal du Bois d'olivier\"><\/p>\n<div>\n<p>J\u2019ai repris le flambeau, apr\u00e8s avoir pass\u00e9 mon enfance \u00e0 \u00abbricoler\u00bb des petites voitures et des \u00e9p\u00e9es dans l\u2019atelier, aux c\u00f4t\u00e9s de mon p\u00e8re. C\u2019est comme \u00e7a, tout naturellement, que l\u2019amour de l\u2019<strong>olivier<\/strong> s\u2019est impos\u00e9 \u00e0 moi et que j\u2019ai d\u00e9cid\u00e9 d\u2019en faire <strong>mon m\u00e9tier<\/strong>.<\/p>\n<p>J\u2019ai pass\u00e9 quatre ann\u00e9es dans un lyc\u00e9e professionnel, jusqu&rsquo;\u00e0 obtenir un <strong>bac professionnel d\u2019\u00e9b\u00e9niste d\u2019art<\/strong>, puis la <strong>connaissance du bois d\u2019olivier<\/strong> m\u2019a occup\u00e9 pleinement, car ce bois l\u00e0 ne <strong>ressemble \u00e0 aucun autre<\/strong>, et son travail n\u2019est pas enseign\u00e9 dans les \u00e9coles.<\/p>\n<\/div>\n<p><img decoding=\"async\" src=\"\/wp-content\/uploads\/2020\/11\/icone-arbre-le-travail-du-bois-dolivier.svg\" alt=\"icone arbre\"><\/p>\n<div><span class=\"uk-text-lead\">Petite liste des artisans du bois d\u2019olivier \u00e0 travers le temps. Aujourd\u2019hui seulement quelques-uns sont encore en activit\u00e9.<\/span><\/div>\n<ul>\n<li>\n<div>\u00c0 Vence: Successivement Mr Cancceda, puis Belleudy, Zancanaro, Piras et Paingris<\/div>\n<\/li>\n<li>\n<div>\u00c0 Nice : Mr Muller et Torino.\n<\/div>\n<\/li>\n<li>\n<div>\u00c0 Drap : Mr Morini.\n<\/div>\n<\/li>\n<li>\n<div>\u00c0 Sospel : Mr Pirus et Gasperini.\n<\/div>\n<\/li>\n<li>\n<div>\u00c0 Saorge : Mr Franca.\n<\/div>\n<\/li>\n<li>\n<div>\u00c0 Breil\/ roya: Mr Rech et Cottarlorda.\n<\/div>\n<\/li>\n<li>\n<div>\u00c0 Vallauris : Mr Lacroix, Bains, Leonelli, L\u00e9ger, Simondi, Chiocchi, Grego, S\u00e9bastian.\n<\/div>\n<\/li>\n<li>\n<div>\u00c0 St Paul : Mr Bain, Lucien, et Morisset.\n<\/div>\n<\/li>\n<li>\n<div>\u00c0 Cagnes\/Mer : Mr Lange.\n<\/div>\n<\/li>\n<li>\n<div>\u00c0 Gilette : Mr Niogret.\n<\/div>\n<\/li>\n<li>\n<div>\u00c0 Levens : Mr Hughes.\n<\/div>\n<\/li>\n<li>\n<div>\u00c0 La Gaude : Mr Siri.\n<\/div>\n<\/li>\n<li>\n<div>\u00c0 Fayence : Mr Ragot.\n<\/div>\n<\/li>\n<li>\n<div>\u00c0 Biot : Mr Locqueneux et Zilvelli.\n<\/div>\n<\/li>\n<li>\n<div>\u00c0 Roquesteron : Mr Roll p\u00e8re et fils\n<\/div>\n<\/li>\n<li>\n<div>\u00c0 Valbonne : Mr Boselli et fils.<\/p>\n<\/div>\n<\/li>\n<li>\n<div>\u00c0 Villeneuve : Lange et Gena (meubles).<\/p>\n<\/div>\n<\/li>\n<li>\n<div>\u00c0 Auribeau \/ Siagne : Mr Roggero.<\/p>\n<\/div>\n<\/li>\n<li>\n<div>\u00c0 Aix en provence : Mr Berne (meubles)<\/p>\n<\/div>\n<\/li>\n<\/ul>\n<p><img decoding=\"async\" src=\"\/wp-content\/uploads\/2020\/11\/icone-arbre-le-travail-du-bois-dolivier.svg\" alt=\"\"><\/p>\n<h2>\n<span class=\"uk-text-meta\">Ils m&rsquo;ont fait confiance<\/span><\/h2>\n<p>\n    <a href=\"\/le-travail-du-bois-dolivier-partenaires-et-clients\">partenaires &#038; clients<\/a>\n<\/p>\n<hr>\n<ul>\n<li>\n<p>        <img decoding=\"async\" src=\"\/wp-content\/uploads\/2020\/11\/le-negresco-logo.jpg\" alt=\"Le Negresco Nice - Logo\"><\/p>\n<\/li>\n<li>\n<p>        <img decoding=\"async\" src=\"\/wp-content\/uploads\/2020\/11\/hotel-de-paris-monte-carlo-logo.jpg\" alt=\"H\u00f4tel de Paris Monte-carlo - Logo\"><\/p>\n<\/li>\n<li>\n<p>        <img decoding=\"async\" src=\"\/wp-content\/uploads\/2020\/11\/paul-bocuse-logo.jpg\" alt=\"Paul Bocuse - Logo\"><\/p>\n<\/li>\n<li>\n<p>        <img decoding=\"async\" src=\"\/wp-content\/uploads\/2020\/11\/hotel-metropole-monte-carlo.jpg\" alt=\"Hotel Metropole - Logo\"><\/p>\n<\/li>\n<li>\n<p>        <img decoding=\"async\" src=\"\/wp-content\/uploads\/2020\/11\/byblos-st-tropez-logo.jpg\" alt=\"Byblos - Logo\"><\/p>\n<\/li>\n<li>\n<p>        <img decoding=\"async\" src=\"\/wp-content\/uploads\/2020\/11\/alain-ducasse-hotel-de-paris.jpg\" alt=\"Le Louis XV Alain Ducasse - Logo\"><\/p>\n<\/li>\n<li>\n<p>        <img decoding=\"async\" src=\"\/wp-content\/uploads\/2020\/11\/lily-of-the-valley-luxury-hotel-logo.jpg\" alt=\"Lily of The Valley Hotel - Logo\"><\/p>\n<\/li>\n<li>\n<p>        <img decoding=\"async\" src=\"\/wp-content\/uploads\/2020\/11\/le-mashou-logo.jpg\" alt=\"Le maschou - Logo\"><\/p>\n<\/li>\n<li>\n<p>        <img decoding=\"async\" src=\"\/wp-content\/uploads\/2020\/11\/airelles-gordes-bastide-logo.jpg\" alt=\"Airelles - Logo\"><\/p>\n<\/li>\n<li>\n<p>        <img decoding=\"async\" src=\"\/wp-content\/uploads\/2020\/11\/grand-hyatt-martinez-cannes-logo.jpg\" alt=\"H\u00f4tel Martinez grand Hyatt - Logo\"><\/p>\n<\/li>\n<li>\n<p>        <img decoding=\"async\" src=\"\/wp-content\/uploads\/2021\/01\/loasis-mandelieu.jpg\" alt=\"Resaturant l oasis mandelieu - Logo\"><\/p>\n<\/li>\n<\/ul>\n<p><!--more--><br \/>\n<!-- {\"name\":\"** A propos page oct 21\",\"type\":\"layout\",\"children\":[{\"name\":\"D'hier\",\"type\":\"section\",\"props\":{\"animation\":\"slide-top-small\",\"animation_delay\":false,\"class\":\"uk-section-overlap-flip\",\"header_transparent\":true,\"header_transparent_text_color\":\"dark\",\"image\":\"wp-content\\\/uploads\\\/2020\\\/11\\\/olive-bg-bois-dubosq-et-fils-3.svg\",\"image_effect\":\"fixed\",\"image_fixed\":false,\"image_position\":\"top-right\",\"image_size\":\"cover\",\"media_overlay\":\"rgba(255, 255, 255, 0.66)\",\"media_visibility\":\"s\",\"overlap\":false,\"padding\":\"large\",\"padding_remove_horizontal\":false,\"padding_remove_top\":false,\"style\":\"default\",\"title\":\"la naissance d'une passion\",\"title_breakpoint\":\"xl\",\"title_position\":\"center-right\",\"title_rotation\":\"right\",\"vertical_align\":\"\",\"width\":\"default\"},\"children\":[{\"type\":\"row\",\"props\":{\"margin\":\"xlarge\"},\"children\":[{\"type\":\"column\",\"props\":{\"image_position\":\"center-center\",\"position_sticky_breakpoint\":\"m\",\"width_medium\":\"1-1\"},\"children\":[{\"type\":\"image\",\"props\":{\"animation\":\"slide-top-medium\",\"image\":\"wp-content\\\/uploads\\\/2020\\\/11\\\/icone-arbre-le-travail-du-bois-dolivier.svg\",\"image_alt\":\"icone arbre\",\"image_svg_color\":\"primary\",\"image_svg_inline\":false,\"image_width\":\"80\",\"margin\":\"default\",\"margin_remove_bottom\":true,\"margin_remove_top\":true,\"text_align\":\"center\"},\"modified\":\"2021-01-15T09:59:03.461Z\",\"name\":\"arbre title\"},{\"type\":\"headline\",\"props\":{\"animation\":\"slide-top-small\",\"content\":\"Notre histoire\",\"margin_remove_bottom\":true,\"margin_remove_top\":true,\"text_align\":\"center\",\"title_color\":\"primary\",\"title_element\":\"div\",\"title_style\":\"h6\"}},{\"type\":\"headline\",\"props\":{\"animation\":\"slide-bottom-medium\",\"block_align\":\"center\",\"content\":\"Une entreprise de p\\u00e8re en fils\",\"css\":\".el-element { font-size: 24px; letter-spacing: 0.03em;}\",\"margin\":\"small\",\"margin_remove_bottom\":true,\"margin_remove_top\":true,\"maxwidth\":\"2xlarge\",\"text_align\":\"center\",\"title_element\":\"h1\",\"title_font_family\":\"secondary\",\"title_style\":\"h3\"}},{\"type\":\"divider\",\"props\":{\"animation\":\"slide-top-medium\",\"divider_align\":\"center\",\"divider_element\":\"div\",\"divider_style\":\"vertical\",\"margin\":\"small\",\"margin_remove_top\":false}}]}]},{\"type\":\"row\",\"props\":{\"divider\":false,\"layout\":\"1-2,1-2\"},\"children\":[{\"type\":\"column\",\"props\":{\"image_position\":\"center-center\",\"position_sticky_breakpoint\":\"m\",\"width_medium\":\"1-2\",\"width_small\":\"1-2\"},\"children\":[{\"name\":\"Titre texte italique\",\"type\":\"text\",\"props\":{\"column_breakpoint\":\"m\",\"content\":\"De la naissance d'une passion...\",\"css\":\".el-element { font-size: 21px;}\",\"margin\":\"medium\",\"margin_remove_top\":true,\"text_style\":\"lead\"},\"modified\":\"2020-11-19T14:55:12.318Z\"},{\"type\":\"text\",\"props\":{\"column_breakpoint\":\"m\",\"content\":\"C\\u2019est en <strong>1952<\\\/strong> que mon p\\u00e8re d\\u00e9couvre <strong>le travail du bois d\\u2019olivier<\\\/strong>. <br \/>\\n\\nIl sortait de l'\\u00e9cole de Vence et tous les midis traversait la vieille ville pour aller d\\u00e9jeuner chez sa s\\u0153ur. Tous les jours, il observait, dans une cave de la place Godeau, un artisan qui fa\\u00e7onnait, avec des outils \\u00e0 main, divers saladiers et coupes \\u00e0 fruits. Il trouvait magique de voir les copeaux voler en \\u00e9clats sous les coups d\\u2019herminette, et un objet prendre forme sous ses yeux. Ce Monsieur Cancedda \\u00e9tait l\\u2019oncle du beau fr\\u00e8re de mon p\\u00e8re, mais aussi l\\u2019oncle des Raffaelli de <strong>St Paul de Vence<\\\/strong>, qui avaient les premiers, dans les ann\\u00e9es 1948-1950, fa\\u00e7onn\\u00e9 des objets en <strong>bois d\\u2019olivier \\u00e0 la main<\\\/strong>.\",\"dropcap\":true,\"margin\":\"medium\",\"text_align\":\"justify\"}},{\"type\":\"panel\",\"props\":{\"content\":\"\",\"content_column_breakpoint\":\"m\",\"icon_width\":80,\"image\":\"wp-content\\\/uploads\\\/2020\\\/11\\\/le-travail-artisanal-du-bois-dolivier-deuis-1958-pierre-dubosq.jpg\",\"image_align\":\"top\",\"image_alt\":\"Pierre Dubosq dans son atelier en 1958 - Le travail du Bois d'olivier\",\"image_grid_breakpoint\":\"m\",\"image_grid_width\":\"1-2\",\"image_height\":\"380\",\"image_svg_color\":\"emphasis\",\"image_width\":\"610\",\"link_style\":\"default\",\"link_text\":\"Read more\",\"margin\":\"large\",\"margin_remove_bottom\":true,\"meta\":\"\",\"meta_align\":\"below-title\",\"meta_element\":\"div\",\"meta_style\":\"text-meta\",\"title\":\"\",\"title_align\":\"top\",\"title_element\":\"h3\",\"title_grid_breakpoint\":\"m\",\"title_grid_width\":\"1-2\",\"title_hover_style\":\"reset\"}},{\"type\":\"panel\",\"props\":{\"content\":\"\",\"content_column_breakpoint\":\"m\",\"icon_width\":80,\"image\":\"wp-content\\\/uploads\\\/2020\\\/11\\\/le-travail-artisanal-du-bois-dolivier-pierre-dubosq-1958.jpg\",\"image_align\":\"top\",\"image_alt\":\"Pierre Dubosq dans son atelier en 1958 - Le travail du Bois d'olivier\",\"image_grid_breakpoint\":\"m\",\"image_grid_width\":\"1-2\",\"image_height\":\"380\",\"image_svg_color\":\"emphasis\",\"image_width\":\"610\",\"link_style\":\"default\",\"link_text\":\"Read more\",\"margin\":\"medium\",\"meta\":\"\",\"meta_align\":\"below-title\",\"meta_element\":\"div\",\"meta_style\":\"text-meta\",\"title\":\"\",\"title_align\":\"top\",\"title_element\":\"h3\",\"title_grid_breakpoint\":\"m\",\"title_grid_width\":\"1-2\",\"title_hover_style\":\"reset\"}}]},{\"type\":\"column\",\"props\":{\"image_position\":\"center-center\",\"order_first\":\"s\",\"position_sticky_breakpoint\":\"m\",\"width_medium\":\"1-2\",\"width_small\":\"1-2\"},\"children\":[{\"type\":\"image\",\"props\":{\"animation\":\"parallax\",\"css\":\".el-image { opacity: 0.4;}\",\"image\":\"wp-content\\\/uploads\\\/2020\\\/11\\\/Le-travail-du-bois-d-olivier-dubosq-et-fils-logo-_stamp.svg\",\"image_alt\":\"logo stamp\",\"image_svg_color\":\"emphasis\",\"image_width\":\"210\",\"margin\":\"default\",\"parallax_easing\":\"1\",\"parallax_y\":\"0,-180\",\"position\":\"absolute\",\"position_left\":\"-90\",\"position_top\":\"-90\",\"position_z_index\":\"1\",\"visibility\":\"m\"}},{\"type\":\"panel\",\"props\":{\"animation\":\"fade\",\"content\":\"\",\"content_column_breakpoint\":\"m\",\"icon_width\":80,\"image\":\"wp-content\\\/uploads\\\/2020\\\/11\\\/pierre-dubosq-1958-le-travail-artisanal-du-bois-dolivier.jpg\",\"image_align\":\"top\",\"image_alt\":\"Pierre Dubosq sculptant du bois d'olivier en 1958\",\"image_grid_breakpoint\":\"m\",\"image_grid_width\":\"1-2\",\"image_height\":\"814\",\"image_svg_color\":\"emphasis\",\"image_width\":\"610\",\"link_style\":\"default\",\"link_text\":\"Read more\",\"margin\":\"default\",\"margin_remove_bottom\":false,\"margin_remove_top\":true,\"meta\":\"Pierre Dubosq en 1958\",\"meta_align\":\"below-title\",\"meta_element\":\"div\",\"meta_margin\":\"small\",\"meta_style\":\"text-meta\",\"title\":\"\",\"title_align\":\"top\",\"title_element\":\"h3\",\"title_grid_breakpoint\":\"m\",\"title_grid_width\":\"1-2\",\"title_hover_style\":\"reset\"}},{\"type\":\"text\",\"props\":{\"column_breakpoint\":\"m\",\"content\":\"\n\n<p>\\u00c0 18 ans, apr\\u00e8s \\u00eatre sorti de l\\u2019\\u00e9cole, mon p\\u00e8re s\\u2019est install\\u00e9 comme \\u00ab <strong>Artisan<\\\/strong> \\u00bb, sans n\\u2019avoir jamais appris quoi que ce soit sur les <strong>m\\u00e9tiers du bois<\\\/strong>; cela se passait donc en 1953.<br \/> Et c\\u2019est en 1958 qu\\u2019il s\\u2019installe \\u00e0 <strong>Tourrettes-sur-Loup<\\\/strong>, en ouvrant un atelier c\\u00f4t\\u00e9 est de la grand\\u2019 rue. L\\u2019hiver, il n\\u2019y avait gu\\u00e8re de passage de touristes, aussi prenait-il un morceau de tronc sur l\\u2019\\u00e9paule et allait travailler au soleil, juste sous le village. Puis il est tomb\\u00e9 malade, en 1960, et, atteint de la\\ntuberculose, a d\\u00fb tout abandonner en partant; mais il a su, gr\\u00e2ce \\u00e0 sa volont\\u00e9, et malgr\\u00e9 son handicap\\n(un poumon en moins), se r\\u00e9installer en 1965, toujours dans la Grand\\u2019rue mais cette fois- ci du c\\u00f4t\\u00e9\\nouest.<\\\/p>\\n\n\n<p>\\n\",\"margin\":\"default\",\"margin_remove_top\":false,\"text_align\":\"justify\"}}]}]}]},{\"type\":\"section\",\"props\":{\"animation_delay\":\"200\",\"height\":\"viewport\",\"height_offset_top\":true,\"height_viewport\":80,\"image\":\"wp-content\\\/uploads\\\/2020\\\/11\\\/le-travail-artisanal-du-bois-dolivier-guillaume-dubosq-atelier.jpg\",\"image_effect\":\"fixed\",\"image_position\":\"top-center\",\"image_size\":\"cover\",\"overlap\":false,\"padding\":\"xlarge\",\"padding_remove_bottom\":true,\"style\":\"default\",\"title_breakpoint\":\"xl\",\"title_position\":\"top-left\",\"title_rotation\":\"left\",\"vertical_align\":\"middle\",\"width\":\"default\"},\"children\":[{\"type\":\"row\",\"children\":[{\"type\":\"column\",\"props\":{\"image_position\":\"center-center\",\"position_sticky_breakpoint\":\"m\",\"vertical_align\":\"middle\"},\"children\":[{\"type\":\"text\",\"props\":{\"animation\":\"parallax\",\"column_breakpoint\":\"m\",\"content\":\"Aujourd\\u2019hui c\\u2019est moi, son fils, qui lui rends hommage en perp\\u00e9tuant ses gestes, tout ce savoir-faire appris au fil des ann\\u00e9es, et qu\\u2019il m\\u2019a transmis.\",\"css\":\".el-element { color : white; font-size: 2.3rem;}\\n\\n\\n\",\"margin\":\"large\",\"margin_remove_bottom\":true,\"parallax_easing\":\"0.4\",\"parallax_end\":\"80vh + 80%\",\"parallax_opacity\":\"0.3,1\",\"parallax_y\":\"4vh,-10\",\"text_align\":\"center\",\"text_style\":\"lead\"}}]}]}]},{\"name\":\"A aujourd'hui\",\"type\":\"section\",\"props\":{\"animation\":\"fade\",\"image\":\"wp-content\\\/uploads\\\/2020\\\/11\\\/olive-bg-bois-dubosq-et-fils-3.svg\",\"image_effect\":\"fixed\",\"image_fixed\":false,\"image_position\":\"top-left\",\"image_size\":\"cover\",\"media_overlay\":\"rgba(255, 255, 255, 0.61)\",\"media_visibility\":\"m\",\"overlap\":false,\"padding\":\"xlarge\",\"style\":\"default\",\"title\":\" la transmission d'un savoir-faire\",\"title_breakpoint\":\"xl\",\"title_position\":\"center-left\",\"title_rotation\":\"left\",\"vertical_align\":\"\",\"width\":\"default\"},\"children\":[{\"type\":\"row\",\"props\":{\"layout\":\"2-3,1-3\",\"margin\":\"small\",\"match\":false,\"vertical_align\":true},\"children\":[{\"type\":\"column\",\"props\":{\"image_position\":\"center-center\",\"position_sticky_breakpoint\":\"m\",\"vertical_align\":\"middle\",\"width_medium\":\"2-3\"},\"children\":[{\"type\":\"image\",\"props\":{\"image\":\"wp-content\\\/uploads\\\/2020\\\/11\\\/le-travail-artisanal-du-bois-dolivier-pieces-uniques-dubosq-et-fils.jpg\",\"image_alt\":\"Guillaume Dubosq d\\u00e9coupant une planchette en bois d'olivier dans son atelier\",\"image_height\":\"540\",\"image_svg_color\":\"emphasis\",\"image_width\":\"960\",\"margin\":\"remove-vertical\"}}]},{\"type\":\"column\",\"props\":{\"image_position\":\"center-center\",\"position_sticky_breakpoint\":\"m\",\"vertical_align\":\"middle\",\"width_medium\":\"1-3\"},\"children\":[{\"type\":\"text\",\"props\":{\"block_align\":\"center\",\"column_breakpoint\":\"m\",\"content\":\"\n\n<p>\\u00c0 son \\u00e9poque, il y avait un <strong>artisan de l\\u2019olivier<\\\/strong> dans <strong>chaque village de la r\\u00e9gion<\\\/strong> , l\\u2019activit\\u00e9 battait son plein. <br \/>Malheureusement, le temps faisant son \\u0153uvre et en l\\u2019absence de repreneur, ces ateliers ont ferm\\u00e9 progressivement. <\\\/p>\\n\\n\n\n<p>\\nC\\u2019est ainsi qu\\u2019aujourd\\u2019hui je suis l\\u2019<strong>un des derniers repr\\u00e9sentants<\\\/strong> de ce savoir-faire en France.<\\\/p>\",\"margin\":\"default\",\"text_align\":\"justify\"}}]}]},{\"type\":\"row\",\"props\":{\"layout\":\"2-3,1-3\",\"margin\":\"small\",\"match\":false,\"vertical_align\":true},\"children\":[{\"type\":\"column\",\"props\":{\"image_position\":\"center-center\",\"position_sticky_breakpoint\":\"m\",\"vertical_align\":\"middle\",\"width_medium\":\"2-3\",\"width_small\":\"1-1\"},\"children\":[{\"type\":\"image\",\"props\":{\"image\":\"wp-content\\\/uploads\\\/2020\\\/11\\\/le-travail-du-bois-dolivier-atelier-de-pere-en-fils-guillaume-dubosq.jpg\",\"image_alt\":\"Guillaume Dubosq dans son atelier du travail du Bois d'Olivier\",\"image_svg_color\":\"emphasis\",\"margin\":\"default\"}}]},{\"type\":\"column\",\"props\":{\"image_position\":\"center-center\",\"order_first\":\"s\",\"position_sticky_breakpoint\":\"m\",\"vertical_align\":\"middle\",\"width_medium\":\"1-3\",\"width_small\":\"1-3\"},\"children\":[{\"type\":\"text\",\"props\":{\"block_align\":\"center\",\"column_breakpoint\":\"m\",\"content\":\"\n\n<p>Aujourd\\u2019hui, l\\u2019herminette a laiss\\u00e9 sa place \\u00e0 la \\u00ab boule r\\u00e2pe \\u00bb et l\\u2019\\u00e9go\\u00efne \\u00e0 la scie \\u00e0 ruban. L\\u2019atelier et la boutique ont chang\\u00e9, mais l\\u2019envie et le go\\u00fbt de fa\\u00e7onner le bois d\\u2019olivier sont toujours l\\u00e0. <\\\/p>\\n\",\"css\":\".el-element { font-size: 20px;}\",\"margin\":\"default\",\"text_align\":\"left\",\"text_style\":\"lead\"}}]}]},{\"type\":\"row\",\"props\":{\"layout\":\"2-3,1-3\",\"margin\":\"small\",\"vertical_align\":true},\"children\":[{\"type\":\"column\",\"props\":{\"image_position\":\"center-center\",\"position_sticky_breakpoint\":\"m\",\"vertical_align\":\"middle\",\"width_medium\":\"2-3\"},\"children\":[{\"type\":\"image\",\"props\":{\"image\":\"wp-content\\\/uploads\\\/2020\\\/11\\\/guillaume-dubosq-atelier-travail-artisanal-bois-dolivier.jpg\",\"image_alt\":\"Guillaume Dubosq dans son atelier - Le travail artisanal du Bois d'olivier\",\"image_height\":\"540\",\"image_svg_color\":\"emphasis\",\"image_width\":\"960\",\"margin\":\"remove-vertical\"}}]},{\"type\":\"column\",\"props\":{\"image_position\":\"center-center\",\"position_sticky_breakpoint\":\"m\",\"vertical_align\":\"middle\",\"width_medium\":\"1-3\"},\"children\":[{\"type\":\"text\",\"props\":{\"block_align\":\"center\",\"column_breakpoint\":\"m\",\"content\":\"    \\n\n\n<p>J\\u2019ai repris le flambeau, apr\\u00e8s avoir pass\\u00e9 mon enfance \\u00e0 \\u00abbricoler\\u00bb des petites voitures et des \\u00e9p\\u00e9es dans l\\u2019atelier, aux c\\u00f4t\\u00e9s de mon p\\u00e8re. C\\u2019est comme \\u00e7a, tout naturellement, que l\\u2019amour de l\\u2019<strong>olivier<\\\/strong> s\\u2019est impos\\u00e9 \\u00e0 moi et que j\\u2019ai d\\u00e9cid\\u00e9 d\\u2019en faire <strong>mon m\\u00e9tier<\\\/strong>.<\\\/p>\\n\\n\n\n<p>J\\u2019ai pass\\u00e9 quatre ann\\u00e9es dans un lyc\\u00e9e professionnel, jusqu'\\u00e0 obtenir un <strong>bac professionnel d\\u2019\\u00e9b\\u00e9niste d\\u2019art<\\\/strong>, puis la <strong>connaissance du bois d\\u2019olivier<\\\/strong> m\\u2019a occup\\u00e9 pleinement, car ce bois l\\u00e0 ne <strong>ressemble \\u00e0 aucun autre<\\\/strong>, et son travail n\\u2019est pas enseign\\u00e9 dans les \\u00e9coles.<\\\/p>\\n\",\"margin\":\"default\",\"text_align\":\"justify\"}}]}]}]},{\"type\":\"section\",\"props\":{\"image_position\":\"center-center\",\"style\":\"muted\",\"title_breakpoint\":\"xl\",\"title_position\":\"top-left\",\"title_rotation\":\"left\",\"vertical_align\":\"\",\"width\":\"default\"},\"children\":[{\"type\":\"row\",\"props\":{\"column_gap\":\"collapse\",\"divider\":true,\"layout\":\"1-3,2-3\",\"margin\":\"xlarge\",\"margin_remove_bottom\":false},\"children\":[{\"type\":\"column\",\"props\":{\"image_position\":\"center-center\",\"position_sticky_breakpoint\":\"m\",\"width_medium\":\"1-3\"},\"children\":[{\"type\":\"image\",\"props\":{\"animation\":\"slide-top-medium\",\"block_align\":\"center\",\"image\":\"wp-content\\\/uploads\\\/2020\\\/11\\\/icone-arbre-le-travail-du-bois-dolivier.svg\",\"image_alt\":\"icone arbre\",\"image_svg_color\":\"primary\",\"image_svg_inline\":false,\"image_width\":\"80\",\"margin\":\"default\",\"margin_remove_bottom\":true,\"margin_remove_top\":true,\"maxwidth\":\"large\",\"text_align\":\"left\"}},{\"type\":\"headline\",\"props\":{\"content\":\"<span class=\\\"uk-text-lead\\\">Petite liste des artisans du bois d\\u2019olivier \\u00e0 travers le temps. Aujourd\\u2019hui seulement quelques-uns sont encore en activit\\u00e9.<\\\/span>\",\"css\":\".uk-text-lead { font-size: 17px;}\",\"margin_remove_top\":true,\"title_element\":\"div\",\"title_font_family\":\"primary\",\"title_style\":\"h3\"}}]},{\"type\":\"column\",\"props\":{\"image_position\":\"center-center\",\"position_sticky_breakpoint\":\"m\",\"width_medium\":\"2-3\"},\"children\":[{\"type\":\"list\",\"props\":{\"column\":\"1-2\",\"column_breakpoint\":\"m\",\"image_align\":\"left\",\"image_svg_color\":\"emphasis\",\"image_vertical_align\":true,\"list_element\":\"ul\",\"list_horizontal_separator\":\", \",\"list_marker\":\"disc\",\"list_marker_color\":\"primary\",\"list_size\":\"collapse\",\"list_type\":\"vertical\",\"show_image\":true,\"show_link\":true},\"children\":[{\"type\":\"list_item\",\"props\":{\"content\":\"\\u00c0 Vence: Successivement Mr Cancceda, puis Belleudy, Zancanaro, Piras et Paingris\"}},{\"type\":\"list_item\",\"props\":{\"content\":\"\\u00c0 Nice : Mr Muller et Torino.\\n\"}},{\"type\":\"list_item\",\"props\":{\"content\":\"\\u00c0 Drap : Mr Morini.\\n\"}},{\"type\":\"list_item\",\"props\":{\"content\":\"\\u00c0 Sospel : Mr Pirus et Gasperini.\\n\"}},{\"type\":\"list_item\",\"props\":{\"content\":\"\\u00c0 Saorge : Mr Franca.\\n\"}},{\"type\":\"list_item\",\"props\":{\"content\":\"\\u00c0 Breil\\\/ roya: Mr Rech et Cottarlorda.\\n\"}},{\"type\":\"list_item\",\"props\":{\"content\":\"\\u00c0 Vallauris : Mr Lacroix, Bains, Leonelli, L\\u00e9ger, Simondi, Chiocchi, Grego, S\\u00e9bastian.\\n\"}},{\"type\":\"list_item\",\"props\":{\"content\":\"\\u00c0 St Paul : Mr Bain, Lucien, et Morisset.\\n\"}},{\"type\":\"list_item\",\"props\":{\"content\":\"\\u00c0 Cagnes\\\/Mer : Mr Lange.\\n\"}},{\"type\":\"list_item\",\"props\":{\"content\":\"\\u00c0 Gilette : Mr Niogret.\\n\"}},{\"type\":\"list_item\",\"props\":{\"content\":\"\\u00c0 Levens : Mr Hughes.\\n\"}},{\"type\":\"list_item\",\"props\":{\"content\":\"\\u00c0 La Gaude : Mr Siri.\\n\"}},{\"type\":\"list_item\",\"props\":{\"content\":\"\\u00c0 Fayence : Mr Ragot.\\n\"}},{\"type\":\"list_item\",\"props\":{\"content\":\"\\u00c0 Biot : Mr Locqueneux et Zilvelli.\\n\"}},{\"type\":\"list_item\",\"props\":{\"content\":\"\\u00c0 Roquesteron : Mr Roll p\\u00e8re et fils\\n\"}},{\"type\":\"list_item\",\"props\":{\"content\":\"\\u00c0 Valbonne : Mr Boselli et fils.\\n\\n\"}},{\"type\":\"list_item\",\"props\":{\"content\":\"\\u00c0 Villeneuve : Lange et Gena (meubles).\\n\\n\\n\"}},{\"type\":\"list_item\",\"props\":{\"content\":\"\\u00c0 Auribeau \\\/ Siagne : Mr Roggero.\\n\\n\\n\\n\"}},{\"type\":\"list_item\",\"props\":{\"content\":\"\\u00c0 Aix en provence : Mr Berne (meubles)\\n\\n\\n\\n\\n\"}}]}]}]}]},{\"type\":\"section\",\"props\":{\"image_position\":\"center-center\",\"style\":\"default\",\"title_breakpoint\":\"xl\",\"title_position\":\"top-left\",\"title_rotation\":\"left\",\"vertical_align\":\"\",\"width\":\"default\"},\"children\":[{\"type\":\"row\",\"props\":{\"margin\":\"large\"},\"children\":[{\"type\":\"column\",\"props\":{\"image_position\":\"center-center\",\"position_sticky_breakpoint\":\"m\",\"width_medium\":\"1-1\"},\"children\":[{\"type\":\"image\",\"props\":{\"animation\":\"slide-top-medium\",\"image\":\"wp-content\\\/uploads\\\/2020\\\/11\\\/icone-arbre-le-travail-du-bois-dolivier.svg\",\"image_svg_color\":\"primary\",\"image_svg_inline\":true,\"image_width\":\"70\",\"margin\":\"default\",\"margin_remove_bottom\":true,\"margin_remove_top\":true,\"text_align\":\"center\"}},{\"type\":\"headline\",\"props\":{\"animation\":\"slide-bottom-small\",\"content\":\"\\n<span class=\\\"uk-text-meta\\\">Ils m'ont fait confiance<\\\/span>\",\"css\":\"\\n.uk-text-meta { color: #292c3d; font-size: 23px;}\",\"margin_remove_bottom\":true,\"margin_remove_top\":true,\"text_align\":\"center\",\"title_element\":\"h2\",\"title_font_family\":\"secondary\",\"title_style\":\"h2\"}},{\"type\":\"button\",\"props\":{\"button_size\":\"large\",\"grid_column_gap\":\"small\",\"grid_row_gap\":\"small\",\"margin\":\"default\",\"margin_remove_top\":true,\"text_align\":\"center\"},\"children\":[{\"type\":\"button_item\",\"props\":{\"button_style\":\"text\",\"content\":\"partenaires & clients\",\"icon\":\"\",\"icon_align\":\"right\",\"link\":\"\\\/le-travail-du-bois-dolivier-partenaires-et-clients\"}}]},{\"type\":\"divider\",\"props\":{\"animation\":\"slide-bottom-medium\",\"divider_element\":\"hr\",\"divider_style\":\"vertical\"}},{\"type\":\"overlay-slider\",\"props\":{\"image_width\":\"210\",\"link_style\":\"default\",\"link_text\":\"Read more\",\"margin\":\"medium\",\"meta_align\":\"below-title\",\"meta_element\":\"div\",\"meta_style\":\"text-meta\",\"nav\":\"\",\"nav_align\":\"center\",\"nav_breakpoint\":\"s\",\"overlay_mode\":\"cover\",\"overlay_position\":\"center\",\"overlay_transition\":\"fade\",\"show_content\":true,\"show_hover_image\":true,\"show_hover_video\":true,\"show_link\":true,\"show_meta\":true,\"show_title\":true,\"slidenav\":\"default\",\"slidenav_breakpoint\":\"\",\"slidenav_color\":\"dark\",\"slidenav_margin\":\"small\",\"slidenav_outside_breakpoint\":\"m\",\"slidenav_outside_color\":\"dark\",\"slider_autoplay\":true,\"slider_autoplay_interval\":\"3\",\"slider_autoplay_pause\":true,\"slider_finite\":false,\"slider_gap\":\"default\",\"slider_width\":\"fixed\",\"slider_width_default\":\"1-3\",\"slider_width_medium\":\"1-5\",\"text_align\":\"center\",\"title_element\":\"h3\",\"title_hover_style\":\"reset\"},\"children\":[{\"type\":\"overlay-slider_item\",\"props\":{\"image\":\"wp-content\\\/uploads\\\/2020\\\/11\\\/le-negresco-logo.jpg\",\"image_alt\":\"Le Negresco Nice - Logo\"}},{\"type\":\"overlay-slider_item\",\"props\":{\"image\":\"wp-content\\\/uploads\\\/2020\\\/11\\\/hotel-de-paris-monte-carlo-logo.jpg\",\"image_alt\":\"H\\u00f4tel de Paris Monte-carlo - Logo\"}},{\"type\":\"overlay-slider_item\",\"props\":{\"image\":\"wp-content\\\/uploads\\\/2020\\\/11\\\/paul-bocuse-logo.jpg\",\"image_alt\":\"Paul Bocuse - Logo\"}},{\"type\":\"overlay-slider_item\",\"props\":{\"image\":\"wp-content\\\/uploads\\\/2020\\\/11\\\/hotel-metropole-monte-carlo.jpg\",\"image_alt\":\"Hotel Metropole - Logo\"}},{\"type\":\"overlay-slider_item\",\"props\":{\"image\":\"wp-content\\\/uploads\\\/2020\\\/11\\\/byblos-st-tropez-logo.jpg\",\"image_alt\":\"Byblos - Logo\"}},{\"type\":\"overlay-slider_item\",\"props\":{\"image\":\"wp-content\\\/uploads\\\/2020\\\/11\\\/alain-ducasse-hotel-de-paris.jpg\",\"image_alt\":\"Le Louis XV Alain Ducasse - Logo\"}},{\"type\":\"overlay-slider_item\",\"props\":{\"image\":\"wp-content\\\/uploads\\\/2020\\\/11\\\/lily-of-the-valley-luxury-hotel-logo.jpg\",\"image_alt\":\"Lily of The Valley Hotel - Logo\"}},{\"type\":\"overlay-slider_item\",\"props\":{\"image\":\"wp-content\\\/uploads\\\/2020\\\/11\\\/le-mashou-logo.jpg\",\"image_alt\":\"Le maschou - Logo\"}},{\"type\":\"overlay-slider_item\",\"props\":{\"image\":\"wp-content\\\/uploads\\\/2020\\\/11\\\/airelles-gordes-bastide-logo.jpg\",\"image_alt\":\"Airelles - Logo\"}},{\"type\":\"overlay-slider_item\",\"props\":{\"image\":\"wp-content\\\/uploads\\\/2020\\\/11\\\/grand-hyatt-martinez-cannes-logo.jpg\",\"image_alt\":\"H\\u00f4tel Martinez grand Hyatt - Logo\"}},{\"type\":\"overlay-slider_item\",\"props\":{\"image\":\"wp-content\\\/uploads\\\/2021\\\/01\\\/loasis-mandelieu.jpg\",\"image_alt\":\"Resaturant l oasis mandelieu - Logo\"}}],\"modified\":\"2021-01-18T09:51:18.406Z\",\"name\":\"slider logo partenaire alts ok\"}]}]}]},{\"type\":\"section\",\"props\":{\"header_transparent\":true,\"header_transparent_text_color\":\"light\",\"image_effect\":\"fixed\",\"image_position\":\"center-center\",\"image_size\":\"cover\",\"overlap\":false,\"padding\":\"none\",\"padding_remove_bottom\":false,\"padding_remove_horizontal\":false,\"padding_remove_top\":false,\"preserve_color\":false,\"status\":\"disabled\",\"style\":\"secondary\",\"title_breakpoint\":\"xl\",\"title_position\":\"top-left\",\"title_rotation\":\"left\",\"vertical_align\":\"\",\"width\":\"\",\"width_expand\":\"right\"},\"children\":[{\"type\":\"row\",\"props\":{\"column_gap\":\"small\",\"layout\":\"1-3,2-3\",\"match\":false,\"row_gap\":\"collapse\"},\"children\":[{\"type\":\"column\",\"props\":{\"image_position\":\"center-center\",\"padding\":\"xsmall\",\"position_sticky_breakpoint\":\"m\",\"style\":\"tile-secondary\",\"vertical_align\":\"middle\",\"width_medium\":\"1-3\"},\"children\":[{\"type\":\"image\",\"props\":{\"animation\":\"slide-top-medium\",\"block_align\":\"center\",\"block_align_breakpoint\":\"m\",\"block_align_fallback\":\"center\",\"image\":\"wp-content\\\/uploads\\\/2020\\\/11\\\/icone-arbre-le-travail-du-bois-dolivier.svg\",\"image_svg_color\":\"primary\",\"image_svg_inline\":true,\"image_width\":\"80\",\"margin\":\"default\",\"margin_remove_bottom\":true,\"margin_remove_top\":true,\"maxwidth\":\"large\",\"maxwidth_breakpoint\":\"m\",\"text_align\":\"left\",\"text_align_breakpoint\":\"m\",\"text_align_fallback\":\"center\"}},{\"type\":\"headline\",\"props\":{\"animation\":\"slide-bottom-small\",\"block_align\":\"center\",\"content\":\"On en parle\",\"margin\":\"small\",\"margin_remove_bottom\":true,\"margin_remove_top\":false,\"maxwidth\":\"large\",\"maxwidth_breakpoint\":\"m\",\"text_align\":\"left\",\"text_align_breakpoint\":\"m\",\"text_align_fallback\":\"center\",\"title_color\":\"primary\",\"title_element\":\"h1\",\"title_font_family\":\"secondary\",\"title_style\":\"h4\"}},{\"type\":\"headline\",\"props\":{\"animation\":\"slide-bottom-small\",\"block_align\":\"center\",\"block_align_breakpoint\":\"m\",\"block_align_fallback\":\"center\",\"content\":\"\\n<span class=\\\"uk-text-meta\\\">La Maison France5, Les 100 Lieux qu'il faut voir, Parcours de Vie, JT France 2...<\\\/span><br \/>\\n\",\"css\":\"\\n.uk-text-meta { color: white; font-size: 21px;}\",\"margin_remove_top\":true,\"maxwidth\":\"large\",\"text_align\":\"left\",\"text_align_breakpoint\":\"m\",\"text_align_fallback\":\"center\",\"title_element\":\"div\",\"title_font_family\":\"secondary\",\"title_style\":\"h4\"}},{\"type\":\"button\",\"props\":{\"block_align\":\"center\",\"grid_column_gap\":\"small\",\"grid_row_gap\":\"small\",\"margin\":\"default\",\"maxwidth\":\"large\",\"text_align\":\"left\",\"text_align_breakpoint\":\"m\",\"text_align_fallback\":\"center\"},\"children\":[{\"type\":\"button_item\",\"props\":{\"button_style\":\"text\",\"content\":\"Tous les passages t\\u00e9l\\u00e9vis\\u00e9s & parutions presse\",\"icon_align\":\"left\",\"link\":\"\\\/on-en-parle\\\/\"}}]}]},{\"type\":\"column\",\"props\":{\"image_position\":\"center-center\",\"position_sticky_breakpoint\":\"m\",\"vertical_align\":\"middle\",\"width_medium\":\"2-3\"},\"children\":[{\"type\":\"image\",\"props\":{\"image\":\"wp-content\\\/uploads\\\/2020\\\/12\\\/le-travail-du-bois-d-olivier-la-maison-france-5-2020.jpg\",\"image_alt\":\"Aper\\u00e7u video Le Travail du Bois d'Olivier \\u00e0 La Maison france 5\",\"image_svg_color\":\"emphasis\",\"link\":\"https:\\\/\\\/www.youtube.com\\\/watch?v=ZQOaj3feiRo&t=356s?autoplay=1\",\"link_target\":\"modal\",\"margin\":\"default\",\"text_align\":\"right\"}}]}]}],\"name\":\"On en parle - Vid\\u00e9os\"}],\"version\":\"4.4.4\"} --><\/p>\n","protected":false},"excerpt":{"rendered":"<p>Notre histoire Une entreprise de p\u00e8re en fils De la naissance d&rsquo;une passion&#8230; C\u2019est en 1952 que mon p\u00e8re d\u00e9couvre le travail du bois d\u2019olivier. Il sortait de l&rsquo;\u00e9cole de Vence et tous les midis traversait la vieille ville pour aller d\u00e9jeuner chez sa s\u0153ur. Tous les jours, il observait, dans une cave de la [&hellip;]<\/p>\n","protected":false},"author":1,"featured_media":0,"parent":0,"menu_order":0,"comment_status":"closed","ping_status":"closed","template":"","meta":{"footnotes":""},"class_list":["post-3943","page","type-page","status-publish","hentry"],"yoast_head":"<!-- This site is optimized with the Yoast SEO plugin v25.8 - https:\/\/yoast.com\/wordpress\/plugins\/seo\/ -->\n<title>Une entreprise de p\u00e8re en fils - Le Travail du Bois d&#039;Olivier<\/title>\n<meta name=\"robots\" content=\"index, follow, max-snippet:-1, max-image-preview:large, max-video-preview:-1\" \/>\n<link rel=\"canonical\" href=\"https:\/\/boisdolivier.fr\/fr\/pierre-et-guillaume-dubosq\/\" \/>\n<meta property=\"og:locale\" content=\"fr_FR\" \/>\n<meta property=\"og:type\" content=\"article\" \/>\n<meta property=\"og:title\" content=\"Une entreprise de p\u00e8re en fils - Le Travail du Bois d&#039;Olivier\" \/>\n<meta property=\"og:description\" content=\"Notre histoire Une entreprise de p\u00e8re en fils De la naissance d&rsquo;une passion&#8230; C\u2019est en 1952 que mon p\u00e8re d\u00e9couvre le travail du bois d\u2019olivier. Il sortait de l&rsquo;\u00e9cole de Vence et tous les midis traversait la vieille ville pour aller d\u00e9jeuner chez sa s\u0153ur. Tous les jours, il observait, dans une cave de la [&hellip;]\" \/>\n<meta property=\"og:url\" content=\"https:\/\/boisdolivier.fr\/fr\/pierre-et-guillaume-dubosq\/\" \/>\n<meta property=\"og:site_name\" content=\"Le Travail du Bois d&#039;Olivier\" \/>\n<meta property=\"article:modified_time\" content=\"2024-11-25T09:13:53+00:00\" \/>\n<meta name=\"twitter:card\" content=\"summary_large_image\" \/>\n<meta name=\"twitter:label1\" content=\"Dur\u00e9e de lecture estim\u00e9e\" \/>\n\t<meta name=\"twitter:data1\" content=\"3 minutes\" \/>\n<script type=\"application\/ld+json\" class=\"yoast-schema-graph\">{\"@context\":\"https:\/\/schema.org\",\"@graph\":[{\"@type\":\"WebPage\",\"@id\":\"https:\/\/boisdolivier.fr\/fr\/pierre-et-guillaume-dubosq\/\",\"url\":\"https:\/\/boisdolivier.fr\/fr\/pierre-et-guillaume-dubosq\/\",\"name\":\"Une entreprise de p\u00e8re en fils - Le Travail du Bois d&#039;Olivier\",\"isPartOf\":{\"@id\":\"https:\/\/boisdolivier.fr\/de\/#website\"},\"datePublished\":\"2021-10-15T08:46:58+00:00\",\"dateModified\":\"2024-11-25T09:13:53+00:00\",\"breadcrumb\":{\"@id\":\"https:\/\/boisdolivier.fr\/fr\/pierre-et-guillaume-dubosq\/#breadcrumb\"},\"inLanguage\":\"fr-FR\",\"potentialAction\":[{\"@type\":\"ReadAction\",\"target\":[\"https:\/\/boisdolivier.fr\/fr\/pierre-et-guillaume-dubosq\/\"]}]},{\"@type\":\"BreadcrumbList\",\"@id\":\"https:\/\/boisdolivier.fr\/fr\/pierre-et-guillaume-dubosq\/#breadcrumb\",\"itemListElement\":[{\"@type\":\"ListItem\",\"position\":1,\"name\":\"Accueil\",\"item\":\"https:\/\/boisdolivier.fr\/fr\/\"},{\"@type\":\"ListItem\",\"position\":2,\"name\":\"Une entreprise de p\u00e8re en fils\"}]},{\"@type\":\"WebSite\",\"@id\":\"https:\/\/boisdolivier.fr\/de\/#website\",\"url\":\"https:\/\/boisdolivier.fr\/de\/\",\"name\":\"Le Travail du Bois d&#039;Olivier\",\"description\":\"Le travail artisanal du bois d&#039;olivier - Dubosq &amp; Fils\",\"potentialAction\":[{\"@type\":\"SearchAction\",\"target\":{\"@type\":\"EntryPoint\",\"urlTemplate\":\"https:\/\/boisdolivier.fr\/de\/?s={search_term_string}\"},\"query-input\":{\"@type\":\"PropertyValueSpecification\",\"valueRequired\":true,\"valueName\":\"search_term_string\"}}],\"inLanguage\":\"fr-FR\"}]}<\/script>\n<!-- \/ Yoast SEO plugin. -->","yoast_head_json":{"title":"Une entreprise de p\u00e8re en fils - Le Travail du Bois d&#039;Olivier","robots":{"index":"index","follow":"follow","max-snippet":"max-snippet:-1","max-image-preview":"max-image-preview:large","max-video-preview":"max-video-preview:-1"},"canonical":"https:\/\/boisdolivier.fr\/fr\/pierre-et-guillaume-dubosq\/","og_locale":"fr_FR","og_type":"article","og_title":"Une entreprise de p\u00e8re en fils - Le Travail du Bois d&#039;Olivier","og_description":"Notre histoire Une entreprise de p\u00e8re en fils De la naissance d&rsquo;une passion&#8230; C\u2019est en 1952 que mon p\u00e8re d\u00e9couvre le travail du bois d\u2019olivier. Il sortait de l&rsquo;\u00e9cole de Vence et tous les midis traversait la vieille ville pour aller d\u00e9jeuner chez sa s\u0153ur. Tous les jours, il observait, dans une cave de la [&hellip;]","og_url":"https:\/\/boisdolivier.fr\/fr\/pierre-et-guillaume-dubosq\/","og_site_name":"Le Travail du Bois d&#039;Olivier","article_modified_time":"2024-11-25T09:13:53+00:00","twitter_card":"summary_large_image","twitter_misc":{"Dur\u00e9e de lecture estim\u00e9e":"3 minutes"},"schema":{"@context":"https:\/\/schema.org","@graph":[{"@type":"WebPage","@id":"https:\/\/boisdolivier.fr\/fr\/pierre-et-guillaume-dubosq\/","url":"https:\/\/boisdolivier.fr\/fr\/pierre-et-guillaume-dubosq\/","name":"Une entreprise de p\u00e8re en fils - Le Travail du Bois d&#039;Olivier","isPartOf":{"@id":"https:\/\/boisdolivier.fr\/de\/#website"},"datePublished":"2021-10-15T08:46:58+00:00","dateModified":"2024-11-25T09:13:53+00:00","breadcrumb":{"@id":"https:\/\/boisdolivier.fr\/fr\/pierre-et-guillaume-dubosq\/#breadcrumb"},"inLanguage":"fr-FR","potentialAction":[{"@type":"ReadAction","target":["https:\/\/boisdolivier.fr\/fr\/pierre-et-guillaume-dubosq\/"]}]},{"@type":"BreadcrumbList","@id":"https:\/\/boisdolivier.fr\/fr\/pierre-et-guillaume-dubosq\/#breadcrumb","itemListElement":[{"@type":"ListItem","position":1,"name":"Accueil","item":"https:\/\/boisdolivier.fr\/fr\/"},{"@type":"ListItem","position":2,"name":"Une entreprise de p\u00e8re en fils"}]},{"@type":"WebSite","@id":"https:\/\/boisdolivier.fr\/de\/#website","url":"https:\/\/boisdolivier.fr\/de\/","name":"Le Travail du Bois d&#039;Olivier","description":"Le travail artisanal du bois d&#039;olivier - Dubosq &amp; Fils","potentialAction":[{"@type":"SearchAction","target":{"@type":"EntryPoint","urlTemplate":"https:\/\/boisdolivier.fr\/de\/?s={search_term_string}"},"query-input":{"@type":"PropertyValueSpecification","valueRequired":true,"valueName":"search_term_string"}}],"inLanguage":"fr-FR"}]}},"_links":{"self":[{"href":"https:\/\/boisdolivier.fr\/fr\/wp-json\/wp\/v2\/pages\/3943","targetHints":{"allow":["GET"]}}],"collection":[{"href":"https:\/\/boisdolivier.fr\/fr\/wp-json\/wp\/v2\/pages"}],"about":[{"href":"https:\/\/boisdolivier.fr\/fr\/wp-json\/wp\/v2\/types\/page"}],"author":[{"embeddable":true,"href":"https:\/\/boisdolivier.fr\/fr\/wp-json\/wp\/v2\/users\/1"}],"replies":[{"embeddable":true,"href":"https:\/\/boisdolivier.fr\/fr\/wp-json\/wp\/v2\/comments?post=3943"}],"version-history":[{"count":7,"href":"https:\/\/boisdolivier.fr\/fr\/wp-json\/wp\/v2\/pages\/3943\/revisions"}],"predecessor-version":[{"id":4332,"href":"https:\/\/boisdolivier.fr\/fr\/wp-json\/wp\/v2\/pages\/3943\/revisions\/4332"}],"wp:attachment":[{"href":"https:\/\/boisdolivier.fr\/fr\/wp-json\/wp\/v2\/media?parent=3943"}],"curies":[{"name":"wp","href":"https:\/\/api.w.org\/{rel}","templated":true}]}}