{"id":3198,"date":"2021-03-31T13:26:56","date_gmt":"2021-03-31T11:26:56","guid":{"rendered":"https:\/\/boisdolivier.fr\/?page_id=3198"},"modified":"2025-03-12T10:10:50","modified_gmt":"2025-03-12T09:10:50","slug":"saladiers-produits-artisanaux-bois-olivier","status":"publish","type":"page","link":"https:\/\/boisdolivier.fr\/fr\/saladiers-produits-artisanaux-bois-olivier\/","title":{"rendered":"Nos produits"},"content":{"rendered":"<p><img decoding=\"async\" src=\"\/wp-content\/uploads\/2020\/11\/icone-arbre-le-travail-du-bois-dolivier-blc.svg\" alt=\"Icone olivier - Le travail du Bois d'olivier\"><\/p>\n<h1>Mes produits<br \/>\n<span class=\"uk-text-lead\">Des pi\u00e8ces uniques pour la table et la d\u00e9coration<\/span><\/h1>\n<hr>\n<div><span uk-icon=\"icon: info; ratio: 1\"><\/span> Je ne propose pas de vente en ligne ou par correspondance,<br \/> mes produits sont exclusivement disponibles dans ma boutique de Tourrettes-sur-Loup.<\/div>\n<p><p>\n        <a href=\"https:\/\/goo.gl\/maps\/FzBg5Q28dykMsBEb9\">Trouver la boutique via Google Map<\/a>\n    <\/p>\n<\/p>\n<hr>\n<ul>\n<li>\n<p>        <img decoding=\"async\" src=\"\/wp-content\/uploads\/2021\/01\/saladier-artisanal-bois-dolivier-dubosq-et-fils-le-travail-du-bois-dolivier.jpg\" alt=\"Saladier irregulier artisanal - Le travail Artisanal du Bois d'Olivier \"><\/p>\n<h2>Saladier irr\u00e9gulier<\/h2>\n<\/li>\n<li>\n<p>        <img decoding=\"async\" src=\"\/wp-content\/uploads\/2021\/01\/coupes-artisanales-bois-dolivier-dubosq-et-fils.jpg\" alt=\"Coupes \u00e0 fruit basses en bois d'olivier - Le travail Artisanal du Bois d'Olivier \"><\/p>\n<h2>Coupes \u00e0 fruits basses<\/h2>\n<\/li>\n<li>\n<p>        <img decoding=\"async\" src=\"\/wp-content\/uploads\/2021\/01\/plateau-tournant-bois-dolivier-dubosq-et-fils-travail-artisanal.jpg\" alt=\"Plateau tournant - Le travail Artisanal du Bois d'Olivier \"><\/p>\n<h2>Plateau tournant <\/h2>\n<p>sur roulement \u00e0 billes<\/p>\n<\/li>\n<li>\n<p>        <img decoding=\"async\" src=\"\/wp-content\/uploads\/2021\/01\/saladier-couverts-artisanal-bois-dolivier-fait-main-dubosq-et-fils.jpg\" alt=\"Saladiers &#038; Couverts en bois d'olivier - Le travail Artisanal du Bois d'Olivier \"><\/p>\n<h2>Saladiers &#038; Couverts<\/h2>\n<\/li>\n<li>\n<p>        <img decoding=\"async\" src=\"\/wp-content\/uploads\/2021\/01\/grande-planche-en-bois-dolivier-travail-artisanal-dubosq-et-fils.jpg\" alt=\"Planche rectangulaire - Le travail Artisanal du Bois d'Olivier \"><\/p>\n<h2>Grande planche rectangulaire<\/h2>\n<\/li>\n<li>\n<p>        <img decoding=\"async\" src=\"\/wp-content\/uploads\/2020\/11\/vase-bois-fait-main-plat-travail-artisanal-du-bois-dolivier-dubosq-et-fils.jpg\" alt=\"Vase - Le travail Artisanal du Bois d'Olivier \"><\/p>\n<h2>Vase <\/h2>\n<\/li>\n<li>\n<p>        <img decoding=\"async\" src=\"\/wp-content\/uploads\/2021\/01\/saladier-fait-main-artisanal-en-bois-dolivier-fait-main-dubosq-et-fils.jpg\" alt=\"Saladier &#038; couverts en bois d'olivier - Le travail Artisanal du Bois d'Olivier \"><\/p>\n<h2>Saladier &#038; couverts<\/h2>\n<\/li>\n<li>\n<p>        <img decoding=\"async\" src=\"\/wp-content\/uploads\/2021\/01\/plateau-afromage-en-bois-dolivier-dubosq-et-fils.jpg\" alt=\"Plateau \u00e0 fromage - Le travail Artisanal du Bois d'Olivier \"><\/p>\n<h2>Plateau \u00e0 fromage<\/h2>\n<p>avec poign\u00e9e d\u00e9montable filetage inox<\/p>\n<\/li>\n<li>\n<p>        <img decoding=\"async\" src=\"\/wp-content\/uploads\/2021\/01\/planche-a-viande-le-travail-artisanal-du-bois-dolivier.jpg\" alt=\"Planche \u00e0 viande - Le travail Artisanal du Bois d'Olivier \"><\/p>\n<h2>Planche \u00e0 viande irr\u00e9guli\u00e8re<\/h2>\n<p>Chaque pi\u00e8ce est unique en fonction du bois brut.<\/p>\n<\/li>\n<li>\n<p>        <img decoding=\"async\" src=\"\/wp-content\/uploads\/2021\/01\/bols-ronds-le-travail-artisanal-du-bois-dolivier.jpg\" alt=\"Bols rond - Le travail Artisanal du Bois d'Olivier \"><\/p>\n<h2>Bols ronds<\/h2>\n<p>9cm \/ 12 cm \/ 14 cm \/ 16 cm<\/p>\n<\/li>\n<li>\n<p>        <img decoding=\"async\" src=\"\/wp-content\/uploads\/2021\/01\/coupe-a-fruit-a-anses-le-travail-artisanal-du-bois-dolivier.jpg\" alt=\"Coupe \u00e0 fruit \u00e0 anses en bois d'olivier - Le travail Artisanal du Bois d'Olivier \"><\/p>\n<h2>Coupe \u00e0 fruits \u00e0 anses<\/h2>\n<\/li>\n<li>\n<p>        <img decoding=\"async\" src=\"\/wp-content\/uploads\/2021\/01\/dessous-de-plat-le-travail-artisanal-du-bois-dolivier.jpg\" alt=\"Dessous de plat \u00e0 lattes - Le travail Artisanal du Bois d'Olivier \"><\/p>\n<h2>Dessous de plat \u00e0 lattes<\/h2>\n<p>Avec 3 ou 5 lattes<\/p>\n<\/li>\n<li>\n<p>        <img decoding=\"async\" src=\"\/wp-content\/uploads\/2021\/01\/plateaux-poignees-massives-le-travail-artisanal-du-bois-dolivier.jpg\" alt=\"Plateaux  - Le travail Artisanal du Bois d'Olivier \"><\/p>\n<h2>Plateaux poign\u00e9es massives<\/h2>\n<\/li>\n<li>\n<p>        <img decoding=\"async\" src=\"\/wp-content\/uploads\/2021\/01\/saladier-couverts-artisanal-en-bois-dolivier-fait-main-dubosq-et-fils.jpg\" alt=\"Saladier  fait main - Le travail Artisanal du Bois d'Olivier \"><\/p>\n<h2>Saladier &#038; couverts<\/h2>\n<\/li>\n<li>\n<p>        <img decoding=\"async\" src=\"\/wp-content\/uploads\/2021\/01\/planches-irregulieres-le-travail-du-bois-dolivier-dubosq-et-fils.jpg\" alt=\"Planche et planchettes irr\u00e9guli\u00e8res - Le travail Artisanal du Bois d'Olivier \"><\/p>\n<h2>Planches irr\u00e9guli\u00e8res<\/h2>\n<\/li>\n<li>\n<p>        <img decoding=\"async\" src=\"\/wp-content\/uploads\/2021\/01\/mortier-avec-pilon-le-travail-artisanal-du-bois-dolivier.jpg\" alt=\"Mortiers avec pilon - Le travail Artisanal du Bois d'Olivier \"><\/p>\n<h2>Mortiers avec pilon<\/h2>\n<\/li>\n<li>\n<p>        <img decoding=\"async\" src=\"\/wp-content\/uploads\/2021\/01\/moulin-a-epices-le-travail-artisanal-bois-dolivier.jpg\" alt=\"Moulin \u00e0 \u00e9pices - Le travail Artisanal du Bois d'Olivier \"><\/p>\n<h2>Moulin \u00e0 \u00e9pices<\/h2>\n<\/li>\n<li>\n<p>        <img decoding=\"async\" src=\"\/wp-content\/uploads\/2021\/01\/saladier-irregulier-le-travail-artisanal-du-bois-dolivier.jpg\" alt=\"Saladier &#038; couverts \u00e0 salade - Le travail Artisanal du Bois d'Olivier \"><\/p>\n<h2>Saladier<\/h2>\n<p>&#038; couverts \u00e0 salade<\/p>\n<\/li>\n<li>\n<p>        <img decoding=\"async\" src=\"\/wp-content\/uploads\/2021\/01\/couverts-a-salade-fait-main-le-travail-artisanal-du-bois-dolivier.jpg\" alt=\"Couverts \u00e0 salade  - Le travail Artisanal du Bois d'Olivier \"><\/p>\n<h2>Couverts \u00e0 salade<\/h2>\n<\/li>\n<li>\n<p>        <img decoding=\"async\" src=\"\/wp-content\/uploads\/2021\/01\/saladier-couverts-a-salade-le-travail-artisanal-bois-dolivier.jpg\" alt=\"Saladier irr\u00e9gulier - Le travail Artisanal du Bois d'Olivier \"><\/p>\n<h2>Saladier g\u00e9om\u00e9trique &#038; couverts<\/h2>\n<\/li>\n<li>\n<p>        <img decoding=\"async\" src=\"\/wp-content\/uploads\/2021\/01\/couverts-moutarde-sucre-olive-le-travail-artisanal-du-bois-dolivier.jpg\" alt=\"Cuill\u00e8res \u00e0 moutard, \u00e0 sucre et \u00e0 olive  - Le travail Artisanal du Bois d'Olivier \"><\/p>\n<h2>Cuill\u00e8res diverses<\/h2>\n<p>\u00c0 moutarde \/ \u00e0 sucre \/ \u00e0 olive<\/p>\n<\/li>\n<li>\n<p>        <img decoding=\"async\" src=\"\/wp-content\/uploads\/2021\/01\/planche-bois-olivier-travail-artisanal-dubosq-et-fils.jpg\" alt=\"Planche rectangulaire - Le travail Artisanal du Bois d'Olivier \"><\/p>\n<h2>Petite planche rectangulaire<\/h2>\n<p>Chaque pi\u00e8ce est identique car fabriqu\u00e9e selon gabarit.<\/p>\n<\/li>\n<li>\n<p>        <img decoding=\"async\" src=\"\/wp-content\/uploads\/2021\/01\/couverts-a-salade-le-travail-artisanal-du-bois-dolivier.jpg\" alt=\"Couverts \u00e0 salade  - Le travail Artisanal du Bois d'Olivier \"><\/p>\n<h2>Couverts \u00e0 salade<\/h2>\n<p>\u00ab\u00a0Aiguille galb\u00e9e\u00a0\u00bb<\/p>\n<\/li>\n<li>\n<p>        <img decoding=\"async\" src=\"\/wp-content\/uploads\/2021\/01\/cuilleres-mouvettes-le-travail-artisanal-du-bois-dolivier.jpg\" alt=\"Cuill\u00e8res mouvettes  - Le travail Artisanal du Bois d'Olivier \"><\/p>\n<h2>Cuill\u00e8res mouvettes<\/h2>\n<p>Disponibles en 3 tailles<\/p>\n<\/li>\n<li>\n<p>        <img decoding=\"async\" src=\"\/wp-content\/uploads\/2021\/01\/saladier-fait-main-le-travail-artisanal-du-bois-dolivier.jpg\" alt=\"Saladier irr\u00e9gulier - Le travail Artisanal du Bois d'Olivier \"><\/p>\n<h2>Saladier irr\u00e9gulier<\/h2>\n<\/li>\n<li>\n<p>        <img decoding=\"async\" src=\"\/wp-content\/uploads\/2021\/01\/ustensils-divers-le-travail-artisanal-du-bois-dolivier.jpg\" alt=\"Ustensiles divers  - Le travail Artisanal du Bois d'Olivier \"><\/p>\n<h2>Ustensiles divers<\/h2>\n<p>Spatule raclette, cuillere \u00e0 miel, presse agrumes, tartineur, pince \u00e0 toast<\/p>\n<\/li>\n<li>\n<p>        <img decoding=\"async\" src=\"\/wp-content\/uploads\/2021\/01\/beurrier-avec-couteau-a-beurre-le-travail-artisanal-du-bois-dolivier.jpg\" alt=\"Dessous de plat \u00e0 lattes - Le travail Artisanal du Bois d'Olivier \"><\/p>\n<h2>Beurrier &#038; couteau \u00e0 beurre<\/h2>\n<p>Lame inox et quatres petits pieds<\/p>\n<\/li>\n<li>\n<p>        <img decoding=\"async\" src=\"\/wp-content\/uploads\/2021\/01\/bol-rond-et-cuillere-a-miel-le-travail-artisanal-du-bois-dolivier.jpg\" alt=\"Dessous de plat \u00e0 lattes - Le travail Artisanal du Bois d'Olivier \"><\/p>\n<h2>Bol rond<\/h2>\n<p>Avec cuill\u00e8re \u00e0 miel (suggestion de presentation)<\/p>\n<\/li>\n<\/ul>\n<hr>\n<h3>Partenaire :<\/h3>\n<div>N\u00e9goce de plateaux en bois d&rsquo;olivier <\/div>\n<p><p>\n        <a href=\"https:\/\/www.plateau-bois-olivier.fr\/\">site web<\/a>\n    <\/p>\n<\/p>\n<p><a href=\"https:\/\/plateau-bois-olivier.fr\/\"><img decoding=\"async\" src=\"\/wp-content\/uploads\/2023\/05\/logo_partenaire-negoce-plateaux-bois-d-olivier.png\" alt=\"\"><\/a><\/p>\n<hr>\n<p><img decoding=\"async\" src=\"\/wp-content\/uploads\/2020\/11\/icone-arbre-le-travail-du-bois-dolivier-blc.svg\" alt=\"icone arbre\"><\/p>\n<h3>Les \u00ab\u00a0Signatures\u00a0\u00bb<\/h3>\n<div>Pi\u00e8ces d&rsquo;exception<\/div>\n<div>Des pi\u00e8ces d&rsquo;exceptions r\u00e9alis\u00e9es, au fil des ann\u00e9es, pour de nombreux restaurants gastronomiques et h\u00f4tels de luxe.<\/div>\n<p><p>\n        <a href=\"\/le-travail-du-bois-dolivier-partenaires-et-clients\/\">Mes partenaires et clients<\/a>\n    <\/p>\n<\/p>\n<ul>\n<li>\n<p>        <img decoding=\"async\" src=\"\/wp-content\/uploads\/2021\/01\/assiette_pour-le-menu-gastronomique-chef-arnaud-donckele-la-vague-dor-1.jpg\" alt=\"Assiette pour le menu gastronomique signature du chef Arnaud Donckele, la vague d'or***\"><\/p>\n<h3>Restaurant la Vague d&rsquo;or ***<\/h3>\n<p> Assiette pour le menu gastronomique signature du chef Arnaud Donckele<\/p>\n<\/li>\n<li>\n<p>        <img decoding=\"async\" src=\"\/wp-content\/uploads\/2021\/01\/arnaud-donckelle-dressage-assiette-bois-dolivier-guillaume-dubosq.jpg\" alt=\"Arnaud Donckelle dressant un plat dans une assiette en bois d'olivier\"><\/p>\n<h3>Restaurant la Vague d&rsquo;or ***<\/h3>\n<p>Arnaud Donckele<\/p>\n<\/li>\n<li>\n<p>        <img decoding=\"async\" src=\"\/wp-content\/uploads\/2021\/01\/guillaume-dubosq-alain-ducasse-dominique-lory-le-louisXI.jpg\" alt=\"Alain Ducasse , Guillaume Dubosq &#038; Dominique Lory tenant les mandolines en bois d'olivier cr\u00e9es pour le Chateau Saint Martin\"><\/p>\n<h3>Le Louis XV*** H\u00f4tel de Paris<\/h3>\n<p>Mandolines pour les chefs \u00e9toil\u00e9s Alain Ducasse &#038; Dominique Lory<\/p>\n<\/li>\n<li>\n<p>        <img decoding=\"async\" src=\"\/wp-content\/uploads\/2021\/01\/recipient-pour-tapenade-et-huile-dolive-chateau-saint-martin-guillaume-dubosq.jpg\" alt=\"R\u00e9cipient pour tapenade et p\u00e2te d\u2019olive en bois d'olivier Dubosq &#038; Fils - - Chateau Saint martin\"><\/p>\n<h3>Ch\u00e2teau Saint Martin*<\/h3>\n<p>R\u00e9cipient pour tapenade et p\u00e2te d\u2019olive <\/p>\n<\/li>\n<\/ul>\n<p><img decoding=\"async\" src=\"\/wp-content\/uploads\/2020\/11\/icone-arbre-le-travail-du-bois-dolivier-blc.svg\" alt=\"icone arbre\"><\/p>\n<h3>Les instruments en bois d&rsquo;olivier<\/h3>\n<div>Le violon &#038; la guitare<\/div>\n<p><p>\n        <a href=\"\/instruments-en-bois-dolivier\/\">En savoir plus<\/a>\n    <\/p>\n<\/p>\n<p><img decoding=\"async\" src=\"\/wp-content\/uploads\/2020\/12\/boutique-le-travail-artisanal-du-bois-dolivier-tourrettes-sur-loup.jpg\" alt=\"Vue de l'interieur de la boutique du Travail du Bois d'olivier \u00e0 Tourrettes-sur-loup\"><br \/>\n<img decoding=\"async\" src=\"\/wp-content\/uploads\/2020\/11\/Le-travail-du-bois-d-olivier-dubosq-et-fils-logo-_stamp.svg\" alt=\"Logo du Travail du Bois d'olivier\"><\/p>\n<h4>Visitez ma boutique <br \/>\ndans le joli village de Tourrettes sur Loup<\/h4>\n<ul>\n<li>\n<h3>Coordonn\u00e9es<\/h3>\n<div>\n<p>4 Grande Rue<br \/>\n06140 Tourrettes sur Loup<br \/>\nFrance<\/p>\n<p>T\u00e9l\u00e9phone : <a class=\"uk-link-text\" href=\"tel:+33624342935\">+(33)6 24 34 29 35<\/a>\n<\/div>\n<\/li>\n<li>\n<h3>Horaires d&rsquo;ouverture<\/h3>\n<div>7 jours sur 7 &#038; toute l&rsquo;ann\u00e9e :<br \/>\n14h &#8211; 17h30<\/div>\n<\/li>\n<\/ul>\n<ul>\n<li>\n<p>\n        <a href=\"https:\/\/goo.gl\/maps\/FzBg5Q28dykMsBEb9\">Ouvrir dans Google Map<\/a>\n    <\/p>\n<\/li>\n<li>\n<p>\n        <a href=\"\/contactez-nous\/\">Contact<\/a>\n    <\/p>\n<\/li>\n<\/ul>\n<ul>\n<li>\n<p>        <img decoding=\"async\" src=\"\/wp-content\/uploads\/2020\/12\/boutique-le-travail-du-bois-dolivier-tourrettes-sur-loup-coupes-a-anses.jpg\" alt=\"Vue de l'interieur de la boutique du Travail du Bois d'olivier \u00e0 Tourrettes-sur-loup\"><\/p>\n<\/li>\n<li>\n<p>        <img decoding=\"async\" src=\"\/wp-content\/uploads\/2020\/12\/saladier-fait-main-le-travail-du-bois-dolivier-tourrettes-sur-loup-coupes-a-anses.jpg\" alt=\"Gros plan sur un saladier - interieur de la boutique du Travail du Bois d'olivier \u00e0 Tourrettes-sur-loup\"><\/p>\n<\/li>\n<li>\n<p>        <img decoding=\"async\" src=\"\/wp-content\/uploads\/2020\/12\/saladier-le-travail-du-bois-dolivier-tourrettes-sur-loup-coupes-a-anses.jpg\" alt=\"Gros plan sur un saladier - interieur de la boutique du Travail du Bois d'olivier \u00e0 Tourrettes-sur-loup\"><\/p>\n<\/li>\n<li>\n<p>        <img decoding=\"async\" src=\"\/wp-content\/uploads\/2020\/12\/boutique-le-travail-du-bois-dolivier-tourrettes-sur-loup-dubosq-et-fils.jpg\" alt=\"interieur de la boutique du Travail du Bois d'olivier \u00e0 Tourrettes-sur-loup\"><\/p>\n<\/li>\n<li>\n<p>        <img decoding=\"async\" src=\"\/wp-content\/uploads\/2021\/01\/boutique-le-travail-artisanal-du-bois-dolivier-tourrettes-sur-loup-vue-interieur-vases-saladiers.jpg\" alt=\"Vases et saladier - interieur de la boutique du Travail du Bois d'olivier \u00e0 Tourrettes-sur-loup\"><\/p>\n<\/li>\n<li>\n<p>        <img decoding=\"async\" src=\"\/wp-content\/uploads\/2020\/12\/boutique-le-travail-artisanal-du-bois-dolivier-tourrettes-sur-loup-vue-interieur.jpg\" alt=\"Vue interieure de la boutique du Travail du Bois d'olivier \u00e0 Tourrettes-sur-loup\"><\/p>\n<\/li>\n<li>\n<p>        <img decoding=\"async\" src=\"\/wp-content\/uploads\/2020\/12\/boutique-le-travail-du-bois-dolivier-tourrettes-sur-loup-saladiers.jpg\" alt=\"Gros plan saladiers - Vue interieure de la boutique du Travail du Bois d'olivier \u00e0 Tourrettes-sur-loup\"><\/p>\n<\/li>\n<li>\n<p>        <img decoding=\"async\" src=\"\/wp-content\/uploads\/2021\/01\/boutique-le-travail-artisanal-du-bois-dolivier-tourrettes-sur-loup-vue-petite-boutique.jpg\" alt=\"interieur de la petite boutique - Le Travail du Bois d'olivier \u00e0 Tourrettes-sur-loup\"><\/p>\n<\/li>\n<li>\n<p>        <img decoding=\"async\" src=\"\/wp-content\/uploads\/2021\/01\/boutique-le-travail-artisanal-du-bois-dolivier-tourrettes-sur-loup-vue-interieur-horloges.jpg\" alt=\"Horloges en bois d'olivier - Interieur de la boutique du Travail du Bois d'olivier \u00e0 Tourrettes-sur-loup\"><\/p>\n<\/li>\n<\/ul>\n<p><!--more--><br \/>\n<!-- {\"name\":\"*FR Produits page\",\"type\":\"layout\",\"children\":[{\"type\":\"section\",\"props\":{\"animation\":\"slide-bottom-medium\",\"header_transparent\":true,\"header_transparent_noplaceholder\":true,\"height\":\"viewport\",\"height_offset_top\":true,\"height_viewport\":80,\"image\":\"wp-content\\\/uploads\\\/2020\\\/12\\\/saladier-le-travail-du-bois-dolivier-tourrettes-sur-loup-coupes-a-anses.jpg\",\"image_effect\":\"fixed\",\"image_loading\":true,\"image_position\":\"bottom-center\",\"image_size\":\"cover\",\"overlap\":false,\"padding\":\"large\",\"padding_remove_bottom\":true,\"style\":\"default\",\"text_color\":\"light\",\"title_breakpoint\":\"xl\",\"title_position\":\"top-left\",\"title_rotation\":\"left\",\"vertical_align\":\"middle\",\"width\":\"\"},\"children\":[{\"type\":\"row\",\"children\":[{\"type\":\"column\",\"props\":{\"image_position\":\"center-center\",\"position_sticky_breakpoint\":\"m\",\"vertical_align\":\"middle\"},\"children\":[{\"type\":\"image\",\"props\":{\"animation\":\"slide-top-medium\",\"image\":\"wp-content\\\/uploads\\\/2020\\\/11\\\/icone-arbre-le-travail-du-bois-dolivier-blc.svg\",\"image_alt\":\"Icone olivier - Le travail du Bois d'olivier\",\"image_svg_color\":\"primary\",\"image_svg_inline\":false,\"image_width\":\"80\",\"margin\":\"default\",\"margin_remove_bottom\":true,\"margin_remove_top\":true,\"text_align\":\"center\"},\"modified\":\"2020-11-26T14:35:14.555Z\",\"name\":\"image olivier blanc center\"},{\"type\":\"headline\",\"props\":{\"animation\":\"slide-bottom-medium\",\"block_align\":\"center\",\"content\":\"Mes produits<br \/>\\n<span class=\\\"uk-text-lead\\\">Des pi\\u00e8ces uniques pour la table et la d\\u00e9coration<\\\/span>\",\"css\":\".el-element { font-size: 24px; letter-spacing: 0.03em;}\\n\\n.uk-text-lead { font-size: 19px;}\",\"margin\":\"small\",\"margin_remove_bottom\":true,\"margin_remove_top\":false,\"maxwidth\":\"2xlarge\",\"text_align\":\"center\",\"title_element\":\"h1\",\"title_font_family\":\"secondary\",\"title_style\":\"h3\"}},{\"type\":\"divider\",\"props\":{\"animation\":\"slide-top-medium\",\"css\":\".el-element { border-color: white;}\",\"divider_align\":\"center\",\"divider_element\":\"div\",\"divider_style\":\"vertical\",\"margin\":\"small\",\"margin_remove_top\":false}}]}],\"props\":{\"margin\":\"xlarge\"}}]},{\"name\":\"section titre nos produits\",\"type\":\"section\",\"props\":{\"animation\":\"slide-top-small\",\"animation_delay\":false,\"header_transparent\":true,\"header_transparent_text_color\":\"dark\",\"image\":\"wp-content\\\/uploads\\\/2020\\\/11\\\/olive-bg-bois-dubosq-et-fils.svg\",\"image_effect\":\"fixed\",\"image_position\":\"top-right\",\"media_overlay\":\"rgba(255, 255, 255, 0.66)\",\"media_visibility\":\"l\",\"overlap\":false,\"padding\":\"small\",\"padding_remove_horizontal\":false,\"padding_remove_top\":false,\"style\":\"default\",\"title_breakpoint\":\"xl\",\"title_position\":\"center-right\",\"title_rotation\":\"right\",\"vertical_align\":\"\",\"width\":\"xlarge\"},\"children\":[{\"type\":\"row\",\"props\":{\"margin\":\"large\",\"margin_remove_bottom\":false,\"margin_remove_top\":false},\"children\":[{\"type\":\"column\",\"props\":{\"image_position\":\"center-center\",\"position_sticky_breakpoint\":\"m\"},\"children\":[{\"type\":\"divider\",\"props\":{\"divider_element\":\"hr\"}},{\"type\":\"text\",\"props\":{\"column_breakpoint\":\"m\",\"content\":\"<span uk-icon=\\\"icon: info; ratio: 1\\\"><\\\/span> Je ne propose pas de vente en ligne ou par correspondance,<br \/> mes produits sont exclusivement disponibles dans ma boutique de Tourrettes-sur-Loup.\",\"css\":\".el-element { font-size: 20px;}\",\"margin\":\"small\",\"margin_remove_top\":false,\"text_align\":\"center\",\"text_color\":\"danger\",\"text_style\":\"lead\"}},{\"type\":\"button\",\"props\":{\"block_align\":\"center\",\"block_align_breakpoint\":\"l\",\"button_size\":\"large\",\"fullwidth\":false,\"grid_column_gap\":\"small\",\"grid_row_gap\":\"small\",\"margin\":\"default\",\"maxwidth_breakpoint\":\"l\",\"text_align\":\"center\",\"text_align_fallback\":\"left\"},\"children\":[{\"type\":\"button_item\",\"props\":{\"button_style\":\"text\",\"content\":\"Trouver la boutique via Google Map\",\"dialog_layout\":\"modal\",\"dialog_offcanvas_flip\":true,\"icon\":\"location\",\"icon_align\":\"left\",\"link\":\"https:\\\/\\\/goo.gl\\\/maps\\\/FzBg5Q28dykMsBEb9\",\"link_target\":\"blank\"}}]},{\"type\":\"divider\",\"props\":{\"divider_element\":\"hr\"}}]}]},{\"type\":\"row\",\"children\":[{\"type\":\"column\",\"props\":{\"image_position\":\"center-center\",\"position_sticky_breakpoint\":\"m\",\"width_medium\":\"1-1\"},\"children\":[{\"type\":\"grid\",\"props\":{\"class\":\"demo\",\"content_column_breakpoint\":\"m\",\"content_margin\":\"remove\",\"css\":\".el-image { background-color: #f9f9f9;}\\n\\n\\n@media screen and (max-width: 959px) \\n{\\n    .uk-tab { display: none;}\\n}\",\"filter\":true,\"filter_align\":\"center\",\"filter_all\":true,\"filter_all_label\":\"Tous les produits\",\"filter_grid_breakpoint\":\"m\",\"filter_grid_column_gap\":\"large\",\"filter_grid_width\":\"auto\",\"filter_margin\":\"large\",\"filter_position\":\"left\",\"filter_reverse\":false,\"filter_style\":\"tab\",\"grid_column_gap\":\"medium\",\"grid_default\":\"2\",\"grid_divider\":false,\"grid_medium\":\"4\",\"grid_row_gap\":\"medium\",\"grid_small\":\"2\",\"grid_xlarge\":\"4\",\"icon_width\":80,\"image_align\":\"top\",\"image_grid_breakpoint\":\"m\",\"image_grid_width\":\"1-2\",\"image_link\":true,\"image_svg_color\":\"emphasis\",\"image_width\":\"610\",\"item_animation\":true,\"lightbox\":true,\"lightbox_bg_close\":true,\"lightbox_image_width\":\"1300\",\"link_style\":\"default\",\"link_text\":\"\",\"margin\":\"default\",\"meta_align\":\"below-title\",\"meta_element\":\"div\",\"meta_margin\":\"remove\",\"meta_style\":\"text-meta\",\"panel_link\":true,\"panel_padding\":\"small\",\"parallax_easing\":\"1\",\"show_content\":true,\"show_hover_image\":true,\"show_hover_video\":true,\"show_image\":true,\"show_link\":true,\"show_meta\":true,\"show_title\":true,\"show_video\":true,\"text_align\":\"center\",\"title_align\":\"top\",\"title_color\":\"primary\",\"title_element\":\"h2\",\"title_grid_breakpoint\":\"m\",\"title_grid_width\":\"1-2\",\"title_hover_style\":\"reset\",\"title_link\":false,\"title_margin\":\"small\",\"title_style\":\"h4\"},\"children\":[{\"type\":\"grid_item\",\"props\":{\"content\":\"\",\"image\":\"wp-content\\\/uploads\\\/2021\\\/01\\\/saladier-artisanal-bois-dolivier-dubosq-et-fils-le-travail-du-bois-dolivier.jpg\",\"image_alt\":\"Saladier irregulier artisanal - Le travail Artisanal du Bois d'Olivier \",\"meta\":\"\",\"tags\":\"Saladiers & Coupes\",\"title\":\"Saladier irr\\u00e9gulier\"}},{\"type\":\"grid_item\",\"props\":{\"content\":\"\",\"image\":\"wp-content\\\/uploads\\\/2021\\\/01\\\/coupes-artisanales-bois-dolivier-dubosq-et-fils.jpg\",\"image_alt\":\"Coupes \\u00e0 fruit basses en bois d'olivier - Le travail Artisanal du Bois d'Olivier \",\"meta\":\"\",\"tags\":\"Saladiers & Coupes\",\"title\":\"Coupes \\u00e0 fruits basses\"}},{\"type\":\"grid_item\",\"props\":{\"content\":\"\",\"image\":\"wp-content\\\/uploads\\\/2021\\\/01\\\/plateau-tournant-bois-dolivier-dubosq-et-fils-travail-artisanal.jpg\",\"image_alt\":\"Plateau tournant - Le travail Artisanal du Bois d'Olivier \",\"meta\":\"sur roulement \\u00e0 billes\",\"tags\":\"Arts De La Table\",\"title\":\"Plateau tournant \"}},{\"type\":\"grid_item\",\"props\":{\"content\":\"\",\"image\":\"wp-content\\\/uploads\\\/2021\\\/01\\\/saladier-couverts-artisanal-bois-dolivier-fait-main-dubosq-et-fils.jpg\",\"image_alt\":\"Saladiers & Couverts en bois d'olivier - Le travail Artisanal du Bois d'Olivier \",\"meta\":\"\",\"tags\":\"Saladiers & Coupes\",\"title\":\"Saladiers & Couverts\"}},{\"type\":\"grid_item\",\"props\":{\"content\":\"\",\"image\":\"wp-content\\\/uploads\\\/2021\\\/01\\\/grande-planche-en-bois-dolivier-travail-artisanal-dubosq-et-fils.jpg\",\"image_alt\":\"Planche rectangulaire - Le travail Artisanal du Bois d'Olivier \",\"meta\":\"\",\"tags\":\"Arts De La Table\",\"title\":\"Grande planche rectangulaire\"}},{\"type\":\"grid_item\",\"props\":{\"content\":\"\",\"image\":\"wp-content\\\/uploads\\\/2020\\\/11\\\/vase-bois-fait-main-plat-travail-artisanal-du-bois-dolivier-dubosq-et-fils.jpg\",\"image_alt\":\"Vase - Le travail Artisanal du Bois d'Olivier \",\"meta\":\"\",\"tags\":\"Arts De La Table\",\"title\":\"Vase \"}},{\"type\":\"grid_item\",\"props\":{\"content\":\"\",\"image\":\"wp-content\\\/uploads\\\/2021\\\/01\\\/saladier-fait-main-artisanal-en-bois-dolivier-fait-main-dubosq-et-fils.jpg\",\"image_alt\":\"Saladier & couverts en bois d'olivier - Le travail Artisanal du Bois d'Olivier \",\"meta\":\"\",\"tags\":\"Saladiers & Coupes\",\"title\":\"Saladier & couverts\"}},{\"type\":\"grid_item\",\"props\":{\"content\":\"\",\"image\":\"wp-content\\\/uploads\\\/2021\\\/01\\\/plateau-afromage-en-bois-dolivier-dubosq-et-fils.jpg\",\"image_alt\":\"Plateau \\u00e0 fromage - Le travail Artisanal du Bois d'Olivier \",\"meta\":\"avec poign\\u00e9e d\\u00e9montable filetage inox\",\"tags\":\"Arts De La Table\",\"title\":\"Plateau \\u00e0 fromage\"}},{\"type\":\"grid_item\",\"props\":{\"content\":\"\",\"image\":\"wp-content\\\/uploads\\\/2021\\\/01\\\/planche-a-viande-le-travail-artisanal-du-bois-dolivier.jpg\",\"image_alt\":\"Planche \\u00e0 viande - Le travail Artisanal du Bois d'Olivier \",\"meta\":\"Chaque pi\\u00e8ce est unique en fonction du bois brut.\",\"tags\":\"Arts De La Table\",\"title\":\"Planche \\u00e0 viande irr\\u00e9guli\\u00e8re\"}},{\"type\":\"grid_item\",\"props\":{\"content\":\"\",\"image\":\"wp-content\\\/uploads\\\/2021\\\/01\\\/bols-ronds-le-travail-artisanal-du-bois-dolivier.jpg\",\"image_alt\":\"Bols rond - Le travail Artisanal du Bois d'Olivier \",\"meta\":\"9cm \\\/ 12 cm \\\/ 14 cm \\\/ 16 cm\",\"tags\":\"Arts De La Table\",\"title\":\"Bols ronds\"}},{\"type\":\"grid_item\",\"props\":{\"content\":\"\",\"image\":\"wp-content\\\/uploads\\\/2021\\\/01\\\/coupe-a-fruit-a-anses-le-travail-artisanal-du-bois-dolivier.jpg\",\"image_alt\":\"Coupe \\u00e0 fruit \\u00e0 anses en bois d'olivier - Le travail Artisanal du Bois d'Olivier \",\"meta\":\"\",\"tags\":\"Saladiers & Coupes\",\"title\":\"Coupe \\u00e0 fruits \\u00e0 anses\"}},{\"type\":\"grid_item\",\"props\":{\"content\":\"\",\"image\":\"wp-content\\\/uploads\\\/2021\\\/01\\\/dessous-de-plat-le-travail-artisanal-du-bois-dolivier.jpg\",\"image_alt\":\"Dessous de plat \\u00e0 lattes - Le travail Artisanal du Bois d'Olivier \",\"meta\":\"Avec 3 ou 5 lattes\",\"tags\":\"Arts De La Table\",\"title\":\"Dessous de plat \\u00e0 lattes\"}},{\"type\":\"grid_item\",\"props\":{\"content\":\"\",\"image\":\"wp-content\\\/uploads\\\/2021\\\/01\\\/plateaux-poignees-massives-le-travail-artisanal-du-bois-dolivier.jpg\",\"image_alt\":\"Plateaux  - Le travail Artisanal du Bois d'Olivier \",\"meta\":\"\",\"tags\":\"Arts De La Table\",\"title\":\"Plateaux poign\\u00e9es massives\"}},{\"type\":\"grid_item\",\"props\":{\"content\":\"\",\"image\":\"wp-content\\\/uploads\\\/2021\\\/01\\\/saladier-couverts-artisanal-en-bois-dolivier-fait-main-dubosq-et-fils.jpg\",\"image_alt\":\"Saladier  fait main - Le travail Artisanal du Bois d'Olivier \",\"meta\":\"\",\"tags\":\"Saladiers & Coupes\",\"title\":\"Saladier & couverts\"}},{\"type\":\"grid_item\",\"props\":{\"content\":\"\",\"image\":\"wp-content\\\/uploads\\\/2021\\\/01\\\/planches-irregulieres-le-travail-du-bois-dolivier-dubosq-et-fils.jpg\",\"image_alt\":\"Planche et planchettes irr\\u00e9guli\\u00e8res - Le travail Artisanal du Bois d'Olivier \",\"meta\":\"\",\"tags\":\"Arts De La Table\",\"title\":\"Planches irr\\u00e9guli\\u00e8res\"}},{\"type\":\"grid_item\",\"props\":{\"content\":\"\",\"image\":\"wp-content\\\/uploads\\\/2021\\\/01\\\/mortier-avec-pilon-le-travail-artisanal-du-bois-dolivier.jpg\",\"image_alt\":\"Mortiers avec pilon - Le travail Artisanal du Bois d'Olivier \",\"meta\":\"\",\"tags\":\"Couverts & Ustensiles De Cuisine\",\"title\":\"Mortiers avec pilon\"}},{\"type\":\"grid_item\",\"props\":{\"content\":\"\",\"image\":\"wp-content\\\/uploads\\\/2021\\\/01\\\/moulin-a-epices-le-travail-artisanal-bois-dolivier.jpg\",\"image_alt\":\"Moulin \\u00e0 \\u00e9pices - Le travail Artisanal du Bois d'Olivier \",\"meta\":\"\",\"tags\":\"Arts De La Table\",\"title\":\"Moulin \\u00e0 \\u00e9pices\"}},{\"type\":\"grid_item\",\"props\":{\"content\":\"\",\"image\":\"wp-content\\\/uploads\\\/2021\\\/01\\\/saladier-irregulier-le-travail-artisanal-du-bois-dolivier.jpg\",\"image_alt\":\"Saladier & couverts \\u00e0 salade - Le travail Artisanal du Bois d'Olivier \",\"meta\":\"& couverts \\u00e0 salade\",\"tags\":\"Saladiers & Coupes\",\"title\":\"Saladier\"}},{\"type\":\"grid_item\",\"props\":{\"content\":\"\",\"image\":\"wp-content\\\/uploads\\\/2021\\\/01\\\/couverts-a-salade-fait-main-le-travail-artisanal-du-bois-dolivier.jpg\",\"image_alt\":\"Couverts \\u00e0 salade  - Le travail Artisanal du Bois d'Olivier \",\"meta\":\"\",\"tags\":\"Couverts & Ustensiles De Cuisine\",\"title\":\"Couverts \\u00e0 salade\"}},{\"type\":\"grid_item\",\"props\":{\"content\":\"\",\"image\":\"wp-content\\\/uploads\\\/2021\\\/01\\\/saladier-couverts-a-salade-le-travail-artisanal-bois-dolivier.jpg\",\"image_alt\":\"Saladier irr\\u00e9gulier - Le travail Artisanal du Bois d'Olivier \",\"meta\":\"\",\"tags\":\"Saladiers & Coupes\",\"title\":\"Saladier g\\u00e9om\\u00e9trique & couverts\"}},{\"type\":\"grid_item\",\"props\":{\"content\":\"\",\"image\":\"wp-content\\\/uploads\\\/2021\\\/01\\\/couverts-moutarde-sucre-olive-le-travail-artisanal-du-bois-dolivier.jpg\",\"image_alt\":\"Cuill\\u00e8res \\u00e0 moutard, \\u00e0 sucre et \\u00e0 olive  - Le travail Artisanal du Bois d'Olivier \",\"meta\":\"\\u00c0 moutarde \\\/ \\u00e0 sucre \\\/ \\u00e0 olive\",\"tags\":\"Couverts & Ustensiles De Cuisine\",\"title\":\"Cuill\\u00e8res diverses\"}},{\"type\":\"grid_item\",\"props\":{\"content\":\"\",\"image\":\"wp-content\\\/uploads\\\/2021\\\/01\\\/planche-bois-olivier-travail-artisanal-dubosq-et-fils.jpg\",\"image_alt\":\"Planche rectangulaire - Le travail Artisanal du Bois d'Olivier \",\"meta\":\"Chaque pi\\u00e8ce est identique car fabriqu\\u00e9e selon gabarit.\",\"tags\":\"Arts De La Table\",\"title\":\"Petite planche rectangulaire\"}},{\"type\":\"grid_item\",\"props\":{\"content\":\"\",\"image\":\"wp-content\\\/uploads\\\/2021\\\/01\\\/couverts-a-salade-le-travail-artisanal-du-bois-dolivier.jpg\",\"image_alt\":\"Couverts \\u00e0 salade  - Le travail Artisanal du Bois d'Olivier \",\"meta\":\"\\\"Aiguille galb\\u00e9e\\\"\",\"tags\":\"Couverts & Ustensiles De Cuisine\",\"title\":\"Couverts \\u00e0 salade\"}},{\"type\":\"grid_item\",\"props\":{\"content\":\"\",\"image\":\"wp-content\\\/uploads\\\/2021\\\/01\\\/cuilleres-mouvettes-le-travail-artisanal-du-bois-dolivier.jpg\",\"image_alt\":\"Cuill\\u00e8res mouvettes  - Le travail Artisanal du Bois d'Olivier \",\"meta\":\"Disponibles en 3 tailles\",\"tags\":\"Couverts & Ustensiles De Cuisine\",\"title\":\"Cuill\\u00e8res mouvettes\"}},{\"type\":\"grid_item\",\"props\":{\"content\":\"\",\"image\":\"wp-content\\\/uploads\\\/2021\\\/01\\\/saladier-fait-main-le-travail-artisanal-du-bois-dolivier.jpg\",\"image_alt\":\"Saladier irr\\u00e9gulier - Le travail Artisanal du Bois d'Olivier \",\"meta\":\"\",\"tags\":\"Saladiers & Coupes\",\"title\":\"Saladier irr\\u00e9gulier\"}},{\"type\":\"grid_item\",\"props\":{\"content\":\"\",\"image\":\"wp-content\\\/uploads\\\/2021\\\/01\\\/ustensils-divers-le-travail-artisanal-du-bois-dolivier.jpg\",\"image_alt\":\"Ustensiles divers  - Le travail Artisanal du Bois d'Olivier \",\"meta\":\"Spatule raclette, cuillere \\u00e0 miel, presse agrumes, tartineur, pince \\u00e0 toast\",\"tags\":\"Couverts & Ustensiles De Cuisine\",\"title\":\"Ustensiles divers\"}},{\"type\":\"grid_item\",\"props\":{\"content\":\"\",\"image\":\"wp-content\\\/uploads\\\/2021\\\/01\\\/beurrier-avec-couteau-a-beurre-le-travail-artisanal-du-bois-dolivier.jpg\",\"image_alt\":\"Dessous de plat \\u00e0 lattes - Le travail Artisanal du Bois d'Olivier \",\"meta\":\"Lame inox et quatres petits pieds\",\"tags\":\"Arts De La Table\",\"title\":\"Beurrier & couteau \\u00e0 beurre\"}},{\"type\":\"grid_item\",\"props\":{\"content\":\"\",\"image\":\"wp-content\\\/uploads\\\/2021\\\/01\\\/bol-rond-et-cuillere-a-miel-le-travail-artisanal-du-bois-dolivier.jpg\",\"image_alt\":\"Dessous de plat \\u00e0 lattes - Le travail Artisanal du Bois d'Olivier \",\"meta\":\"Avec cuill\\u00e8re \\u00e0 miel (suggestion de presentation)\",\"tags\":\"Arts De La Table\",\"title\":\"Bol rond\"}}]}]}],\"props\":{\"margin\":\"large\",\"margin_remove_top\":false}},{\"type\":\"row\",\"children\":[{\"type\":\"column\",\"props\":{\"image_position\":\"center-center\",\"position_sticky_breakpoint\":\"m\"}}]},{\"type\":\"row\",\"children\":[{\"type\":\"column\",\"props\":{\"image_position\":\"center-center\",\"position_sticky_breakpoint\":\"m\"},\"children\":[{\"type\":\"divider\",\"props\":{\"divider_element\":\"hr\"}}]}]},{\"type\":\"row\",\"props\":{\"divider\":false,\"layout\":\"1-2,1-2\",\"width\":\"small\"},\"children\":[{\"type\":\"column\",\"props\":{\"image_position\":\"center-center\",\"position_sticky_breakpoint\":\"m\",\"width_medium\":\"1-2\"},\"children\":[{\"type\":\"headline\",\"props\":{\"content\":\"Partenaire :\",\"margin_remove_bottom\":true,\"margin_remove_top\":true,\"title_color\":\"primary\",\"title_element\":\"h3\",\"title_style\":\"h5\"}},{\"type\":\"text\",\"props\":{\"column_breakpoint\":\"m\",\"content\":\"N\\u00e9goce de plateaux en bois d'olivier \",\"margin\":\"default\",\"margin_remove_bottom\":true,\"margin_remove_top\":true,\"text_style\":\"lead\"}},{\"type\":\"button\",\"props\":{\"grid_column_gap\":\"small\",\"grid_row_gap\":\"small\",\"margin\":\"default\",\"margin_remove_top\":true},\"children\":[{\"type\":\"button_item\",\"props\":{\"button_style\":\"text\",\"content\":\"site web\",\"dialog_layout\":\"modal\",\"dialog_offcanvas_flip\":true,\"icon_align\":\"left\",\"link\":\"https:\\\/\\\/www.plateau-bois-olivier.fr\\\/\",\"link_target\":\"blank\"}}]}]},{\"type\":\"column\",\"props\":{\"image_position\":\"center-center\",\"position_sticky_breakpoint\":\"m\",\"width_medium\":\"1-2\"},\"children\":[{\"type\":\"image\",\"props\":{\"image\":\"wp-content\\\/uploads\\\/2023\\\/05\\\/logo_partenaire-negoce-plateaux-bois-d-olivier.png\",\"image_svg_color\":\"emphasis\",\"link\":\"https:\\\/\\\/plateau-bois-olivier.fr\\\/\",\"link_target\":\"blank\",\"margin\":\"default\"}}]}]},{\"type\":\"row\",\"children\":[{\"type\":\"column\",\"props\":{\"image_position\":\"center-center\",\"position_sticky_breakpoint\":\"m\"},\"children\":[{\"type\":\"divider\",\"props\":{\"divider_element\":\"hr\"}}]}]}],\"modified\":\"2020-11-26T10:01:14.896Z\"},{\"type\":\"section\",\"props\":{\"image_position\":\"center-center\",\"padding\":\"none\",\"padding_remove_horizontal\":true,\"style\":\"secondary\",\"title_breakpoint\":\"xl\",\"title_position\":\"top-left\",\"title_rotation\":\"left\",\"vertical_align\":\"\",\"width\":\"xlarge\",\"width_expand\":\"right\"},\"children\":[{\"type\":\"row\",\"props\":{\"divider\":false,\"layout\":\"1-3,2-3\",\"row_gap\":\"small\"},\"children\":[{\"type\":\"column\",\"props\":{\"image_position\":\"center-center\",\"position_sticky_breakpoint\":\"m\",\"style\":\"tile-secondary\",\"vertical_align\":\"middle\",\"width_medium\":\"1-3\"},\"children\":[{\"type\":\"image\",\"props\":{\"image\":\"wp-content\\\/uploads\\\/2020\\\/11\\\/icone-arbre-le-travail-du-bois-dolivier-blc.svg\",\"image_alt\":\"icone arbre\",\"image_svg_color\":\"emphasis\",\"image_width\":\"80\",\"margin\":\"default\",\"margin_remove_bottom\":true}},{\"type\":\"headline\",\"props\":{\"content\":\"Les \\\"Signatures\\\"\",\"margin_remove_bottom\":true,\"margin_remove_top\":true,\"title_color\":\"primary\",\"title_element\":\"h3\",\"title_style\":\"h5\"}},{\"type\":\"text\",\"props\":{\"column_breakpoint\":\"m\",\"content\":\"Pi\\u00e8ces d'exception\",\"margin\":\"default\",\"margin_remove_top\":true,\"text_style\":\"lead\"}},{\"type\":\"text\",\"props\":{\"column_breakpoint\":\"m\",\"content\":\"Des pi\\u00e8ces d'exceptions r\\u00e9alis\\u00e9es, au fil des ann\\u00e9es, pour de nombreux restaurants gastronomiques et h\\u00f4tels de luxe.\",\"margin\":\"default\"}},{\"type\":\"button\",\"props\":{\"grid_column_gap\":\"small\",\"grid_row_gap\":\"small\",\"margin\":\"default\"},\"children\":[{\"type\":\"button_item\",\"props\":{\"button_style\":\"text\",\"content\":\"Mes partenaires et clients\",\"dialog_layout\":\"modal\",\"dialog_offcanvas_flip\":true,\"icon_align\":\"left\",\"link\":\"\\\/le-travail-du-bois-dolivier-partenaires-et-clients\\\/\"}}]}]},{\"type\":\"column\",\"props\":{\"image_position\":\"center-center\",\"position_sticky_breakpoint\":\"m\",\"width_medium\":\"2-3\"},\"children\":[{\"type\":\"overlay-slider\",\"props\":{\"css\":\".el-title, .el-meta { color: white;}\\n\\n.uk-position-bottom-left {\\n    background: #000000ad;\\n    padding: 15px;\\n}\",\"image_height\":\"700\",\"link_style\":\"default\",\"link_text\":\"Read more\",\"margin\":\"default\",\"meta_align\":\"below-title\",\"meta_element\":\"div\",\"meta_margin\":\"remove\",\"meta_style\":\"text-meta\",\"nav\":\"\",\"nav_align\":\"left\",\"nav_below\":true,\"nav_breakpoint\":\"s\",\"nav_margin\":\"small\",\"nav_position\":\"bottom-center\",\"nav_position_margin\":\"medium\",\"overlay_link\":false,\"overlay_mode\":\"cover\",\"overlay_padding\":\"small\",\"overlay_position\":\"bottom-left\",\"overlay_transition\":\"fade\",\"overlay_transition_background\":false,\"show_content\":true,\"show_hover_image\":true,\"show_hover_video\":true,\"show_link\":true,\"show_meta\":true,\"show_title\":true,\"slidenav\":\"outside\",\"slidenav_breakpoint\":\"s\",\"slidenav_large\":true,\"slidenav_margin\":\"small\",\"slidenav_outside_breakpoint\":\"xl\",\"slider_autoplay\":true,\"slider_autoplay_pause\":true,\"slider_gap\":\"\",\"slider_width\":\"\",\"slider_width_default\":\"1-1\",\"slider_width_medium\":\"1-3\",\"text_align\":\"left\",\"text_color\":\"light\",\"title_element\":\"h3\",\"title_hover_style\":\"reset\",\"title_style\":\"h4\"},\"children\":[{\"type\":\"overlay-slider_item\",\"props\":{\"content\":\"\",\"image\":\"wp-content\\\/uploads\\\/2021\\\/01\\\/assiette_pour-le-menu-gastronomique-chef-arnaud-donckele-la-vague-dor-1.jpg\",\"image_alt\":\"Assiette pour le menu gastronomique signature du chef Arnaud Donckele, la vague d'or***\",\"meta\":\" Assiette pour le menu gastronomique signature du chef Arnaud Donckele\",\"title\":\"Restaurant la Vague d'or ***\"}},{\"type\":\"overlay-slider_item\",\"props\":{\"image\":\"wp-content\\\/uploads\\\/2021\\\/01\\\/arnaud-donckelle-dressage-assiette-bois-dolivier-guillaume-dubosq.jpg\",\"image_alt\":\"Arnaud Donckelle dressant un plat dans une assiette en bois d'olivier\",\"meta\":\"Arnaud Donckele\",\"title\":\"Restaurant la Vague d'or ***\"}},{\"type\":\"overlay-slider_item\",\"props\":{\"image\":\"wp-content\\\/uploads\\\/2021\\\/01\\\/guillaume-dubosq-alain-ducasse-dominique-lory-le-louisXI.jpg\",\"image_alt\":\"Alain Ducasse , Guillaume Dubosq & Dominique Lory tenant les mandolines en bois d'olivier cr\\u00e9es pour le Chateau Saint Martin\",\"meta\":\"Mandolines pour les chefs \\u00e9toil\\u00e9s Alain Ducasse & Dominique Lory\",\"title\":\"Le Louis XV*** H\\u00f4tel de Paris\"}},{\"type\":\"overlay-slider_item\",\"props\":{\"image\":\"wp-content\\\/uploads\\\/2021\\\/01\\\/recipient-pour-tapenade-et-huile-dolive-chateau-saint-martin-guillaume-dubosq.jpg\",\"image_alt\":\"R\\u00e9cipient pour tapenade et p\\u00e2te d\\u2019olive en bois d'olivier Dubosq & Fils - - Chateau Saint martin\",\"meta\":\"R\\u00e9cipient pour tapenade et p\\u00e2te d\\u2019olive \",\"title\":\"Ch\\u00e2teau Saint Martin*\"}}]}]}]}]},{\"type\":\"section\",\"props\":{\"image_position\":\"center-center\",\"padding\":\"none\",\"padding_remove_horizontal\":true,\"status\":\"disabled\",\"style\":\"default\",\"title_breakpoint\":\"xl\",\"title_position\":\"top-left\",\"title_rotation\":\"left\",\"vertical_align\":\"\",\"width\":\"xlarge\",\"width_expand\":\"left\"},\"children\":[{\"type\":\"row\",\"props\":{\"divider\":false,\"layout\":\"2-3,1-3\",\"row_gap\":\"small\"},\"children\":[{\"type\":\"column\",\"props\":{\"image_position\":\"center-center\",\"position_sticky_breakpoint\":\"m\",\"vertical_align\":\"middle\",\"width_medium\":\"2-3\"},\"children\":[{\"type\":\"image\",\"props\":{\"image\":\"wp-content\\\/uploads\\\/2020\\\/12\\\/violon-et-guitare-en-bois-dolivier-travail-artisanal-dubosq-et-fils.jpg\",\"image_svg_color\":\"emphasis\",\"margin\":\"default\"}}]},{\"type\":\"column\",\"props\":{\"image_position\":\"center-center\",\"position_sticky_breakpoint\":\"m\",\"style\":\"tile-default\",\"vertical_align\":\"middle\",\"width_medium\":\"1-3\"},\"children\":[{\"type\":\"image\",\"props\":{\"image\":\"wp-content\\\/uploads\\\/2020\\\/11\\\/icone-arbre-le-travail-du-bois-dolivier.svg\",\"image_svg_color\":\"emphasis\",\"image_width\":\"80\",\"margin\":\"default\",\"margin_remove_bottom\":true}},{\"type\":\"headline\",\"props\":{\"content\":\"Les instruments en bois d'olivier\",\"margin_remove_bottom\":true,\"margin_remove_top\":true,\"title_color\":\"primary\",\"title_element\":\"div\",\"title_style\":\"h5\"}},{\"type\":\"text\",\"props\":{\"column_breakpoint\":\"m\",\"content\":\"Le violon & la guitare\",\"margin\":\"default\",\"margin_remove_top\":true,\"text_style\":\"lead\"}},{\"type\":\"text\",\"props\":{\"column_breakpoint\":\"m\",\"content\":\"Deux passions r\\u00e9unies & un d\\u00e9fi relev\\u00e9 \",\"margin\":\"default\"}},{\"type\":\"button\",\"props\":{\"grid_column_gap\":\"small\",\"grid_row_gap\":\"small\",\"margin\":\"default\"},\"children\":[{\"type\":\"button_item\",\"props\":{\"button_style\":\"primary\",\"content\":\"En savoir plus\",\"dialog_layout\":\"modal\",\"dialog_offcanvas_flip\":true,\"icon\":\"arrow-right\",\"icon_align\":\"right\",\"link\":\"\\\/instruments-en-bois-dolivier\\\/\"}}]}]}]}]},{\"type\":\"section\",\"props\":{\"image\":\"wp-content\\\/uploads\\\/2020\\\/12\\\/violon-en-bois-dolivier-guillaume-dubosq-travail-artisanal-bois-dolivier.jpg\",\"image_effect\":\"fixed\",\"image_position\":\"center-center\",\"image_size\":\"cover\",\"media_overlay\":\"rgba(0, 0, 0, 0.05)\",\"padding\":\"xlarge\",\"style\":\"default\",\"text_color\":\"light\",\"title_breakpoint\":\"xl\",\"title_position\":\"top-left\",\"title_rotation\":\"left\",\"vertical_align\":\"\",\"width\":\"default\"},\"children\":[{\"type\":\"row\",\"children\":[{\"type\":\"column\",\"props\":{\"image_position\":\"center-center\",\"position_sticky_breakpoint\":\"m\"},\"children\":[{\"type\":\"image\",\"props\":{\"image\":\"wp-content\\\/uploads\\\/2020\\\/11\\\/icone-arbre-le-travail-du-bois-dolivier-blc.svg\",\"image_alt\":\"icone arbre\",\"image_svg_color\":\"emphasis\",\"image_width\":\"80\",\"margin\":\"default\",\"margin_remove_bottom\":true,\"text_align\":\"center\"}},{\"type\":\"headline\",\"props\":{\"content\":\"Les instruments en bois d'olivier\",\"margin_remove_bottom\":true,\"margin_remove_top\":true,\"text_align\":\"center\",\"title_color\":\"primary\",\"title_element\":\"h3\",\"title_style\":\"h5\"}},{\"type\":\"text\",\"props\":{\"column_breakpoint\":\"m\",\"content\":\"Le violon & la guitare\",\"margin\":\"default\",\"margin_remove_top\":true,\"text_align\":\"center\",\"text_style\":\"lead\"}},{\"type\":\"divider\",\"props\":{\"animation\":\"slide-top-medium\",\"css\":\".el-element { border-color: white;}\",\"divider_align\":\"center\",\"divider_element\":\"div\",\"divider_style\":\"vertical\",\"margin\":\"small\",\"margin_remove_top\":false}},{\"type\":\"button\",\"props\":{\"button_size\":\"large\",\"grid_column_gap\":\"small\",\"grid_row_gap\":\"small\",\"margin\":\"default\",\"text_align\":\"center\"},\"children\":[{\"type\":\"button_item\",\"props\":{\"button_style\":\"primary\",\"content\":\"En savoir plus\",\"dialog_layout\":\"modal\",\"dialog_offcanvas_flip\":true,\"icon\":\"arrow-right\",\"icon_align\":\"right\",\"link\":\"\\\/instruments-en-bois-dolivier\\\/\"}}]}]}]}]},{\"type\":\"section\",\"props\":{\"animation\":\"fade\",\"image_position\":\"center-center\",\"image_size\":\"cover\",\"overlap\":false,\"padding\":\"large\",\"style\":\"muted\",\"title_breakpoint\":\"xl\",\"title_position\":\"top-left\",\"title_rotation\":\"left\",\"vertical_align\":\"\",\"width\":\"xlarge\"},\"children\":[{\"type\":\"row\",\"props\":{\"column_gap\":\"large\",\"layout\":\"1-2,1-2\",\"row_gap\":\"large\"},\"children\":[{\"type\":\"column\",\"props\":{\"image_position\":\"center-center\",\"position_sticky_breakpoint\":\"m\",\"vertical_align\":\"middle\",\"width_medium\":\"1-2\",\"width_small\":\"1-2\"},\"children\":[{\"type\":\"image\",\"props\":{\"image\":\"wp-content\\\/uploads\\\/2020\\\/12\\\/boutique-le-travail-artisanal-du-bois-dolivier-tourrettes-sur-loup.jpg\",\"image_alt\":\"Vue de l'interieur de la boutique du Travail du Bois d'olivier \\u00e0 Tourrettes-sur-loup\",\"image_svg_color\":\"emphasis\",\"image_width\":\"530\",\"margin\":\"default\",\"text_align\":\"center\"}},{\"type\":\"image\",\"props\":{\"animation\":\"scale-down\",\"css\":\".el-image {\\n    min-width: 150px;\\n    max-width: 20vw; \\n}\\n\\n.el-image { opacity: 0.5;}\",\"image\":\"wp-content\\\/uploads\\\/2020\\\/11\\\/Le-travail-du-bois-d-olivier-dubosq-et-fils-logo-_stamp.svg\",\"image_alt\":\"Logo du Travail du Bois d'olivier\",\"image_svg_color\":\"emphasis\",\"image_width\":\"210\",\"margin\":\"default\",\"parallax_y\":\"5vh,-5vh\",\"position\":\"absolute\",\"position_bottom\":\"47vh\",\"position_left\":\"-1vw\",\"text_align\":\"left\",\"visibility\":\"m\"}}]},{\"type\":\"column\",\"props\":{\"image_position\":\"center-center\",\"position_sticky_breakpoint\":\"m\",\"vertical_align\":\"middle\",\"width_medium\":\"1-2\",\"width_small\":\"1-2\"},\"children\":[{\"type\":\"headline\",\"props\":{\"block_align\":\"center\",\"content\":\"Visitez ma boutique <br \/>\\ndans le joli village de Tourrettes sur Loup\",\"maxwidth\":\"xlarge\",\"text_align\":\"left\",\"text_align_breakpoint\":\"s\",\"text_align_fallback\":\"center\",\"title_element\":\"h4\",\"title_font_family\":\"secondary\",\"title_style\":\"h3\"}},{\"type\":\"grid\",\"props\":{\"block_align\":\"center\",\"content_column_breakpoint\":\"m\",\"content_margin\":\"small\",\"filter_align\":\"left\",\"filter_all\":true,\"filter_grid_breakpoint\":\"m\",\"filter_grid_width\":\"auto\",\"filter_position\":\"top\",\"filter_style\":\"tab\",\"grid_column_gap\":\"small\",\"grid_default\":\"1\",\"grid_medium\":\"2\",\"grid_row_gap\":\"small\",\"icon_width\":\"20\",\"image_align\":\"top\",\"image_grid_breakpoint\":\"m\",\"image_grid_width\":\"1-2\",\"image_svg_color\":\"emphasis\",\"item_animation\":true,\"lightbox_bg_close\":true,\"link_style\":\"default\",\"link_text\":\"Read more\",\"margin\":\"medium\",\"margin_remove_bottom\":false,\"margin_remove_top\":false,\"maxwidth\":\"xlarge\",\"meta_align\":\"below-title\",\"meta_element\":\"div\",\"meta_style\":\"text-meta\",\"parallax_easing\":\"1\",\"show_content\":true,\"show_hover_image\":true,\"show_hover_video\":true,\"show_image\":true,\"show_link\":true,\"show_meta\":true,\"show_title\":true,\"show_video\":true,\"text_align\":\"left\",\"text_align_breakpoint\":\"s\",\"text_align_fallback\":\"center\",\"title_align\":\"top\",\"title_element\":\"h3\",\"title_grid_breakpoint\":\"m\",\"title_grid_width\":\"1-2\",\"title_hover_style\":\"reset\",\"title_margin\":\"small\",\"title_style\":\"h6\"},\"children\":[{\"type\":\"grid_item\",\"props\":{\"content\":\"\n\n<p>4 Grande Rue<br \/>\\n06140 Tourrettes sur Loup<br \/>\\nFrance<\\\/p>\\n\\nT\\u00e9l\\u00e9phone : <a class=\\\"uk-link-text\\\" href=\\\"tel:+33624342935\\\">+(33)6 24 34 29 35<\\\/a>\\n\",\"icon\":\"location\",\"title\":\"Coordonn\\u00e9es\"}},{\"type\":\"grid_item\",\"props\":{\"content\":\"7 jours sur 7 & toute l'ann\\u00e9e :<br \/>\\n14h - 17h30\",\"icon\":\"future\",\"title\":\"Horaires d'ouverture\"}}]},{\"type\":\"button\",\"props\":{\"block_align\":\"center\",\"block_align_breakpoint\":\"l\",\"button_size\":\"large\",\"fullwidth\":false,\"grid_column_gap\":\"small\",\"grid_row_gap\":\"small\",\"margin\":\"large\",\"maxwidth\":\"xlarge\",\"maxwidth_breakpoint\":\"l\",\"text_align_breakpoint\":\"l\",\"text_align_fallback\":\"left\"},\"children\":[{\"type\":\"button_item\",\"props\":{\"button_style\":\"primary\",\"content\":\"Ouvrir dans Google Map\",\"dialog_layout\":\"modal\",\"dialog_offcanvas_flip\":true,\"icon\":\"location\",\"icon_align\":\"left\",\"link\":\"https:\\\/\\\/goo.gl\\\/maps\\\/FzBg5Q28dykMsBEb9\",\"link_target\":\"blank\"}},{\"type\":\"button_item\",\"props\":{\"button_style\":\"primary\",\"content\":\"Contact\",\"dialog_layout\":\"modal\",\"dialog_offcanvas_flip\":true,\"icon\":\"mail\",\"icon_align\":\"left\",\"link\":\"\\\/contactez-nous\\\/\"}}]}]}]}],\"name\":\"Contact\"},{\"type\":\"section\",\"props\":{\"image_position\":\"center-center\",\"padding_remove_bottom\":true,\"padding_remove_top\":true,\"style\":\"default\",\"title_breakpoint\":\"xl\",\"title_position\":\"top-left\",\"title_rotation\":\"left\",\"vertical_align\":\"\",\"width\":\"\"},\"children\":[{\"type\":\"row\",\"children\":[{\"type\":\"column\",\"props\":{\"image_position\":\"center-center\",\"position_sticky_breakpoint\":\"m\",\"width_medium\":\"1-1\"},\"children\":[{\"type\":\"overlay-slider\",\"props\":{\"image_width\":\"1000\",\"link_style\":\"default\",\"link_text\":\"\",\"margin\":\"default\",\"meta_align\":\"below-title\",\"meta_element\":\"div\",\"meta_style\":\"text-meta\",\"nav\":\"\",\"nav_align\":\"center\",\"nav_below\":true,\"nav_breakpoint\":\"s\",\"nav_position\":\"bottom-center\",\"nav_position_margin\":\"medium\",\"overlay_link\":true,\"overlay_mode\":\"cover\",\"overlay_position\":\"center\",\"overlay_transition\":\"fade\",\"show_content\":true,\"show_hover_image\":true,\"show_hover_video\":true,\"show_link\":true,\"show_meta\":true,\"show_title\":true,\"slidenav\":\"\",\"slidenav_breakpoint\":\"s\",\"slidenav_hover\":false,\"slidenav_margin\":\"medium\",\"slidenav_outside_breakpoint\":\"xl\",\"slider_autoplay\":true,\"slider_autoplay_interval\":\"4\",\"slider_autoplay_pause\":false,\"slider_center\":true,\"slider_divider\":false,\"slider_gap\":\"\",\"slider_sets\":true,\"slider_width\":\"fixed\",\"slider_width_default\":\"1-1\",\"slider_width_large\":\"1-3\",\"slider_width_medium\":\"1-2\",\"slider_width_small\":\"3-5\",\"text_align\":\"center\",\"title_element\":\"h3\",\"title_hover_style\":\"reset\"},\"children\":[{\"type\":\"overlay-slider_item\",\"props\":{\"image\":\"wp-content\\\/uploads\\\/2020\\\/12\\\/boutique-le-travail-du-bois-dolivier-tourrettes-sur-loup-coupes-a-anses.jpg\",\"image_alt\":\"Vue de l'interieur de la boutique du Travail du Bois d'olivier \\u00e0 Tourrettes-sur-loup\"}},{\"type\":\"overlay-slider_item\",\"props\":{\"image\":\"wp-content\\\/uploads\\\/2020\\\/12\\\/saladier-fait-main-le-travail-du-bois-dolivier-tourrettes-sur-loup-coupes-a-anses.jpg\",\"image_alt\":\"Gros plan sur un saladier - interieur de la boutique du Travail du Bois d'olivier \\u00e0 Tourrettes-sur-loup\"}},{\"type\":\"overlay-slider_item\",\"props\":{\"image\":\"wp-content\\\/uploads\\\/2020\\\/12\\\/saladier-le-travail-du-bois-dolivier-tourrettes-sur-loup-coupes-a-anses.jpg\",\"image_alt\":\"Gros plan sur un saladier - interieur de la boutique du Travail du Bois d'olivier \\u00e0 Tourrettes-sur-loup\"}},{\"type\":\"overlay-slider_item\",\"props\":{\"image\":\"wp-content\\\/uploads\\\/2020\\\/12\\\/boutique-le-travail-du-bois-dolivier-tourrettes-sur-loup-dubosq-et-fils.jpg\",\"image_alt\":\"interieur de la boutique du Travail du Bois d'olivier \\u00e0 Tourrettes-sur-loup\"}},{\"type\":\"overlay-slider_item\",\"props\":{\"image\":\"wp-content\\\/uploads\\\/2021\\\/01\\\/boutique-le-travail-artisanal-du-bois-dolivier-tourrettes-sur-loup-vue-interieur-vases-saladiers.jpg\",\"image_alt\":\"Vases et saladier - interieur de la boutique du Travail du Bois d'olivier \\u00e0 Tourrettes-sur-loup\"}},{\"type\":\"overlay-slider_item\",\"props\":{\"image\":\"wp-content\\\/uploads\\\/2020\\\/12\\\/boutique-le-travail-artisanal-du-bois-dolivier-tourrettes-sur-loup-vue-interieur.jpg\",\"image_alt\":\"Vue interieure de la boutique du Travail du Bois d'olivier \\u00e0 Tourrettes-sur-loup\"}},{\"type\":\"overlay-slider_item\",\"props\":{\"image\":\"wp-content\\\/uploads\\\/2020\\\/12\\\/boutique-le-travail-du-bois-dolivier-tourrettes-sur-loup-saladiers.jpg\",\"image_alt\":\"Gros plan saladiers - Vue interieure de la boutique du Travail du Bois d'olivier \\u00e0 Tourrettes-sur-loup\"}},{\"type\":\"overlay-slider_item\",\"props\":{\"image\":\"wp-content\\\/uploads\\\/2021\\\/01\\\/boutique-le-travail-artisanal-du-bois-dolivier-tourrettes-sur-loup-vue-petite-boutique.jpg\",\"image_alt\":\"interieur de la petite boutique - Le Travail du Bois d'olivier \\u00e0 Tourrettes-sur-loup\"}},{\"type\":\"overlay-slider_item\",\"props\":{\"image\":\"wp-content\\\/uploads\\\/2021\\\/01\\\/boutique-le-travail-artisanal-du-bois-dolivier-tourrettes-sur-loup-vue-interieur-horloges.jpg\",\"image_alt\":\"Horloges en bois d'olivier - Interieur de la boutique du Travail du Bois d'olivier \\u00e0 Tourrettes-sur-loup\"}}]}]}]}],\"name\":\"Latest Post\"}],\"version\":\"4.5.9\"} --><\/p>\n","protected":false},"excerpt":{"rendered":"<p>Mes produits Des pi\u00e8ces uniques pour la table et la d\u00e9coration Je ne propose pas de vente en ligne ou par correspondance, mes produits sont exclusivement disponibles dans ma boutique de Tourrettes-sur-Loup. Trouver la boutique via Google Map Saladier irr\u00e9gulier Coupes \u00e0 fruits basses Plateau tournant sur roulement \u00e0 billes Saladiers &#038; Couverts Grande planche [&hellip;]<\/p>\n","protected":false},"author":1,"featured_media":0,"parent":0,"menu_order":0,"comment_status":"closed","ping_status":"closed","template":"","meta":{"footnotes":""},"class_list":["post-3198","page","type-page","status-publish","hentry"],"yoast_head":"<!-- This site is optimized with the Yoast SEO plugin v25.8 - https:\/\/yoast.com\/wordpress\/plugins\/seo\/ -->\n<title>Produits - Le Travail du Bois d&#039;Olivier<\/title>\n<meta name=\"robots\" content=\"index, follow, max-snippet:-1, max-image-preview:large, max-video-preview:-1\" \/>\n<link rel=\"canonical\" href=\"https:\/\/boisdolivier.fr\/fr\/saladiers-produits-artisanaux-bois-olivier\/\" \/>\n<meta property=\"og:locale\" content=\"fr_FR\" \/>\n<meta property=\"og:type\" content=\"article\" \/>\n<meta property=\"og:title\" content=\"Produits - Le Travail du Bois d&#039;Olivier\" \/>\n<meta property=\"og:description\" content=\"Mes produits Des pi\u00e8ces uniques pour la table et la d\u00e9coration Je ne propose pas de vente en ligne ou par correspondance, mes produits sont exclusivement disponibles dans ma boutique de Tourrettes-sur-Loup. Trouver la boutique via Google Map Saladier irr\u00e9gulier Coupes \u00e0 fruits basses Plateau tournant sur roulement \u00e0 billes Saladiers &#038; Couverts Grande planche [&hellip;]\" \/>\n<meta property=\"og:url\" content=\"https:\/\/boisdolivier.fr\/fr\/saladiers-produits-artisanaux-bois-olivier\/\" \/>\n<meta property=\"og:site_name\" content=\"Le Travail du Bois d&#039;Olivier\" \/>\n<meta property=\"article:modified_time\" content=\"2025-03-12T09:10:50+00:00\" \/>\n<meta name=\"twitter:card\" content=\"summary_large_image\" \/>\n<meta name=\"twitter:label1\" content=\"Dur\u00e9e de lecture estim\u00e9e\" \/>\n\t<meta name=\"twitter:data1\" content=\"2 minutes\" \/>\n<script type=\"application\/ld+json\" class=\"yoast-schema-graph\">{\"@context\":\"https:\/\/schema.org\",\"@graph\":[{\"@type\":\"WebPage\",\"@id\":\"https:\/\/boisdolivier.fr\/fr\/saladiers-produits-artisanaux-bois-olivier\/\",\"url\":\"https:\/\/boisdolivier.fr\/fr\/saladiers-produits-artisanaux-bois-olivier\/\",\"name\":\"Produits - Le Travail du Bois d'Olivier\",\"isPartOf\":{\"@id\":\"https:\/\/boisdolivier.fr\/de\/#website\"},\"datePublished\":\"2021-03-31T11:26:56+00:00\",\"dateModified\":\"2025-03-12T09:10:50+00:00\",\"breadcrumb\":{\"@id\":\"https:\/\/boisdolivier.fr\/fr\/saladiers-produits-artisanaux-bois-olivier\/#breadcrumb\"},\"inLanguage\":\"fr-FR\",\"potentialAction\":[{\"@type\":\"ReadAction\",\"target\":[\"https:\/\/boisdolivier.fr\/fr\/saladiers-produits-artisanaux-bois-olivier\/\"]}]},{\"@type\":\"BreadcrumbList\",\"@id\":\"https:\/\/boisdolivier.fr\/fr\/saladiers-produits-artisanaux-bois-olivier\/#breadcrumb\",\"itemListElement\":[{\"@type\":\"ListItem\",\"position\":1,\"name\":\"Accueil\",\"item\":\"https:\/\/boisdolivier.fr\/fr\/\"},{\"@type\":\"ListItem\",\"position\":2,\"name\":\"Nos produits\"}]},{\"@type\":\"WebSite\",\"@id\":\"https:\/\/boisdolivier.fr\/de\/#website\",\"url\":\"https:\/\/boisdolivier.fr\/de\/\",\"name\":\"Le Travail du Bois d&#039;Olivier\",\"description\":\"Le travail artisanal du bois d&#039;olivier - Dubosq &amp; Fils\",\"potentialAction\":[{\"@type\":\"SearchAction\",\"target\":{\"@type\":\"EntryPoint\",\"urlTemplate\":\"https:\/\/boisdolivier.fr\/de\/?s={search_term_string}\"},\"query-input\":{\"@type\":\"PropertyValueSpecification\",\"valueRequired\":true,\"valueName\":\"search_term_string\"}}],\"inLanguage\":\"fr-FR\"}]}<\/script>\n<!-- \/ Yoast SEO plugin. -->","yoast_head_json":{"title":"Produits - Le Travail du Bois d'Olivier","robots":{"index":"index","follow":"follow","max-snippet":"max-snippet:-1","max-image-preview":"max-image-preview:large","max-video-preview":"max-video-preview:-1"},"canonical":"https:\/\/boisdolivier.fr\/fr\/saladiers-produits-artisanaux-bois-olivier\/","og_locale":"fr_FR","og_type":"article","og_title":"Produits - Le Travail du Bois d'Olivier","og_description":"Mes produits Des pi\u00e8ces uniques pour la table et la d\u00e9coration Je ne propose pas de vente en ligne ou par correspondance, mes produits sont exclusivement disponibles dans ma boutique de Tourrettes-sur-Loup. Trouver la boutique via Google Map Saladier irr\u00e9gulier Coupes \u00e0 fruits basses Plateau tournant sur roulement \u00e0 billes Saladiers &#038; Couverts Grande planche [&hellip;]","og_url":"https:\/\/boisdolivier.fr\/fr\/saladiers-produits-artisanaux-bois-olivier\/","og_site_name":"Le Travail du Bois d&#039;Olivier","article_modified_time":"2025-03-12T09:10:50+00:00","twitter_card":"summary_large_image","twitter_misc":{"Dur\u00e9e de lecture estim\u00e9e":"2 minutes"},"schema":{"@context":"https:\/\/schema.org","@graph":[{"@type":"WebPage","@id":"https:\/\/boisdolivier.fr\/fr\/saladiers-produits-artisanaux-bois-olivier\/","url":"https:\/\/boisdolivier.fr\/fr\/saladiers-produits-artisanaux-bois-olivier\/","name":"Produits - Le Travail du Bois d'Olivier","isPartOf":{"@id":"https:\/\/boisdolivier.fr\/de\/#website"},"datePublished":"2021-03-31T11:26:56+00:00","dateModified":"2025-03-12T09:10:50+00:00","breadcrumb":{"@id":"https:\/\/boisdolivier.fr\/fr\/saladiers-produits-artisanaux-bois-olivier\/#breadcrumb"},"inLanguage":"fr-FR","potentialAction":[{"@type":"ReadAction","target":["https:\/\/boisdolivier.fr\/fr\/saladiers-produits-artisanaux-bois-olivier\/"]}]},{"@type":"BreadcrumbList","@id":"https:\/\/boisdolivier.fr\/fr\/saladiers-produits-artisanaux-bois-olivier\/#breadcrumb","itemListElement":[{"@type":"ListItem","position":1,"name":"Accueil","item":"https:\/\/boisdolivier.fr\/fr\/"},{"@type":"ListItem","position":2,"name":"Nos produits"}]},{"@type":"WebSite","@id":"https:\/\/boisdolivier.fr\/de\/#website","url":"https:\/\/boisdolivier.fr\/de\/","name":"Le Travail du Bois d&#039;Olivier","description":"Le travail artisanal du bois d&#039;olivier - Dubosq &amp; Fils","potentialAction":[{"@type":"SearchAction","target":{"@type":"EntryPoint","urlTemplate":"https:\/\/boisdolivier.fr\/de\/?s={search_term_string}"},"query-input":{"@type":"PropertyValueSpecification","valueRequired":true,"valueName":"search_term_string"}}],"inLanguage":"fr-FR"}]}},"_links":{"self":[{"href":"https:\/\/boisdolivier.fr\/fr\/wp-json\/wp\/v2\/pages\/3198","targetHints":{"allow":["GET"]}}],"collection":[{"href":"https:\/\/boisdolivier.fr\/fr\/wp-json\/wp\/v2\/pages"}],"about":[{"href":"https:\/\/boisdolivier.fr\/fr\/wp-json\/wp\/v2\/types\/page"}],"author":[{"embeddable":true,"href":"https:\/\/boisdolivier.fr\/fr\/wp-json\/wp\/v2\/users\/1"}],"replies":[{"embeddable":true,"href":"https:\/\/boisdolivier.fr\/fr\/wp-json\/wp\/v2\/comments?post=3198"}],"version-history":[{"count":16,"href":"https:\/\/boisdolivier.fr\/fr\/wp-json\/wp\/v2\/pages\/3198\/revisions"}],"predecessor-version":[{"id":4387,"href":"https:\/\/boisdolivier.fr\/fr\/wp-json\/wp\/v2\/pages\/3198\/revisions\/4387"}],"wp:attachment":[{"href":"https:\/\/boisdolivier.fr\/fr\/wp-json\/wp\/v2\/media?parent=3198"}],"curies":[{"name":"wp","href":"https:\/\/api.w.org\/{rel}","templated":true}]}}