{"id":4136,"date":"2020-11-09T11:44:11","date_gmt":"2020-11-09T10:44:11","guid":{"rendered":"https:\/\/boisdolivier.fr\/savoir-faire-travail-bois-olivier\/"},"modified":"2021-10-27T10:21:25","modified_gmt":"2021-10-27T08:21:25","slug":"kunstdrechslerei-olivenholz-drechsler","status":"publish","type":"page","link":"https:\/\/boisdolivier.fr\/de\/kunstdrechslerei-olivenholz-drechsler\/","title":{"rendered":"Die Kunst des Drechselns"},"content":{"rendered":"<p><img decoding=\"async\" src=\"\/wp-content\/uploads\/2020\/11\/icone-arbre-le-travail-du-bois-dolivier-blc.svg\" alt=\"Icone arbre\"><\/p>\n<h1>Kunstdrechslerei seit 1958<\/h1>\n<div>\u201eHandgefertigte Objekte entstehen im Kopf.\u201c<\/div>\n<p><a href=\"#next1\">[arrow-down]<\/a><br \/>\n<img decoding=\"async\" src=\"\/wp-content\/uploads\/2020\/11\/icone-arbre-le-travail-du-bois-dolivier-blc.svg\" alt=\"icone arbre\"><\/p>\n<h1>KUNSTDRECHSLEREI SEIT 1958<\/h1>\n<div>\u201eHandgefertigte Objekte entstehen im Kopf.\u201c<\/div>\n<p><a href=\"#next1\">[arrow-down]<\/a><br \/>\n<img decoding=\"async\" src=\"\/wp-content\/uploads\/2020\/11\/icone-arbre-le-travail-du-bois-dolivier-blc.svg\" alt=\"icone arbre\"><\/p>\n<h1>Kunstdrechslerei seit 1958<\/h1>\n<div>\n<span class=\"uk-text-meta\">\u201eHandgefertigte Objekte entstehen im Kopf.\u201c<\/span><\/div>\n<p>[arrow-down]<\/p>\n<div>\n<p>        <img decoding=\"async\" src=\"\/wp-content\/uploads\/2020\/11\/icone-arbre-le-travail-du-bois-dolivier.svg\" alt=\"Icone le travail du Bois d'Olivier Dubosq &#038; Fils\"><\/p>\n<div>\n<span class=\"uk-text-lead\">Olivenholz ist aufgrund seiner H\u00e4rte und des Wechseldrehwuchses extrem schwer zu verarbeiten und das Wachstum eines Olivenbaums ist schwierig einzusch\u00e4tzen.<\/span><\/p>\n<p>W\u00e4hrend andere B\u00e4ume wie Pinien oder sogar Eichen relativ schnell wachsen, braucht der Olivenbaum viele Jahre, um sich zu entfalten.<\/p>\n<p>Darum ist meine gesamte Arbeit darauf ausgerichtet, dieses edle Grundmaterial sparsam einzusetzen. Nach dem Brand des Athener Tempels hatten die Griechen den Olivenbaum wegen der Spr\u00f6sslinge f\u00fcr unsterblich erkl\u00e4rt; er soll unsterblich bleiben.<\/p>\n<p><a href=\"#next2\" uk-scroll=\"\" class=\"uk-icon-button uk-margin-small-right\" uk-icon=\"arrow-down\"><\/a><\/p>\n<\/div>\n<\/div>\n<p><img decoding=\"async\" src=\"\/wp-content\/uploads\/2020\/11\/plache-bois-dolivier-travail-artisanal-dubosq-et-fils.jpg\" alt=\"Gros plan sur les veines du Bois d'olivier - Le travail artisanal du Bois d'olivier - Dubosq et fils\"><\/p>\n<div>\n<p>        <img decoding=\"async\" src=\"\/wp-content\/uploads\/2020\/11\/icone-arbre-le-travail-du-bois-dolivier.svg\" alt=\"Icone le travail du Bois d'Olivier Dubosq &#038; Fils\"><\/p>\n<div>\n<span class=\"uk-text-lead\">Olivenholz ist aufgrund seiner H\u00e4rte und des Wechseldrehwuchses extrem schwer zu verarbeiten und das Wachstum eines Olivenbaums ist schwierig einzusch\u00e4tzen.<\/span><\/p>\n<p>W\u00e4hrend andere B\u00e4ume wie Pinien oder sogar Eichen relativ schnell wachsen, braucht der Olivenbaum viele Jahre, um sich zu entfalten.<\/p>\n<p>Darum ist meine gesamte Arbeit darauf ausgerichtet, dieses edle Grundmaterial sparsam einzusetzen. Nach dem Brand des Athener Tempels hatten die Griechen den Olivenbaum wegen der Spr\u00f6sslinge f\u00fcr unsterblich erkl\u00e4rt; er soll unsterblich bleiben.<\/p>\n<\/div>\n<\/div>\n<div>\n<div>\n<p>\nZun\u00e4chst gilt es, den richtigen Baum zu finden. Nicht alle Olivenb\u00e4ume liefern Holz, das sich zum Drechseln eignet.<\/p>\n<p>\nIch reise in verschiedene L\u00e4nder \u2013 Frankreich, Spanien, Italien und manchmal auch weiter \u2013 und sammle dort Zweige, St\u00fcmpfe und St\u00e4mme, die sogenannten \u201eGrumes d\u2018Olivier\u201c. Es h\u00e4ngt tats\u00e4chlich vom Wetter ab, wo ich f\u00fcndig werde, Frostsch\u00e4den beispielsweise beeinflussen die Suche.<\/p>\n<p><a href=\"#next3\" uk-scroll=\"\" class=\"uk-icon-button uk-margin-small-right\" uk-icon=\"arrow-down\"><\/a><\/div>\n<\/div>\n<p><img decoding=\"async\" src=\"\/wp-content\/uploads\/2020\/12\/le-savoir-faire-travail-du-bois-dolivier-decoupe-tronc-choix-bois.jpg\" alt=\"Vue de la scierie - Troncs d'oliviers bruts - Le travail artisanal du Bois d'olivier\"><\/p>\n<div>\n<div>\n<p>\nZun\u00e4chst gilt es, den richtigen Baum zu finden. Nicht alle Olivenb\u00e4ume liefern Holz, das sich zum Drechseln eignet.<\/p>\n<p>\nIch reise in verschiedene L\u00e4nder \u2013 Frankreich, Spanien, Italien und manchmal auch weiter \u2013 und sammle dort Zweige, St\u00fcmpfe und St\u00e4mme, die sogenannten \u201eGrumes d\u2018Olivier\u201c. Es h\u00e4ngt tats\u00e4chlich vom Wetter ab, wo ich f\u00fcndig werde, Frostsch\u00e4den beispielsweise beeinflussen die Suche.<\/p>\n<\/div>\n<\/div>\n<div>\n<div>\n<p>\nDie Rundh\u00f6lzer mit Borke werden daraufhin rasch in Bretter oder Kl\u00f6tze zers\u00e4gt, je nachdem welche Gegenst\u00e4nde ich herstellen m\u00f6chte.<\/p>\n<p>\nDie Bretter werden dann 8 bis 10 Jahre lang liegend im Freien gelagert. Erst danach k\u00f6nnen sie zu Gegenst\u00e4nden verarbeitet werden.<\/p>\n<p>Nur Salatsch\u00fcsseln und Schalen werden gleich aus dem Gr\u00fcnholz gedrechselt und dann 3 Jahre lang in einem einzigartigen Verfahren getrocknet. Das franz\u00f6sische Wirtschafts- und Finanzministerium hat dieses Verfahren mit dem Siegel f\u00fcr lebendiges Kulturerbe (Entreprise du Patrimoine Vivant) ausgezeichnet.<\/p>\n<p><a href=\"#next4\" uk-scroll=\"\" class=\"uk-icon-button uk-margin-small-right\" uk-icon=\"arrow-down\"><\/a><\/div>\n<\/div>\n<p><img decoding=\"async\" src=\"\/wp-content\/uploads\/2020\/11\/travail-artisanal-bois-dolivier-saladier-fait-main-dubosq-et-fils.jpg\" alt=\" Guillaume Dubosq d\u00e9coupe un saladier - Le travail artisanal du Bois d'olivier\"><\/p>\n<div>\n<div>\n<p>\nDie Rundh\u00f6lzer mit Borke werden daraufhin rasch in Bretter oder Kl\u00f6tze zers\u00e4gt, je nachdem welche Gegenst\u00e4nde ich herstellen m\u00f6chte.<\/p>\n<p>\nDie Bretter werden dann 8 bis 10 Jahre lang liegend im Freien gelagert. Erst danach k\u00f6nnen sie zu Gegenst\u00e4nden verarbeitet werden.<\/p>\n<p>Nur Salatsch\u00fcsseln und Schalen werden gleich aus dem Gr\u00fcnholz gedrechselt und dann 3 Jahre lang in einem einzigartigen Verfahren getrocknet. Das franz\u00f6sische Wirtschafts- und Finanzministerium hat dieses Verfahren mit dem Siegel f\u00fcr lebendiges Kulturerbe (Entreprise du Patrimoine Vivant) ausgezeichnet.<\/p>\n<\/div>\n<\/div>\n<div>\n<div>\n<p>\nIch beginne in der Regel mit den gr\u00f6\u00dferen Objekten, die besonders gutes Holz verlangen, den Salatsch\u00fcsseln beispielsweise.<\/p>\n<p>Dann mache ich mit den Resten weiter, aus denen ich verschiedene Gegenst\u00e4nde herausarbeite, bis nur noch ganz kleine Teile \u00fcbrig sind. Diese nutze ich, um Spalte oder fehlerhafte Stellen zu schlie\u00dfen.<\/p>\n<p><a href=\"#next-videos\" uk-scroll=\"\" class=\"uk-icon-button uk-margin-small-right\" uk-icon=\"arrow-down\"><\/a> <\/div>\n<\/div>\n<p><img decoding=\"async\" src=\"\/wp-content\/uploads\/2020\/12\/travail-artisanal-bois-dolivier-saladier-fait-main-decoupe-dubosq-et-fils.jpg\" alt=\"D\u00e9coupedu bois d'olivier -  Le travail artisanal du Bois d'olivier\"><\/p>\n<div>\n<div>\n<p>\nIch beginne in der Regel mit den gr\u00f6\u00dferen Objekten, die besonders gutes Holz verlangen, den Salatsch\u00fcsseln beispielsweise.<\/p>\n<p>Dann mache ich mit den Resten weiter, aus denen ich verschiedene Gegenst\u00e4nde herausarbeite, bis nur noch ganz kleine Teile \u00fcbrig sind. Diese nutze ich, um Spalte oder fehlerhafte Stellen zu schlie\u00dfen.<\/p>\n<\/div>\n<\/div>\n<p><img decoding=\"async\" src=\"\/wp-content\/uploads\/2020\/11\/icone-arbre-le-travail-du-bois-dolivier.svg\" alt=\"icone arbre\"><\/p>\n<div>Die Kunst des Drechselns <\/div>\n<div>Videos<\/div>\n<hr>\n<ul>\n<li>\n<p>        <img decoding=\"async\" src=\"\/wp-content\/uploads\/2021\/01\/apercu-fabrication-dun-saladier-bois-dolivier.jpg\" alt=\"Aper\u00e7u de la vid\u00e9o Fabrication d'un saladier Travail du Bois d'olivier \"><\/p>\n<h3>Die Herstellung einer Salatsch\u00fcssel aus Olivenholz Schritt f\u00fcr Schritt<\/h3>\n<p>6:47 min<\/p>\n<p><a href=\"https:\/\/www.youtube.com\/watch?v=p4A-4LheLx8?autoplay=1\"><\/a><\/p>\n<\/li>\n<li>\n<p>        <img decoding=\"async\" src=\"\/wp-content\/uploads\/2021\/01\/apercu-fabrication-dune-pince.jpg\" alt=\"Aper\u00e7u de la vid\u00e9o Fabrication d'un pine - Le travail du bois d'olivier Dubosq &#038; fils\"><\/p>\n<h3>Herstellung einer Zange aus Olivenholz<\/h3>\n<p>1:07 min<\/p>\n<p><a href=\"https:\/\/www.youtube.com\/watch?v=623xw6edDX0?autoplay=1\"><\/a><\/p>\n<\/li>\n<\/ul>\n<div>\n<div>\n<p>\nDie derart im Laufe des Drechselns angeh\u00e4uften Sp\u00e4ne sorgten vor einigen Jahren f\u00fcr beachtlichen Platzmangel, aber ich habe das Problem mit der Installation eines Hackschnitzelkessels gel\u00f6st. So heize ich den ganzen Winter \u00fcber aus Eigenversorgung.<\/p>\n<p><a href=\"#next6\" uk-scroll=\"\" class=\"uk-icon-button uk-margin-small-right\" uk-icon=\"arrow-down\"><\/a><\/div>\n<\/div>\n<p><img decoding=\"async\" src=\"\/wp-content\/uploads\/2020\/11\/le-travail-artisanal-du-bois-dolivier-dubosq-et-fils.jpg\" alt=\"d\u00e9coupe du bois d'olivier - Le travail artisanal du Bois d'olivier\"><\/p>\n<div>\n<div>\n<p>\nDie derart im Laufe des Drechselns angeh\u00e4uften Sp\u00e4ne sorgten vor einigen Jahren f\u00fcr beachtlichen Platzmangel, aber ich habe das Problem mit der Installation eines Hackschnitzelkessels gel\u00f6st. So heize ich den ganzen Winter \u00fcber aus Eigenversorgung.<\/p>\n<\/div>\n<\/div>\n<div>\n<div>\n<p>\nF\u00fcr die Verarbeitung von Olivenholz ben\u00f6tigt man die in Tischler- und Schreinerwerkst\u00e4tten \u00fcbliche Ausr\u00fcstung: Bands\u00e4ge, Abrichte, Hobelmaschine, Stemmeisen, Bandschleifmaschine etc.\n<\/p>\n<p>Viele Arbeiten erfordern dar\u00fcber hinaus spezielles Werkzeug f\u00fcr Olivenholz. Diese Werkzeuge und Maschinen m\u00fcssen in Eigenfabrikation angefertigt werden, da die Anforderungen nicht denen anderer Holzhandwerke entsprechen.<\/p>\n<p>So setze ich zum Beispiel verschiedene g\u00e4ngige Maschinen ein, aber sie m\u00fcssen allesamt auf die Winkel zugeschliffen werden, die ich gemeinsam mit meinem Vater ausgearbeitet habe.<br \/>\nDie Drehzahlen sind f\u00fcr effizientes Drechseln optimiert und daf\u00fcr ausgelegt, die Qualit\u00e4t meiner Arbeit zu steigern.<\/p>\n<p><a href=\"#next7\" uk-scroll=\"\" class=\"uk-icon-button uk-margin-small-right\" uk-icon=\"arrow-down\"><\/a> <\/p>\n<\/div>\n<\/div>\n<p><img decoding=\"async\" src=\"\/wp-content\/uploads\/2020\/11\/guillaume-dubosq-atelier-travail-artisanal-bois-dolivier.jpg\" alt=\"Guillaume Dubosq dans son atelier - Le travail artisanal du Bois d'olivier\"><\/p>\n<div>\n<div>\n<p>\nF\u00fcr die Verarbeitung von Olivenholz ben\u00f6tigt man die in Tischler- und Schreinerwerkst\u00e4tten \u00fcbliche Ausr\u00fcstung: Bands\u00e4ge, Abrichte, Hobelmaschine, Stemmeisen, Bandschleifmaschine etc.\n<\/p>\n<p>Viele Arbeiten erfordern dar\u00fcber hinaus spezielles Werkzeug f\u00fcr Olivenholz. Diese Werkzeuge und Maschinen m\u00fcssen in Eigenfabrikation angefertigt werden, da die Anforderungen nicht denen anderer Holzhandwerke entsprechen.<\/p>\n<p>So setze ich zum Beispiel verschiedene g\u00e4ngige Maschinen ein, aber sie m\u00fcssen allesamt auf die Winkel zugeschliffen werden, die ich gemeinsam mit meinem Vater ausgearbeitet habe.<br \/>\nDie Drehzahlen sind f\u00fcr effizientes Drechseln optimiert und daf\u00fcr ausgelegt, die Qualit\u00e4t meiner Arbeit zu steigern.<\/p>\n<\/div>\n<\/div>\n<div>\n<div>\n<p>Es versteht sich von selbst, dass die Maschine nicht die Hand des Menschen ersetzt.<\/p>\n<p>Ich nehme f\u00fcr zahlreiche Arbeitsschritte Hohleisen, Dechsel, Handbeil und Pinsel zur Hand. So erh\u00e4lt meine Arbeit den besonderen Schliff. Mein fachm\u00e4nnischer Blick ist ebenfalls unerl\u00e4sslich. Ich muss das Material genau betrachten und in die Hand nehmen, bevor ich entscheide, welche Form ich dem jeweiligen Holzst\u00fcck gebe.<\/p>\n<p>Oder wie mein Vater zu sagen pflegte :<br \/>\n<span class=\"uk-text-lead\">\u201eHandgefertigte Objekte entstehen im Kopf.\u201c<\/span>\n<\/p>\n<\/div>\n<\/div>\n<p><img decoding=\"async\" src=\"\/wp-content\/uploads\/2020\/11\/le-travail-artisanal-du-bois-dolivier-pieces-uniques-dubosq-et-fils.jpg\" alt=\"Guillaume Dubosq d\u00e9coupe une planchette - Le travail artisanal du Bois d'olivier\"><\/p>\n<div>\n<div>\n<p>Es versteht sich von selbst, dass die Maschine nicht die Hand des Menschen ersetzt.<\/p>\n<p>Ich nehme f\u00fcr zahlreiche Arbeitsschritte Hohleisen, Dechsel, Handbeil und Pinsel zur Hand. So erh\u00e4lt meine Arbeit den besonderen Schliff. Mein fachm\u00e4nnischer Blick ist ebenfalls unerl\u00e4sslich. Ich muss das Material genau betrachten und in die Hand nehmen, bevor ich entscheide, welche Form ich dem jeweiligen Holzst\u00fcck gebe.<\/p>\n<p>Oder wie mein Vater zu sagen pflegte :<br \/>\n<span class=\"uk-text-lead\">\u201eHandgefertigte Objekte entstehen im Kopf.\u201c<\/span>\n<\/p>\n<\/div>\n<\/div>\n<p><!--more--><br \/>\n<!-- {\"type\":\"layout\",\"children\":[{\"name\":\"*** Large desktop \\\/ Le savoir faire\",\"type\":\"section\",\"props\":{\"style\":\"default\",\"width\":\"large\",\"image_position\":\"center-center\",\"image\":\"\",\"image_size\":\"cover\",\"image_fixed\":true,\"css\":\"\\n@media screen and (max-width: 1360px) \\n{\\n    .el-section { display: none;}\\n}\",\"vertical_align\":\"middle\",\"title_position\":\"top-left\",\"title_rotation\":\"left\",\"title_breakpoint\":\"xl\",\"image_width\":\"1920\",\"image_effect\":\"fixed\",\"padding\":\"xlarge\",\"video\":\"https:\\\/\\\/www.youtube.com\\\/watch?v=EQmiWYLo--s\",\"media_overlay\":\"rgba(0, 0, 0, 0)\",\"overlap\":false,\"animation\":\"slide-bottom-medium\",\"animation_delay\":\"200\",\"header_transparent\":\"light\",\"padding_remove_bottom\":false,\"height\":\"full\",\"video_width\":\"2500\"},\"children\":[{\"name\":\"\",\"type\":\"row\",\"children\":[{\"name\":\"\",\"type\":\"column\",\"props\":{\"image_position\":\"center-center\",\"media_overlay_gradient\":\"\",\"width_medium\":\"1-1\",\"vertical_align\":\"middle\"},\"children\":[{\"type\":\"image\",\"props\":{\"margin\":\"default\",\"image_svg_color\":\"primary\",\"image\":\"wp-content\\\/uploads\\\/2020\\\/11\\\/icone-arbre-le-travail-du-bois-dolivier-blc.svg\",\"image_width\":\"80\",\"image_svg_inline\":false,\"text_align\":\"center\",\"margin_remove_top\":true,\"margin_remove_bottom\":true,\"animation\":\"slide-top-medium\",\"image_alt\":\"Icone arbre\"}},{\"type\":\"headline\",\"props\":{\"title_element\":\"h1\",\"title_style\":\"h3\",\"content\":\"Kunstdrechslerei seit 1958\",\"title_font_family\":\"secondary\",\"text_align\":\"center\",\"margin_remove_top\":false,\"animation\":\"slide-bottom-small\",\"margin_remove_bottom\":true,\"margin\":\"small\",\"css\":\".el-element { color: white;}\"}},{\"type\":\"text\",\"props\":{\"margin\":\"default\",\"column_breakpoint\":\"m\",\"content\":\"\\u201eHandgefertigte Objekte entstehen im Kopf.\\u201c\",\"text_style\":\"lead\",\"text_align\":\"center\",\"css\":\".el-element { color: white;}\",\"margin_remove_top\":true}}]}],\"props\":{\"margin\":\"default\"}},{\"type\":\"row\",\"children\":[{\"type\":\"column\",\"props\":{\"image_position\":\"center-center\",\"media_overlay_gradient\":\"\"},\"children\":[{\"type\":\"icon\",\"props\":{\"icon_width\":\"40\",\"margin\":\"default\",\"icon\":\"arrow-down\",\"css\":\".el-element a { color: white;}\",\"text_align\":\"center\",\"link\":\"#next1\",\"animation\":\"parallax\",\"parallax_y_end\":\"450\",\"parallax_opacity_end\":\"0\"}}]}]}]},{\"name\":\"*** Medium desktop \\\/ Le savoir faire\",\"type\":\"section\",\"props\":{\"style\":\"default\",\"width\":\"large\",\"image_position\":\"center-center\",\"image\":\"\",\"image_size\":\"cover\",\"image_fixed\":true,\"css\":\"@media screen and (min-width: 1360px) \\n{\\n    .el-section { display: none;}\\n}\\n\\n@media screen and (max-width: 959px) \\n{\\n    .el-section { display: none;}\\n}\",\"vertical_align\":\"middle\",\"title_position\":\"top-left\",\"title_rotation\":\"left\",\"title_breakpoint\":\"xl\",\"image_width\":\"1920\",\"image_effect\":\"fixed\",\"padding\":\"xlarge\",\"video\":\"https:\\\/\\\/www.youtube.com\\\/watch?v=EQmiWYLo--s\",\"media_overlay\":\"rgba(0, 0, 0, 0.31)\",\"overlap\":false,\"animation\":\"slide-bottom-medium\",\"animation_delay\":\"200\",\"height\":\"full\"},\"children\":[{\"name\":\"\",\"type\":\"row\",\"children\":[{\"name\":\"\",\"type\":\"column\",\"props\":{\"image_position\":\"center-center\",\"media_overlay_gradient\":\"\",\"width_medium\":\"1-1\",\"vertical_align\":\"middle\"},\"children\":[{\"type\":\"image\",\"props\":{\"margin\":\"default\",\"image_svg_color\":\"primary\",\"image\":\"wp-content\\\/uploads\\\/2020\\\/11\\\/icone-arbre-le-travail-du-bois-dolivier-blc.svg\",\"image_width\":\"80\",\"image_svg_inline\":false,\"text_align\":\"center\",\"margin_remove_top\":true,\"margin_remove_bottom\":true,\"animation\":\"slide-top-medium\",\"image_alt\":\"icone arbre\"}},{\"type\":\"headline\",\"props\":{\"title_element\":\"h1\",\"title_style\":\"h4\",\"content\":\"KUNSTDRECHSLEREI SEIT 1958\",\"title_font_family\":\"default\",\"text_align\":\"center\",\"margin_remove_top\":false,\"animation\":\"slide-bottom-small\",\"margin_remove_bottom\":true,\"margin\":\"small\",\"css\":\".el-element { color: white;}\"}},{\"type\":\"text\",\"props\":{\"margin\":\"default\",\"column_breakpoint\":\"m\",\"content\":\"\\u201eHandgefertigte Objekte entstehen im Kopf.\\u201c\",\"text_style\":\"lead\",\"text_align\":\"center\",\"css\":\".el-element { color: white;}\",\"margin_remove_top\":true}},{\"type\":\"icon\",\"props\":{\"icon_width\":\"50\",\"margin\":\"default\",\"icon\":\"arrow-down\",\"css\":\".el-element a { color: white;}\",\"text_align\":\"center\",\"link\":\"#next1\",\"animation\":\"parallax\",\"parallax_y_end\":\"590\"}}]}],\"props\":{\"margin\":\"default\"}}]},{\"name\":\"*** Mobile \\\/ Le savoir faire\",\"type\":\"section\",\"props\":{\"style\":\"default\",\"width\":\"large\",\"image_position\":\"center-center\",\"image\":\"\",\"image_size\":\"cover\",\"image_fixed\":true,\"css\":\"@media screen and (min-width: 960px) \\n{\\n    .el-section { display: none;}\\n}\",\"vertical_align\":\"middle\",\"title_position\":\"top-left\",\"title_rotation\":\"left\",\"title_breakpoint\":\"xl\",\"image_width\":\"1920\",\"image_effect\":\"fixed\",\"padding\":\"xlarge\",\"video\":\"https:\\\/\\\/www.youtube.com\\\/watch?v=EQmiWYLo--s\",\"media_overlay\":\"rgba(0, 0, 0, 0.31)\",\"overlap\":false,\"animation\":\"slide-bottom-medium\",\"animation_delay\":\"200\",\"height\":\"full\"},\"children\":[{\"name\":\"\",\"type\":\"row\",\"children\":[{\"name\":\"\",\"type\":\"column\",\"props\":{\"image_position\":\"center-center\",\"media_overlay_gradient\":\"\",\"width_medium\":\"1-1\",\"vertical_align\":\"middle\"},\"children\":[{\"type\":\"image\",\"props\":{\"margin\":\"default\",\"image_svg_color\":\"primary\",\"image\":\"wp-content\\\/uploads\\\/2020\\\/11\\\/icone-arbre-le-travail-du-bois-dolivier-blc.svg\",\"image_width\":\"80\",\"image_svg_inline\":false,\"text_align\":\"center\",\"margin_remove_top\":true,\"margin_remove_bottom\":true,\"animation\":\"slide-top-medium\",\"image_alt\":\"icone arbre\"}},{\"type\":\"headline\",\"props\":{\"title_element\":\"h1\",\"title_style\":\"h4\",\"content\":\"Kunstdrechslerei seit 1958\",\"title_font_family\":\"secondary\",\"text_align\":\"center\",\"margin_remove_top\":false,\"animation\":\"slide-bottom-small\",\"margin_remove_bottom\":true,\"margin\":\"small\",\"css\":\".el-element { color: white;}\"}},{\"type\":\"headline\",\"props\":{\"title_element\":\"div\",\"title_style\":\"h2\",\"content\":\"\\n<span class=\\\"uk-text-meta\\\">\\u201eHandgefertigte Objekte entstehen im Kopf.\\u201c<\\\/span>\",\"title_font_family\":\"secondary\",\"css\":\".el-element { color: white; font-size: 29px; font-weight: 400;}\\n.uk-text-meta { color: white; font-size: 22px; line-height: 15px;}\",\"text_align\":\"center\",\"margin_remove_top\":true,\"animation\":\"slide-bottom-small\"}},{\"type\":\"icon\",\"props\":{\"icon_width\":\"50\",\"margin\":\"default\",\"icon\":\"arrow-down\",\"css\":\".el-element { color: white;}\",\"text_align\":\"center\",\"link\":\"\",\"animation\":\"parallax\",\"parallax_y_end\":\"480\"}}]}],\"props\":{\"margin\":\"default\"}}]},{\"type\":\"section\",\"props\":{\"style\":\"default\",\"width\":\"default\",\"vertical_align\":\"middle\",\"title_position\":\"top-left\",\"title_rotation\":\"left\",\"title_breakpoint\":\"xl\",\"image_position\":\"top-right\",\"image\":\"wp-content\\\/uploads\\\/2020\\\/11\\\/plache-bois-dolivier-travail-artisanal-dubosq-et-fils.jpg\",\"height\":\"full\",\"image_size\":\"cover\",\"padding_remove_top\":false,\"padding_remove_horizontal\":true,\"overlap\":false,\"image_effect\":\"fixed\",\"id\":\"next1\",\"width_expand\":\"left\",\"animation\":\"slide-left\",\"animation_delay\":\"200\",\"class\":\"\",\"css\":\"@media screen and (max-width: 460px) \\n{\\n    .el-section { display: none;}\\n}\"},\"children\":[{\"type\":\"row\",\"props\":{\"layout\":\"2-5,3-5\"},\"children\":[{\"type\":\"column\",\"props\":{\"image_position\":\"center-center\",\"media_overlay_gradient\":\"\",\"width_medium\":\"2-5\",\"width_small\":\"2-3\",\"width_default\":\"1-2\"},\"children\":[{\"type\":\"panel\",\"props\":{\"link_text\":\"suite\",\"title_hover_style\":\"reset\",\"title_element\":\"h3\",\"title_align\":\"top\",\"title_grid_width\":\"1-2\",\"title_grid_breakpoint\":\"m\",\"meta_style\":\"meta\",\"meta_align\":\"below-title\",\"meta_element\":\"div\",\"content_column_breakpoint\":\"m\",\"icon_width\":\"30\",\"image_align\":\"top\",\"image_grid_width\":\"1-2\",\"image_grid_breakpoint\":\"m\",\"image_svg_color\":\"primary\",\"link_style\":\"\",\"margin\":\"default\",\"content\":\"\\n<span class=\\\"uk-text-lead\\\">Olivenholz ist aufgrund seiner H\\u00e4rte und des Wechseldrehwuchses extrem schwer zu verarbeiten und das Wachstum eines Olivenbaums ist schwierig einzusch\\u00e4tzen.<\\\/span>\\n\\n\\n\n\n<p>W\\u00e4hrend andere B\\u00e4ume wie Pinien oder sogar Eichen relativ schnell wachsen, braucht der Olivenbaum viele Jahre, um sich zu entfalten.<\\\/p>\\n\n\n<p>Darum ist meine gesamte Arbeit darauf ausgerichtet, dieses edle Grundmaterial sparsam einzusetzen. Nach dem Brand des Athener Tempels hatten die Griechen den Olivenbaum wegen der Spr\\u00f6sslinge f\\u00fcr unsterblich erkl\\u00e4rt; er soll unsterblich bleiben.<\\\/p>\\n\\n\\n<a href=\\\"#next2\\\" uk-scroll=\\\"\\\" class=\\\"uk-icon-button uk-margin-small-right\\\" uk-icon=\\\"arrow-down\\\"><\\\/a>\\n\\n\\n\\n\",\"panel_style\":\"card-default\",\"link\":\"\",\"icon\":\"\",\"image_margin\":\"remove\",\"title\":\"\",\"css\":\".uk-text-lead { font-size: 20px;}\\n\\n.el-element { background-color: rgba(255,255,255, 0.88);}\",\"title_style\":\"h4\",\"image\":\"wp-content\\\/uploads\\\/2020\\\/11\\\/icone-arbre-le-travail-du-bois-dolivier.svg\",\"image_width\":\"70\",\"image_alt\":\"Icone le travail du Bois d'Olivier Dubosq & Fils\",\"image_svg_inline\":true,\"animation\":\"slide-left\"}}]},{\"type\":\"column\",\"props\":{\"image_position\":\"center-center\",\"media_overlay_gradient\":\"\",\"width_medium\":\"3-5\",\"width_small\":\"1-3\",\"width_default\":\"1-2\"},\"children\":[]}]}],\"name\":\"Desktop 1\"},{\"type\":\"section\",\"props\":{\"style\":\"default\",\"width\":\"default\",\"vertical_align\":\"middle\",\"title_position\":\"top-left\",\"title_rotation\":\"left\",\"title_breakpoint\":\"xl\",\"image_position\":\"top-right\",\"image\":\"\",\"image_size\":\"cover\",\"padding_remove_top\":true,\"padding_remove_horizontal\":true,\"overlap\":false,\"image_effect\":\"fixed\",\"id\":\"next1-mobile\",\"animation_delay\":false,\"class\":\"\",\"css\":\"@media screen and (min-width: 460px) \\n{\\n    .el-section { display: none;}\\n}\"},\"children\":[{\"type\":\"row\",\"children\":[{\"type\":\"column\",\"props\":{\"image_position\":\"center-center\",\"media_overlay_gradient\":\"\",\"width_medium\":\"\"},\"children\":[{\"type\":\"image\",\"props\":{\"margin\":\"default\",\"image_svg_color\":\"emphasis\",\"image\":\"wp-content\\\/uploads\\\/2020\\\/11\\\/plache-bois-dolivier-travail-artisanal-dubosq-et-fils.jpg\",\"image_alt\":\"Gros plan sur les veines du Bois d'olivier - Le travail artisanal du Bois d'olivier - Dubosq et fils\"}},{\"type\":\"panel\",\"props\":{\"link_text\":\"suite\",\"title_hover_style\":\"reset\",\"title_element\":\"h3\",\"title_align\":\"top\",\"title_grid_width\":\"1-2\",\"title_grid_breakpoint\":\"m\",\"meta_style\":\"meta\",\"meta_align\":\"below-title\",\"meta_element\":\"div\",\"content_column_breakpoint\":\"m\",\"icon_width\":\"30\",\"image_align\":\"top\",\"image_grid_width\":\"1-2\",\"image_grid_breakpoint\":\"m\",\"image_svg_color\":\"primary\",\"link_style\":\"\",\"margin\":\"default\",\"content\":\"\\n<span class=\\\"uk-text-lead\\\">Olivenholz ist aufgrund seiner H\\u00e4rte und des Wechseldrehwuchses extrem schwer zu verarbeiten und das Wachstum eines Olivenbaums ist schwierig einzusch\\u00e4tzen.<\\\/span>\\n\\n\\n\n\n<p>W\\u00e4hrend andere B\\u00e4ume wie Pinien oder sogar Eichen relativ schnell wachsen, braucht der Olivenbaum viele Jahre, um sich zu entfalten.<\\\/p>\\n\n\n<p>Darum ist meine gesamte Arbeit darauf ausgerichtet, dieses edle Grundmaterial sparsam einzusetzen. Nach dem Brand des Athener Tempels hatten die Griechen den Olivenbaum wegen der Spr\\u00f6sslinge f\\u00fcr unsterblich erkl\\u00e4rt; er soll unsterblich bleiben.<\\\/p>\\n\\n\\n\",\"panel_style\":\"card-default\",\"link\":\"\",\"icon\":\"\",\"image_margin\":\"remove\",\"title\":\"\",\"css\":\".uk-text-lead { font-size: 20px;}\\n\\n.el-element { background-color: rgba(255,255,255, 0.88);}\",\"title_style\":\"h4\",\"image\":\"wp-content\\\/uploads\\\/2020\\\/11\\\/icone-arbre-le-travail-du-bois-dolivier.svg\",\"image_width\":\"70\",\"image_alt\":\"Icone le travail du Bois d'Olivier Dubosq & Fils\",\"image_svg_inline\":true,\"animation\":\"slide-left\"}}]}]}],\"name\":\"Mobile 1\"},{\"type\":\"section\",\"props\":{\"style\":\"default\",\"width\":\"default\",\"vertical_align\":\"middle\",\"title_position\":\"top-left\",\"title_rotation\":\"left\",\"title_breakpoint\":\"xl\",\"image_position\":\"top-center\",\"image\":\"wp-content\\\/uploads\\\/2020\\\/12\\\/le-savoir-faire-travail-du-bois-dolivier-decoupe-tronc-choix-bois.jpg\",\"height\":\"full\",\"image_size\":\"cover\",\"id\":\"next2\",\"image_effect\":\"fixed\",\"width_expand\":\"right\",\"padding_remove_horizontal\":true,\"animation\":\"slide-right\",\"video\":\"\",\"overlap\":false,\"css\":\"@media screen and (max-width: 460px) \\n{\\n    .el-section { display: none;}\\n}\"},\"children\":[{\"type\":\"row\",\"props\":{\"layout\":\"3-5,2-5\"},\"children\":[{\"type\":\"column\",\"props\":{\"image_position\":\"center-center\",\"media_overlay_gradient\":\"\",\"width_medium\":\"3-5\",\"width_small\":\"1-3\",\"width_default\":\"1-2\"},\"children\":[]},{\"type\":\"column\",\"props\":{\"image_position\":\"center-center\",\"media_overlay_gradient\":\"\",\"width_medium\":\"2-5\",\"width_small\":\"2-3\",\"width_default\":\"1-2\"},\"children\":[{\"type\":\"panel\",\"props\":{\"link_text\":\"Read more\",\"title_hover_style\":\"reset\",\"title_element\":\"h3\",\"title_align\":\"top\",\"title_grid_width\":\"1-2\",\"title_grid_breakpoint\":\"m\",\"meta_style\":\"meta\",\"meta_align\":\"below-title\",\"meta_element\":\"div\",\"content_column_breakpoint\":\"m\",\"icon_width\":80,\"image_align\":\"top\",\"image_grid_width\":\"1-2\",\"image_grid_breakpoint\":\"m\",\"image_svg_color\":\"emphasis\",\"link_style\":\"default\",\"margin\":\"default\",\"content\":\"\n\n<p>\\nZun\\u00e4chst gilt es, den richtigen Baum zu finden. Nicht alle Olivenb\\u00e4ume liefern Holz, das sich zum Drechseln eignet.<\\\/p>\\n\n\n<p>\\nIch reise in verschiedene L\\u00e4nder \\u2013 Frankreich, Spanien, Italien und manchmal auch weiter \\u2013 und sammle dort Zweige, St\\u00fcmpfe und St\\u00e4mme, die sogenannten \\u201eGrumes d\\u2018Olivier\\u201c. Es h\\u00e4ngt tats\\u00e4chlich vom Wetter ab, wo ich f\\u00fcndig werde, Frostsch\\u00e4den beispielsweise beeinflussen die Suche.<\\\/p>\\n\\n<a href=\\\"#next3\\\" uk-scroll=\\\"\\\" class=\\\"uk-icon-button uk-margin-small-right\\\" uk-icon=\\\"arrow-down\\\"><\\\/a>\",\"panel_style\":\"card-default\",\"css\":\".el-element { background-color: rgba(255,255,255, 0.88);}\",\"animation\":\"slide-right\"}}]}]}],\"name\":\"Desktop 2\"},{\"type\":\"section\",\"props\":{\"style\":\"default\",\"width\":\"default\",\"vertical_align\":\"middle\",\"title_position\":\"top-left\",\"title_rotation\":\"left\",\"title_breakpoint\":\"xl\",\"image_position\":\"top-right\",\"image\":\"\",\"image_size\":\"cover\",\"padding_remove_top\":true,\"padding_remove_horizontal\":true,\"overlap\":false,\"image_effect\":\"fixed\",\"id\":\"next2-mobile\",\"animation_delay\":false,\"class\":\"\",\"css\":\"@media screen and (min-width: 460px) \\n{\\n    .el-section { display: none;}\\n}\"},\"children\":[{\"type\":\"row\",\"children\":[{\"type\":\"column\",\"props\":{\"image_position\":\"center-center\",\"media_overlay_gradient\":\"\",\"width_medium\":\"\"},\"children\":[{\"type\":\"image\",\"props\":{\"margin\":\"default\",\"image_svg_color\":\"emphasis\",\"image\":\"wp-content\\\/uploads\\\/2020\\\/12\\\/le-savoir-faire-travail-du-bois-dolivier-decoupe-tronc-choix-bois.jpg\",\"image_alt\":\"Vue de la scierie - Troncs d'oliviers bruts - Le travail artisanal du Bois d'olivier\"}},{\"type\":\"panel\",\"props\":{\"link_text\":\"Read more\",\"title_hover_style\":\"reset\",\"title_element\":\"h3\",\"title_align\":\"top\",\"title_grid_width\":\"1-2\",\"title_grid_breakpoint\":\"m\",\"meta_style\":\"meta\",\"meta_align\":\"below-title\",\"meta_element\":\"div\",\"content_column_breakpoint\":\"m\",\"icon_width\":80,\"image_align\":\"top\",\"image_grid_width\":\"1-2\",\"image_grid_breakpoint\":\"m\",\"image_svg_color\":\"emphasis\",\"link_style\":\"default\",\"margin\":\"default\",\"content\":\"\n\n<p>\\nZun\\u00e4chst gilt es, den richtigen Baum zu finden. Nicht alle Olivenb\\u00e4ume liefern Holz, das sich zum Drechseln eignet.<\\\/p>\\n\n\n<p>\\nIch reise in verschiedene L\\u00e4nder \\u2013 Frankreich, Spanien, Italien und manchmal auch weiter \\u2013 und sammle dort Zweige, St\\u00fcmpfe und St\\u00e4mme, die sogenannten \\u201eGrumes d\\u2018Olivier\\u201c. Es h\\u00e4ngt tats\\u00e4chlich vom Wetter ab, wo ich f\\u00fcndig werde, Frostsch\\u00e4den beispielsweise beeinflussen die Suche.<\\\/p>\\n\\n\",\"panel_style\":\"card-default\",\"css\":\".el-element { background-color: rgba(255,255,255, 0.88);}\",\"animation\":\"slide-right\"}}]}]}],\"name\":\"Mobile 2\"},{\"type\":\"section\",\"props\":{\"style\":\"default\",\"width\":\"default\",\"vertical_align\":\"middle\",\"title_position\":\"top-left\",\"title_rotation\":\"left\",\"title_breakpoint\":\"xl\",\"image_position\":\"top-center\",\"image\":\"wp-content\\\/uploads\\\/2020\\\/11\\\/travail-artisanal-bois-dolivier-saladier-fait-main-dubosq-et-fils.jpg\",\"height\":\"full\",\"image_size\":\"cover\",\"id\":\"next3\",\"image_effect\":\"fixed\",\"width_expand\":\"left\",\"padding_remove_horizontal\":true,\"animation\":\"slide-left\",\"css\":\"@media screen and (max-width: 460px) \\n{\\n    .el-section { display: none;}\\n}\"},\"children\":[{\"type\":\"row\",\"props\":{\"layout\":\"2-5,3-5\"},\"children\":[{\"type\":\"column\",\"props\":{\"image_position\":\"center-center\",\"media_overlay_gradient\":\"\",\"width_medium\":\"2-5\",\"width_small\":\"2-3\",\"width_default\":\"1-2\"},\"children\":[{\"type\":\"panel\",\"props\":{\"link_text\":\"Read more\",\"title_hover_style\":\"reset\",\"title_element\":\"h3\",\"title_align\":\"top\",\"title_grid_width\":\"1-2\",\"title_grid_breakpoint\":\"m\",\"meta_style\":\"meta\",\"meta_align\":\"below-title\",\"meta_element\":\"div\",\"content_column_breakpoint\":\"m\",\"icon_width\":80,\"image_align\":\"top\",\"image_grid_width\":\"1-2\",\"image_grid_breakpoint\":\"m\",\"image_svg_color\":\"emphasis\",\"link_style\":\"default\",\"margin\":\"default\",\"content\":\"\n\n<p>\\nDie Rundh\\u00f6lzer mit Borke werden daraufhin rasch in Bretter oder Kl\\u00f6tze zers\\u00e4gt, je nachdem welche Gegenst\\u00e4nde ich herstellen m\\u00f6chte.<\\\/p>\\n\n\n<p>\\nDie Bretter werden dann 8 bis 10 Jahre lang liegend im Freien gelagert. Erst danach k\\u00f6nnen sie zu Gegenst\\u00e4nden verarbeitet werden.<\\\/p>\\n\n\n<p>Nur Salatsch\\u00fcsseln und Schalen werden gleich aus dem Gr\\u00fcnholz gedrechselt und dann 3 Jahre lang in einem einzigartigen Verfahren getrocknet. Das franz\\u00f6sische Wirtschafts- und Finanzministerium hat dieses Verfahren mit dem Siegel f\\u00fcr lebendiges Kulturerbe (Entreprise du Patrimoine Vivant) ausgezeichnet.<\\\/p>\\n\\n<a href=\\\"#next4\\\" uk-scroll=\\\"\\\" class=\\\"uk-icon-button uk-margin-small-right\\\" uk-icon=\\\"arrow-down\\\"><\\\/a>\",\"panel_style\":\"card-default\",\"panel_size\":\"large\",\"css\":\".el-element { background-color: rgba(255,255,255, 0.88);}\",\"animation\":\"slide-left\"}}]},{\"type\":\"column\",\"props\":{\"image_position\":\"center-center\",\"media_overlay_gradient\":\"\",\"width_medium\":\"3-5\",\"width_small\":\"1-3\",\"width_default\":\"1-2\"},\"children\":[]}]}],\"name\":\"Desktop 3\"},{\"type\":\"section\",\"props\":{\"style\":\"default\",\"width\":\"default\",\"vertical_align\":\"middle\",\"title_position\":\"top-left\",\"title_rotation\":\"left\",\"title_breakpoint\":\"xl\",\"image_position\":\"top-right\",\"image\":\"\",\"image_size\":\"cover\",\"padding_remove_top\":true,\"padding_remove_horizontal\":true,\"overlap\":false,\"image_effect\":\"fixed\",\"id\":\"next3-mobile\",\"animation_delay\":false,\"class\":\"\",\"css\":\"@media screen and (min-width: 460px) \\n{\\n    .el-section { display: none;}\\n}\"},\"children\":[{\"type\":\"row\",\"children\":[{\"type\":\"column\",\"props\":{\"image_position\":\"center-center\",\"media_overlay_gradient\":\"\",\"width_medium\":\"\"},\"children\":[{\"type\":\"image\",\"props\":{\"margin\":\"default\",\"image_svg_color\":\"emphasis\",\"image\":\"wp-content\\\/uploads\\\/2020\\\/11\\\/travail-artisanal-bois-dolivier-saladier-fait-main-dubosq-et-fils.jpg\",\"image_alt\":\" Guillaume Dubosq d\\u00e9coupe un saladier - Le travail artisanal du Bois d'olivier\"}},{\"type\":\"panel\",\"props\":{\"link_text\":\"Read more\",\"title_hover_style\":\"reset\",\"title_element\":\"h3\",\"title_align\":\"top\",\"title_grid_width\":\"1-2\",\"title_grid_breakpoint\":\"m\",\"meta_style\":\"meta\",\"meta_align\":\"below-title\",\"meta_element\":\"div\",\"content_column_breakpoint\":\"m\",\"icon_width\":80,\"image_align\":\"top\",\"image_grid_width\":\"1-2\",\"image_grid_breakpoint\":\"m\",\"image_svg_color\":\"emphasis\",\"link_style\":\"default\",\"margin\":\"default\",\"content\":\"\n\n<p>\\nDie Rundh\\u00f6lzer mit Borke werden daraufhin rasch in Bretter oder Kl\\u00f6tze zers\\u00e4gt, je nachdem welche Gegenst\\u00e4nde ich herstellen m\\u00f6chte.<\\\/p>\\n\n\n<p>\\nDie Bretter werden dann 8 bis 10 Jahre lang liegend im Freien gelagert. Erst danach k\\u00f6nnen sie zu Gegenst\\u00e4nden verarbeitet werden.<\\\/p>\\n\n\n<p>Nur Salatsch\\u00fcsseln und Schalen werden gleich aus dem Gr\\u00fcnholz gedrechselt und dann 3 Jahre lang in einem einzigartigen Verfahren getrocknet. Das franz\\u00f6sische Wirtschafts- und Finanzministerium hat dieses Verfahren mit dem Siegel f\\u00fcr lebendiges Kulturerbe (Entreprise du Patrimoine Vivant) ausgezeichnet.<\\\/p>\",\"panel_style\":\"card-default\",\"panel_size\":\"large\",\"css\":\".el-element { background-color: rgba(255,255,255, 0.88);}\",\"animation\":\"slide-left\"}}]}]}],\"name\":\"Mobile 3\"},{\"type\":\"section\",\"props\":{\"style\":\"default\",\"width\":\"default\",\"vertical_align\":\"middle\",\"title_position\":\"top-left\",\"title_rotation\":\"left\",\"title_breakpoint\":\"xl\",\"image_position\":\"top-left\",\"image\":\"wp-content\\\/uploads\\\/2020\\\/12\\\/travail-artisanal-bois-dolivier-saladier-fait-main-decoupe-dubosq-et-fils.jpg\",\"height\":\"full\",\"image_size\":\"cover\",\"id\":\"next4\",\"image_effect\":\"fixed\",\"width_expand\":\"right\",\"padding_remove_horizontal\":true,\"animation\":\"slide-right\",\"video\":\"\",\"overlap\":true,\"css\":\"@media screen and (max-width: 460px) \\n{\\n    .el-section { display: none;}\\n}\"},\"children\":[{\"type\":\"row\",\"props\":{\"layout\":\"3-5,2-5\"},\"children\":[{\"type\":\"column\",\"props\":{\"image_position\":\"center-center\",\"media_overlay_gradient\":\"\",\"width_medium\":\"3-5\",\"width_small\":\"1-3\",\"width_default\":\"1-2\"},\"children\":[]},{\"type\":\"column\",\"props\":{\"image_position\":\"center-center\",\"media_overlay_gradient\":\"\",\"width_medium\":\"2-5\",\"width_small\":\"2-3\",\"width_default\":\"1-2\"},\"children\":[{\"type\":\"panel\",\"props\":{\"link_text\":\"Read more\",\"title_hover_style\":\"reset\",\"title_element\":\"h3\",\"title_align\":\"top\",\"title_grid_width\":\"1-2\",\"title_grid_breakpoint\":\"m\",\"meta_style\":\"meta\",\"meta_align\":\"below-title\",\"meta_element\":\"div\",\"content_column_breakpoint\":\"m\",\"icon_width\":80,\"image_align\":\"top\",\"image_grid_width\":\"1-2\",\"image_grid_breakpoint\":\"m\",\"image_svg_color\":\"emphasis\",\"link_style\":\"default\",\"margin\":\"default\",\"content\":\"\\n\n\n<p>\\nIch beginne in der Regel mit den gr\\u00f6\\u00dferen Objekten, die besonders gutes Holz verlangen, den Salatsch\\u00fcsseln beispielsweise.<\\\/p>\\n\n\n<p>Dann mache ich mit den Resten weiter, aus denen ich verschiedene Gegenst\\u00e4nde herausarbeite, bis nur noch ganz kleine Teile \\u00fcbrig sind. Diese nutze ich, um Spalte oder fehlerhafte Stellen zu schlie\\u00dfen.<\\\/p>\\n\\n<a href=\\\"#next-videos\\\" uk-scroll=\\\"\\\" class=\\\"uk-icon-button uk-margin-small-right\\\" uk-icon=\\\"arrow-down\\\"><\\\/a> \",\"panel_style\":\"card-default\",\"css\":\".el-element { background-color: rgba(255,255,255, 0.88);}\",\"animation\":\"slide-right\"}}]}]}],\"name\":\"Desktop 4\"},{\"type\":\"section\",\"props\":{\"style\":\"default\",\"width\":\"default\",\"vertical_align\":\"middle\",\"title_position\":\"top-left\",\"title_rotation\":\"left\",\"title_breakpoint\":\"xl\",\"image_position\":\"top-right\",\"image\":\"\",\"image_size\":\"cover\",\"padding_remove_top\":true,\"padding_remove_horizontal\":true,\"overlap\":false,\"image_effect\":\"fixed\",\"id\":\"next4-mobile\",\"animation_delay\":false,\"class\":\"\",\"css\":\"@media screen and (min-width: 460px) \\n{\\n    .el-section { display: none;}\\n}\"},\"children\":[{\"type\":\"row\",\"children\":[{\"type\":\"column\",\"props\":{\"image_position\":\"center-center\",\"media_overlay_gradient\":\"\",\"width_medium\":\"\"},\"children\":[{\"type\":\"image\",\"props\":{\"margin\":\"default\",\"image_svg_color\":\"emphasis\",\"image\":\"wp-content\\\/uploads\\\/2020\\\/12\\\/travail-artisanal-bois-dolivier-saladier-fait-main-decoupe-dubosq-et-fils.jpg\",\"image_alt\":\"D\\u00e9coupedu bois d'olivier -  Le travail artisanal du Bois d'olivier\"}},{\"type\":\"panel\",\"props\":{\"link_text\":\"Read more\",\"title_hover_style\":\"reset\",\"title_element\":\"h3\",\"title_align\":\"top\",\"title_grid_width\":\"1-2\",\"title_grid_breakpoint\":\"m\",\"meta_style\":\"meta\",\"meta_align\":\"below-title\",\"meta_element\":\"div\",\"content_column_breakpoint\":\"m\",\"icon_width\":80,\"image_align\":\"top\",\"image_grid_width\":\"1-2\",\"image_grid_breakpoint\":\"m\",\"image_svg_color\":\"emphasis\",\"link_style\":\"default\",\"margin\":\"default\",\"content\":\"\\n\n\n<p>\\nIch beginne in der Regel mit den gr\\u00f6\\u00dferen Objekten, die besonders gutes Holz verlangen, den Salatsch\\u00fcsseln beispielsweise.<\\\/p>\\n\n\n<p>Dann mache ich mit den Resten weiter, aus denen ich verschiedene Gegenst\\u00e4nde herausarbeite, bis nur noch ganz kleine Teile \\u00fcbrig sind. Diese nutze ich, um Spalte oder fehlerhafte Stellen zu schlie\\u00dfen.<\\\/p>\\n\",\"panel_style\":\"card-default\",\"css\":\".el-element { background-color: rgba(255,255,255, 0.88);}\",\"animation\":\"slide-right\"}}]}]}],\"name\":\"Mobile 4\"},{\"type\":\"section\",\"props\":{\"style\":\"default\",\"width\":\"xlarge\",\"vertical_align\":\"middle\",\"title_position\":\"top-left\",\"title_rotation\":\"left\",\"title_breakpoint\":\"xl\",\"image_position\":\"center-center\",\"overlap\":true,\"class\":\"uk-section-overlap-flip\",\"id\":\"next-videos\"},\"children\":[{\"type\":\"row\",\"children\":[{\"type\":\"column\",\"props\":{\"image_position\":\"center-center\",\"media_overlay_gradient\":\"\"},\"children\":[{\"type\":\"image\",\"props\":{\"margin\":\"default\",\"image_svg_color\":\"primary\",\"image\":\"wp-content\\\/uploads\\\/2020\\\/11\\\/icone-arbre-le-travail-du-bois-dolivier.svg\",\"image_width\":\"80\",\"image_svg_inline\":false,\"text_align\":\"center\",\"margin_remove_top\":true,\"margin_remove_bottom\":true,\"animation\":\"slide-top-medium\",\"image_alt\":\"icone arbre\"}},{\"type\":\"headline\",\"props\":{\"title_element\":\"div\",\"title_style\":\"h6\",\"content\":\"Die Kunst des Drechselns \",\"title_font_family\":\"secondary\",\"text_align\":\"center\",\"margin_remove_top\":false,\"animation\":\"slide-bottom-small\",\"margin_remove_bottom\":true,\"margin\":\"small\",\"css\":\".el-element { color: white;}\",\"title_color\":\"primary\"}},{\"type\":\"text\",\"props\":{\"margin\":\"default\",\"column_breakpoint\":\"m\",\"content\":\"Videos\",\"text_style\":\"lead\",\"text_align\":\"center\",\"margin_remove_top\":true}},{\"type\":\"divider\",\"props\":{\"divider_element\":\"hr\",\"divider_style\":\"vertical\"}}]}]},{\"type\":\"row\",\"children\":[{\"type\":\"column\",\"props\":{\"image_position\":\"center-center\",\"media_overlay_gradient\":\"\"},\"children\":[{\"type\":\"grid\",\"props\":{\"show_title\":true,\"show_meta\":true,\"show_content\":true,\"show_image\":true,\"show_link\":true,\"grid_default\":\"1\",\"grid_medium\":\"2\",\"filter_style\":\"tab\",\"filter_all\":true,\"filter_position\":\"top\",\"filter_align\":\"left\",\"filter_grid_width\":\"auto\",\"filter_grid_breakpoint\":\"m\",\"title_hover_style\":\"reset\",\"title_element\":\"h3\",\"title_align\":\"top\",\"title_grid_width\":\"1-2\",\"title_grid_breakpoint\":\"m\",\"meta_style\":\"meta\",\"meta_align\":\"below-title\",\"image_align\":\"top\",\"image_grid_width\":\"1-2\",\"image_grid_breakpoint\":\"m\",\"image_svg_color\":\"emphasis\",\"link_text\":\"\",\"link_style\":\"default\",\"margin\":\"default\",\"item_animation\":true,\"grid_column_gap\":\"medium\",\"grid_row_gap\":\"medium\",\"grid_small\":\"2\",\"panel_style\":\"card-hover\",\"panel_size\":\"small\",\"title_style\":\"h5\",\"meta_color\":\"secondary\",\"meta_margin\":\"small\",\"position\":\"relative\",\"position_z_index\":\"1\",\"panel_card_image\":true,\"panel_link\":true,\"lightbox\":true,\"lightbox_image_width\":\"610\",\"icon_width\":80,\"meta_element\":\"div\",\"content_column_breakpoint\":\"m\",\"content_style\":\"meta\",\"content_margin\":\"small\",\"margin_remove_top\":true},\"children\":[{\"type\":\"grid_item\",\"props\":{\"title\":\"Die Herstellung einer Salatsch\\u00fcssel aus Olivenholz Schritt f\\u00fcr Schritt\",\"image\":\"wp-content\\\/uploads\\\/2021\\\/01\\\/apercu-fabrication-dun-saladier-bois-dolivier.jpg\",\"image_alt\":\"Aper\\u00e7u de la vid\\u00e9o Fabrication d'un saladier Travail du Bois d'olivier \",\"meta\":\"6:47 min\",\"link\":\"https:\\\/\\\/www.youtube.com\\\/watch?v=p4A-4LheLx8?autoplay=1\",\"content\":\"\"}},{\"type\":\"grid_item\",\"props\":{\"title\":\"Herstellung einer Zange aus Olivenholz\",\"image\":\"wp-content\\\/uploads\\\/2021\\\/01\\\/apercu-fabrication-dune-pince.jpg\",\"image_alt\":\"Aper\\u00e7u de la vid\\u00e9o Fabrication d'un pine - Le travail du bois d'olivier Dubosq & fils\",\"meta\":\"1:07 min\",\"link\":\"https:\\\/\\\/www.youtube.com\\\/watch?v=623xw6edDX0?autoplay=1\",\"content\":\"\"}}],\"modified\":\"2021-01-08T12:33:44.740Z\",\"name\":\"Galerie video savoir faire\"}]}]}],\"name\":\"En vid\\u00e9o (tous devices)\"},{\"type\":\"section\",\"props\":{\"style\":\"default\",\"width\":\"default\",\"vertical_align\":\"middle\",\"title_position\":\"top-left\",\"title_rotation\":\"left\",\"title_breakpoint\":\"xl\",\"image_position\":\"center-right\",\"image\":\"wp-content\\\/uploads\\\/2020\\\/11\\\/le-travail-artisanal-du-bois-dolivier-dubosq-et-fils.jpg\",\"height\":\"full\",\"image_size\":\"cover\",\"id\":\"next5\",\"image_effect\":\"fixed\",\"width_expand\":\"left\",\"padding_remove_horizontal\":true,\"animation\":\"slide-left\",\"css\":\"@media screen and (max-width: 460px) \\n{\\n    .el-section { display: none;}\\n}\"},\"children\":[{\"type\":\"row\",\"props\":{\"layout\":\"2-5,3-5\"},\"children\":[{\"type\":\"column\",\"props\":{\"image_position\":\"center-center\",\"media_overlay_gradient\":\"\",\"width_medium\":\"2-5\",\"width_small\":\"2-3\",\"width_default\":\"1-2\"},\"children\":[{\"type\":\"panel\",\"props\":{\"link_text\":\"Read more\",\"title_hover_style\":\"reset\",\"title_element\":\"h3\",\"title_align\":\"top\",\"title_grid_width\":\"1-2\",\"title_grid_breakpoint\":\"m\",\"meta_style\":\"meta\",\"meta_align\":\"below-title\",\"meta_element\":\"div\",\"content_column_breakpoint\":\"m\",\"icon_width\":80,\"image_align\":\"top\",\"image_grid_width\":\"1-2\",\"image_grid_breakpoint\":\"m\",\"image_svg_color\":\"emphasis\",\"link_style\":\"default\",\"margin\":\"default\",\"content\":\"\n\n<p>\\nDie derart im Laufe des Drechselns angeh\\u00e4uften Sp\\u00e4ne sorgten vor einigen Jahren f\\u00fcr beachtlichen Platzmangel, aber ich habe das Problem mit der Installation eines Hackschnitzelkessels gel\\u00f6st. So heize ich den ganzen Winter \\u00fcber aus Eigenversorgung.<\\\/p>\\n\\n<a href=\\\"#next6\\\" uk-scroll=\\\"\\\" class=\\\"uk-icon-button uk-margin-small-right\\\" uk-icon=\\\"arrow-down\\\"><\\\/a>\",\"panel_style\":\"card-default\",\"panel_size\":\"large\",\"css\":\".el-element { background-color: rgba(255,255,255, 0.88);}\",\"animation\":\"slide-left\"}}]},{\"type\":\"column\",\"props\":{\"image_position\":\"center-center\",\"media_overlay_gradient\":\"\",\"width_medium\":\"3-5\",\"width_small\":\"1-3\",\"width_default\":\"1-2\"},\"children\":[]}]}],\"name\":\"Desktop 5\"},{\"type\":\"section\",\"props\":{\"style\":\"default\",\"width\":\"default\",\"vertical_align\":\"middle\",\"title_position\":\"top-left\",\"title_rotation\":\"left\",\"title_breakpoint\":\"xl\",\"image_position\":\"top-right\",\"image\":\"\",\"image_size\":\"cover\",\"padding_remove_top\":true,\"padding_remove_horizontal\":true,\"overlap\":false,\"image_effect\":\"fixed\",\"id\":\"next5-mobile\",\"animation_delay\":false,\"class\":\"\",\"css\":\"@media screen and (min-width: 460px) \\n{\\n    .el-section { display: none;}\\n}\"},\"children\":[{\"type\":\"row\",\"children\":[{\"type\":\"column\",\"props\":{\"image_position\":\"center-center\",\"media_overlay_gradient\":\"\",\"width_medium\":\"\"},\"children\":[{\"type\":\"image\",\"props\":{\"margin\":\"default\",\"image_svg_color\":\"emphasis\",\"image\":\"wp-content\\\/uploads\\\/2020\\\/11\\\/le-travail-artisanal-du-bois-dolivier-dubosq-et-fils.jpg\",\"image_alt\":\"d\\u00e9coupe du bois d'olivier - Le travail artisanal du Bois d'olivier\"}},{\"type\":\"panel\",\"props\":{\"link_text\":\"Read more\",\"title_hover_style\":\"reset\",\"title_element\":\"h3\",\"title_align\":\"top\",\"title_grid_width\":\"1-2\",\"title_grid_breakpoint\":\"m\",\"meta_style\":\"meta\",\"meta_align\":\"below-title\",\"meta_element\":\"div\",\"content_column_breakpoint\":\"m\",\"icon_width\":80,\"image_align\":\"top\",\"image_grid_width\":\"1-2\",\"image_grid_breakpoint\":\"m\",\"image_svg_color\":\"emphasis\",\"link_style\":\"default\",\"margin\":\"default\",\"content\":\"\n\n<p>\\nDie derart im Laufe des Drechselns angeh\\u00e4uften Sp\\u00e4ne sorgten vor einigen Jahren f\\u00fcr beachtlichen Platzmangel, aber ich habe das Problem mit der Installation eines Hackschnitzelkessels gel\\u00f6st. So heize ich den ganzen Winter \\u00fcber aus Eigenversorgung.<\\\/p>\\n\\n\",\"panel_style\":\"card-default\",\"panel_size\":\"large\",\"css\":\".el-element { background-color: rgba(255,255,255, 0.88);}\",\"animation\":\"slide-left\"}}]}]}],\"name\":\"Mobile 5\"},{\"type\":\"section\",\"props\":{\"style\":\"default\",\"width\":\"default\",\"vertical_align\":\"middle\",\"title_position\":\"top-left\",\"title_rotation\":\"left\",\"title_breakpoint\":\"xl\",\"image_position\":\"center-center\",\"image\":\"wp-content\\\/uploads\\\/2020\\\/11\\\/guillaume-dubosq-atelier-travail-artisanal-bois-dolivier.jpg\",\"height\":\"full\",\"image_size\":\"cover\",\"id\":\"next6\",\"image_effect\":\"fixed\",\"width_expand\":\"right\",\"padding_remove_horizontal\":true,\"animation\":\"slide-right\",\"video\":\"\",\"css\":\"@media screen and (max-width: 460px) \\n{\\n    .el-section { display: none;}\\n}\"},\"children\":[{\"type\":\"row\",\"props\":{\"layout\":\"3-5,2-5\"},\"children\":[{\"type\":\"column\",\"props\":{\"image_position\":\"center-center\",\"media_overlay_gradient\":\"\",\"width_medium\":\"3-5\",\"width_small\":\"1-3\",\"width_default\":\"1-2\"},\"children\":[]},{\"type\":\"column\",\"props\":{\"image_position\":\"center-center\",\"media_overlay_gradient\":\"\",\"width_medium\":\"2-5\",\"width_small\":\"2-3\",\"width_default\":\"1-2\"},\"children\":[{\"type\":\"panel\",\"props\":{\"link_text\":\"Read more\",\"title_hover_style\":\"reset\",\"title_element\":\"h3\",\"title_align\":\"top\",\"title_grid_width\":\"1-2\",\"title_grid_breakpoint\":\"m\",\"meta_style\":\"meta\",\"meta_align\":\"below-title\",\"meta_element\":\"div\",\"content_column_breakpoint\":\"m\",\"icon_width\":80,\"image_align\":\"top\",\"image_grid_width\":\"1-2\",\"image_grid_breakpoint\":\"m\",\"image_svg_color\":\"emphasis\",\"link_style\":\"default\",\"margin\":\"default\",\"content\":\"\\n\n\n<p>\\nF\\u00fcr die Verarbeitung von Olivenholz ben\\u00f6tigt man die in Tischler- und Schreinerwerkst\\u00e4tten \\u00fcbliche Ausr\\u00fcstung: Bands\\u00e4ge, Abrichte, Hobelmaschine, Stemmeisen, Bandschleifmaschine etc.\\n<\\\/p>\\n\n\n<p>Viele Arbeiten erfordern dar\\u00fcber hinaus spezielles Werkzeug f\\u00fcr Olivenholz. Diese Werkzeuge und Maschinen m\\u00fcssen in Eigenfabrikation angefertigt werden, da die Anforderungen nicht denen anderer Holzhandwerke entsprechen.<\\\/p>\\n\n\n<p>So setze ich zum Beispiel verschiedene g\\u00e4ngige Maschinen ein, aber sie m\\u00fcssen allesamt auf die Winkel zugeschliffen werden, die ich gemeinsam mit meinem Vater ausgearbeitet habe.\\nDie Drehzahlen sind f\\u00fcr effizientes Drechseln optimiert und daf\\u00fcr ausgelegt, die Qualit\\u00e4t meiner Arbeit zu steigern.<\\\/p>\\n\\n\\n<a href=\\\"#next7\\\" uk-scroll=\\\"\\\" class=\\\"uk-icon-button uk-margin-small-right\\\" uk-icon=\\\"arrow-down\\\"><\\\/a> \\n\\n\\n\\n\",\"panel_style\":\"card-default\",\"css\":\".el-element { background-color: rgba(255,255,255, 0.88);}\",\"animation\":\"slide-right\"}}]}]}],\"name\":\"Desktop 6\"},{\"type\":\"section\",\"props\":{\"style\":\"default\",\"width\":\"default\",\"vertical_align\":\"middle\",\"title_position\":\"top-left\",\"title_rotation\":\"left\",\"title_breakpoint\":\"xl\",\"image_position\":\"top-right\",\"image\":\"\",\"image_size\":\"cover\",\"padding_remove_top\":true,\"padding_remove_horizontal\":true,\"overlap\":false,\"image_effect\":\"fixed\",\"id\":\"next6-mobile\",\"animation_delay\":false,\"class\":\"\",\"css\":\"@media screen and (min-width: 460px) \\n{\\n    .el-section { display: none;}\\n}\"},\"children\":[{\"type\":\"row\",\"children\":[{\"type\":\"column\",\"props\":{\"image_position\":\"center-center\",\"media_overlay_gradient\":\"\",\"width_medium\":\"\"},\"children\":[{\"type\":\"image\",\"props\":{\"margin\":\"default\",\"image_svg_color\":\"emphasis\",\"image\":\"wp-content\\\/uploads\\\/2020\\\/11\\\/guillaume-dubosq-atelier-travail-artisanal-bois-dolivier.jpg\",\"image_alt\":\"Guillaume Dubosq dans son atelier - Le travail artisanal du Bois d'olivier\"}},{\"type\":\"panel\",\"props\":{\"link_text\":\"Read more\",\"title_hover_style\":\"reset\",\"title_element\":\"h3\",\"title_align\":\"top\",\"title_grid_width\":\"1-2\",\"title_grid_breakpoint\":\"m\",\"meta_style\":\"meta\",\"meta_align\":\"below-title\",\"meta_element\":\"div\",\"content_column_breakpoint\":\"m\",\"icon_width\":80,\"image_align\":\"top\",\"image_grid_width\":\"1-2\",\"image_grid_breakpoint\":\"m\",\"image_svg_color\":\"emphasis\",\"link_style\":\"default\",\"margin\":\"default\",\"content\":\"\\n\n\n<p>\\nF\\u00fcr die Verarbeitung von Olivenholz ben\\u00f6tigt man die in Tischler- und Schreinerwerkst\\u00e4tten \\u00fcbliche Ausr\\u00fcstung: Bands\\u00e4ge, Abrichte, Hobelmaschine, Stemmeisen, Bandschleifmaschine etc.\\n<\\\/p>\\n\n\n<p>Viele Arbeiten erfordern dar\\u00fcber hinaus spezielles Werkzeug f\\u00fcr Olivenholz. Diese Werkzeuge und Maschinen m\\u00fcssen in Eigenfabrikation angefertigt werden, da die Anforderungen nicht denen anderer Holzhandwerke entsprechen.<\\\/p>\\n\n\n<p>So setze ich zum Beispiel verschiedene g\\u00e4ngige Maschinen ein, aber sie m\\u00fcssen allesamt auf die Winkel zugeschliffen werden, die ich gemeinsam mit meinem Vater ausgearbeitet habe.\\nDie Drehzahlen sind f\\u00fcr effizientes Drechseln optimiert und daf\\u00fcr ausgelegt, die Qualit\\u00e4t meiner Arbeit zu steigern.<\\\/p>\\n\\n\\n\\n\\n\",\"panel_style\":\"card-default\",\"css\":\".el-element { background-color: rgba(255,255,255, 0.88);}\",\"animation\":\"slide-right\"}}]}]}],\"name\":\"Mobile 6\"},{\"type\":\"section\",\"props\":{\"style\":\"default\",\"width\":\"default\",\"vertical_align\":\"middle\",\"title_position\":\"top-left\",\"title_rotation\":\"left\",\"title_breakpoint\":\"xl\",\"image_position\":\"center-left\",\"image\":\"wp-content\\\/uploads\\\/2020\\\/11\\\/le-travail-artisanal-du-bois-dolivier-pieces-uniques-dubosq-et-fils.jpg\",\"height\":\"full\",\"image_size\":\"cover\",\"id\":\"next7\",\"image_effect\":\"fixed\",\"width_expand\":\"left\",\"padding_remove_horizontal\":true,\"animation\":\"slide-left\",\"css\":\"@media screen and (max-width: 460px) \\n{\\n    .el-section { display: none;}\\n}\"},\"children\":[{\"type\":\"row\",\"props\":{\"layout\":\"2-5,3-5\"},\"children\":[{\"type\":\"column\",\"props\":{\"image_position\":\"center-center\",\"media_overlay_gradient\":\"\",\"width_medium\":\"2-5\",\"width_small\":\"2-3\",\"width_default\":\"1-2\"},\"children\":[{\"type\":\"panel\",\"props\":{\"link_text\":\"Read more\",\"title_hover_style\":\"reset\",\"title_element\":\"h3\",\"title_align\":\"top\",\"title_grid_width\":\"1-2\",\"title_grid_breakpoint\":\"m\",\"meta_style\":\"meta\",\"meta_align\":\"below-title\",\"meta_element\":\"div\",\"content_column_breakpoint\":\"m\",\"icon_width\":80,\"image_align\":\"top\",\"image_grid_width\":\"1-2\",\"image_grid_breakpoint\":\"m\",\"image_svg_color\":\"emphasis\",\"link_style\":\"default\",\"margin\":\"default\",\"content\":\"\\n\n\n<p>Es versteht sich von selbst, dass die Maschine nicht die Hand des Menschen ersetzt.<\\\/p>\\n\n\n<p>Ich nehme f\\u00fcr zahlreiche Arbeitsschritte Hohleisen, Dechsel, Handbeil und Pinsel zur Hand. So erh\\u00e4lt meine Arbeit den besonderen Schliff. Mein fachm\\u00e4nnischer Blick ist ebenfalls unerl\\u00e4sslich. Ich muss das Material genau betrachten und in die Hand nehmen, bevor ich entscheide, welche Form ich dem jeweiligen Holzst\\u00fcck gebe.<\\\/p>\\n\n\n<p>Oder wie mein Vater zu sagen pflegte :<br \/>\\n<span class=\\\"uk-text-lead\\\">\\u201eHandgefertigte Objekte entstehen im Kopf.\\u201c<\\\/span>\\n<\\\/p>\",\"panel_style\":\"card-default\",\"panel_size\":\"large\",\"css\":\".el-element { background-color: rgba(255,255,255, 0.88);}\\n\\n.uk-text-lead { font-size: 15px;}\",\"animation\":\"slide-left\"}}]},{\"type\":\"column\",\"props\":{\"image_position\":\"center-center\",\"media_overlay_gradient\":\"\",\"width_medium\":\"3-5\",\"width_small\":\"1-3\",\"width_default\":\"1-2\"},\"children\":[]}]}],\"name\":\"Desktop 7\"},{\"type\":\"section\",\"props\":{\"style\":\"default\",\"width\":\"default\",\"vertical_align\":\"middle\",\"title_position\":\"top-left\",\"title_rotation\":\"left\",\"title_breakpoint\":\"xl\",\"image_position\":\"top-right\",\"image\":\"\",\"image_size\":\"cover\",\"padding_remove_top\":true,\"padding_remove_horizontal\":true,\"overlap\":false,\"image_effect\":\"fixed\",\"id\":\"next7-mobile\",\"animation_delay\":false,\"class\":\"\",\"css\":\"@media screen and (min-width: 460px) \\n{\\n    .el-section { display: none;}\\n}\"},\"children\":[{\"type\":\"row\",\"children\":[{\"type\":\"column\",\"props\":{\"image_position\":\"center-center\",\"media_overlay_gradient\":\"\",\"width_medium\":\"\"},\"children\":[{\"type\":\"image\",\"props\":{\"margin\":\"default\",\"image_svg_color\":\"emphasis\",\"image\":\"wp-content\\\/uploads\\\/2020\\\/11\\\/le-travail-artisanal-du-bois-dolivier-pieces-uniques-dubosq-et-fils.jpg\",\"image_alt\":\"Guillaume Dubosq d\\u00e9coupe une planchette - Le travail artisanal du Bois d'olivier\"}},{\"type\":\"panel\",\"props\":{\"link_text\":\"Read more\",\"title_hover_style\":\"reset\",\"title_element\":\"h3\",\"title_align\":\"top\",\"title_grid_width\":\"1-2\",\"title_grid_breakpoint\":\"m\",\"meta_style\":\"meta\",\"meta_align\":\"below-title\",\"meta_element\":\"div\",\"content_column_breakpoint\":\"m\",\"icon_width\":80,\"image_align\":\"top\",\"image_grid_width\":\"1-2\",\"image_grid_breakpoint\":\"m\",\"image_svg_color\":\"emphasis\",\"link_style\":\"default\",\"margin\":\"default\",\"content\":\"\\n\n\n<p>Es versteht sich von selbst, dass die Maschine nicht die Hand des Menschen ersetzt.<\\\/p>\\n\n\n<p>Ich nehme f\\u00fcr zahlreiche Arbeitsschritte Hohleisen, Dechsel, Handbeil und Pinsel zur Hand. So erh\\u00e4lt meine Arbeit den besonderen Schliff. Mein fachm\\u00e4nnischer Blick ist ebenfalls unerl\\u00e4sslich. Ich muss das Material genau betrachten und in die Hand nehmen, bevor ich entscheide, welche Form ich dem jeweiligen Holzst\\u00fcck gebe.<\\\/p>\\n\n\n<p>Oder wie mein Vater zu sagen pflegte :<br \/>\\n<span class=\\\"uk-text-lead\\\">\\u201eHandgefertigte Objekte entstehen im Kopf.\\u201c<\\\/span>\\n<\\\/p>\",\"panel_style\":\"card-default\",\"panel_size\":\"large\",\"css\":\".el-element { background-color: rgba(255,255,255, 0.88);}\\n\\n.uk-text-lead { font-size: 15px;}\",\"animation\":\"slide-left\"}}]}]}],\"name\":\"Mobile 7\"}],\"version\":\"2.6.4\"} --><\/p>\n","protected":false},"excerpt":{"rendered":"<p>Kunstdrechslerei seit 1958 \u201eHandgefertigte Objekte entstehen im Kopf.\u201c [arrow-down] KUNSTDRECHSLEREI SEIT 1958 \u201eHandgefertigte Objekte entstehen im Kopf.\u201c [arrow-down] Kunstdrechslerei seit 1958 \u201eHandgefertigte Objekte entstehen im Kopf.\u201c [arrow-down] Olivenholz ist aufgrund seiner H\u00e4rte und des Wechseldrehwuchses extrem schwer zu verarbeiten und das Wachstum eines Olivenbaums ist schwierig einzusch\u00e4tzen. W\u00e4hrend andere B\u00e4ume wie Pinien oder sogar Eichen [&hellip;]<\/p>\n","protected":false},"author":1,"featured_media":0,"parent":0,"menu_order":0,"comment_status":"closed","ping_status":"closed","template":"","meta":{"footnotes":""},"class_list":["post-4136","page","type-page","status-publish","hentry"],"yoast_head":"<!-- This site is optimized with the Yoast SEO plugin v25.8 - https:\/\/yoast.com\/wordpress\/plugins\/seo\/ -->\n<title>Die Kunst des Drechselns - Le Travail du Bois d&#039;Olivier<\/title>\n<meta name=\"robots\" content=\"index, follow, max-snippet:-1, max-image-preview:large, max-video-preview:-1\" \/>\n<link rel=\"canonical\" href=\"https:\/\/boisdolivier.fr\/de\/kunstdrechslerei-olivenholz-drechsler\/\" \/>\n<meta property=\"og:locale\" content=\"de_DE\" \/>\n<meta property=\"og:type\" content=\"article\" \/>\n<meta property=\"og:title\" content=\"Die Kunst des Drechselns - Le Travail du Bois d&#039;Olivier\" \/>\n<meta property=\"og:description\" content=\"Kunstdrechslerei seit 1958 \u201eHandgefertigte Objekte entstehen im Kopf.\u201c [arrow-down] KUNSTDRECHSLEREI SEIT 1958 \u201eHandgefertigte Objekte entstehen im Kopf.\u201c [arrow-down] Kunstdrechslerei seit 1958 \u201eHandgefertigte Objekte entstehen im Kopf.\u201c [arrow-down] Olivenholz ist aufgrund seiner H\u00e4rte und des Wechseldrehwuchses extrem schwer zu verarbeiten und das Wachstum eines Olivenbaums ist schwierig einzusch\u00e4tzen. W\u00e4hrend andere B\u00e4ume wie Pinien oder sogar Eichen [&hellip;]\" \/>\n<meta property=\"og:url\" content=\"https:\/\/boisdolivier.fr\/de\/kunstdrechslerei-olivenholz-drechsler\/\" \/>\n<meta property=\"og:site_name\" content=\"Le Travail du Bois d&#039;Olivier\" \/>\n<meta property=\"article:modified_time\" content=\"2021-10-27T08:21:25+00:00\" \/>\n<meta name=\"twitter:card\" content=\"summary_large_image\" \/>\n<meta name=\"twitter:label1\" content=\"Gesch\u00e4tzte Lesezeit\" \/>\n\t<meta name=\"twitter:data1\" content=\"5\u00a0Minuten\" \/>\n<script type=\"application\/ld+json\" class=\"yoast-schema-graph\">{\"@context\":\"https:\/\/schema.org\",\"@graph\":[{\"@type\":\"WebPage\",\"@id\":\"https:\/\/boisdolivier.fr\/de\/kunstdrechslerei-olivenholz-drechsler\/\",\"url\":\"https:\/\/boisdolivier.fr\/de\/kunstdrechslerei-olivenholz-drechsler\/\",\"name\":\"Die Kunst des Drechselns - Le Travail du Bois d&#039;Olivier\",\"isPartOf\":{\"@id\":\"https:\/\/boisdolivier.fr\/de\/#website\"},\"datePublished\":\"2020-11-09T10:44:11+00:00\",\"dateModified\":\"2021-10-27T08:21:25+00:00\",\"breadcrumb\":{\"@id\":\"https:\/\/boisdolivier.fr\/de\/kunstdrechslerei-olivenholz-drechsler\/#breadcrumb\"},\"inLanguage\":\"de\",\"potentialAction\":[{\"@type\":\"ReadAction\",\"target\":[\"https:\/\/boisdolivier.fr\/de\/kunstdrechslerei-olivenholz-drechsler\/\"]}]},{\"@type\":\"BreadcrumbList\",\"@id\":\"https:\/\/boisdolivier.fr\/de\/kunstdrechslerei-olivenholz-drechsler\/#breadcrumb\",\"itemListElement\":[{\"@type\":\"ListItem\",\"position\":1,\"name\":\"Accueil\",\"item\":\"https:\/\/boisdolivier.fr\/fr\/\"},{\"@type\":\"ListItem\",\"position\":2,\"name\":\"Die Kunst des Drechselns\"}]},{\"@type\":\"WebSite\",\"@id\":\"https:\/\/boisdolivier.fr\/de\/#website\",\"url\":\"https:\/\/boisdolivier.fr\/de\/\",\"name\":\"Le Travail du Bois d&#039;Olivier\",\"description\":\"Le travail artisanal du bois d&#039;olivier - Dubosq &amp; Fils\",\"potentialAction\":[{\"@type\":\"SearchAction\",\"target\":{\"@type\":\"EntryPoint\",\"urlTemplate\":\"https:\/\/boisdolivier.fr\/de\/?s={search_term_string}\"},\"query-input\":{\"@type\":\"PropertyValueSpecification\",\"valueRequired\":true,\"valueName\":\"search_term_string\"}}],\"inLanguage\":\"de\"}]}<\/script>\n<!-- \/ Yoast SEO plugin. -->","yoast_head_json":{"title":"Die Kunst des Drechselns - Le Travail du Bois d&#039;Olivier","robots":{"index":"index","follow":"follow","max-snippet":"max-snippet:-1","max-image-preview":"max-image-preview:large","max-video-preview":"max-video-preview:-1"},"canonical":"https:\/\/boisdolivier.fr\/de\/kunstdrechslerei-olivenholz-drechsler\/","og_locale":"de_DE","og_type":"article","og_title":"Die Kunst des Drechselns - Le Travail du Bois d&#039;Olivier","og_description":"Kunstdrechslerei seit 1958 \u201eHandgefertigte Objekte entstehen im Kopf.\u201c [arrow-down] KUNSTDRECHSLEREI SEIT 1958 \u201eHandgefertigte Objekte entstehen im Kopf.\u201c [arrow-down] Kunstdrechslerei seit 1958 \u201eHandgefertigte Objekte entstehen im Kopf.\u201c [arrow-down] Olivenholz ist aufgrund seiner H\u00e4rte und des Wechseldrehwuchses extrem schwer zu verarbeiten und das Wachstum eines Olivenbaums ist schwierig einzusch\u00e4tzen. W\u00e4hrend andere B\u00e4ume wie Pinien oder sogar Eichen [&hellip;]","og_url":"https:\/\/boisdolivier.fr\/de\/kunstdrechslerei-olivenholz-drechsler\/","og_site_name":"Le Travail du Bois d&#039;Olivier","article_modified_time":"2021-10-27T08:21:25+00:00","twitter_card":"summary_large_image","twitter_misc":{"Gesch\u00e4tzte Lesezeit":"5\u00a0Minuten"},"schema":{"@context":"https:\/\/schema.org","@graph":[{"@type":"WebPage","@id":"https:\/\/boisdolivier.fr\/de\/kunstdrechslerei-olivenholz-drechsler\/","url":"https:\/\/boisdolivier.fr\/de\/kunstdrechslerei-olivenholz-drechsler\/","name":"Die Kunst des Drechselns - Le Travail du Bois d&#039;Olivier","isPartOf":{"@id":"https:\/\/boisdolivier.fr\/de\/#website"},"datePublished":"2020-11-09T10:44:11+00:00","dateModified":"2021-10-27T08:21:25+00:00","breadcrumb":{"@id":"https:\/\/boisdolivier.fr\/de\/kunstdrechslerei-olivenholz-drechsler\/#breadcrumb"},"inLanguage":"de","potentialAction":[{"@type":"ReadAction","target":["https:\/\/boisdolivier.fr\/de\/kunstdrechslerei-olivenholz-drechsler\/"]}]},{"@type":"BreadcrumbList","@id":"https:\/\/boisdolivier.fr\/de\/kunstdrechslerei-olivenholz-drechsler\/#breadcrumb","itemListElement":[{"@type":"ListItem","position":1,"name":"Accueil","item":"https:\/\/boisdolivier.fr\/fr\/"},{"@type":"ListItem","position":2,"name":"Die Kunst des Drechselns"}]},{"@type":"WebSite","@id":"https:\/\/boisdolivier.fr\/de\/#website","url":"https:\/\/boisdolivier.fr\/de\/","name":"Le Travail du Bois d&#039;Olivier","description":"Le travail artisanal du bois d&#039;olivier - Dubosq &amp; Fils","potentialAction":[{"@type":"SearchAction","target":{"@type":"EntryPoint","urlTemplate":"https:\/\/boisdolivier.fr\/de\/?s={search_term_string}"},"query-input":{"@type":"PropertyValueSpecification","valueRequired":true,"valueName":"search_term_string"}}],"inLanguage":"de"}]}},"_links":{"self":[{"href":"https:\/\/boisdolivier.fr\/de\/wp-json\/wp\/v2\/pages\/4136","targetHints":{"allow":["GET"]}}],"collection":[{"href":"https:\/\/boisdolivier.fr\/de\/wp-json\/wp\/v2\/pages"}],"about":[{"href":"https:\/\/boisdolivier.fr\/de\/wp-json\/wp\/v2\/types\/page"}],"author":[{"embeddable":true,"href":"https:\/\/boisdolivier.fr\/de\/wp-json\/wp\/v2\/users\/1"}],"replies":[{"embeddable":true,"href":"https:\/\/boisdolivier.fr\/de\/wp-json\/wp\/v2\/comments?post=4136"}],"version-history":[{"count":21,"href":"https:\/\/boisdolivier.fr\/de\/wp-json\/wp\/v2\/pages\/4136\/revisions"}],"predecessor-version":[{"id":4157,"href":"https:\/\/boisdolivier.fr\/de\/wp-json\/wp\/v2\/pages\/4136\/revisions\/4157"}],"wp:attachment":[{"href":"https:\/\/boisdolivier.fr\/de\/wp-json\/wp\/v2\/media?parent=4136"}],"curies":[{"name":"wp","href":"https:\/\/api.w.org\/{rel}","templated":true}]}}