{"id":4015,"date":"2020-11-09T12:00:54","date_gmt":"2020-11-09T11:00:54","guid":{"rendered":"https:\/\/boisdolivier.fr\/on-en-parle\/"},"modified":"2025-03-12T16:22:03","modified_gmt":"2025-03-12T15:22:03","slug":"reportagen","status":"publish","type":"page","link":"https:\/\/boisdolivier.fr\/de\/reportagen\/","title":{"rendered":"Reportagen"},"content":{"rendered":"<p><img decoding=\"async\" src=\"\/wp-content\/uploads\/2020\/11\/icone-arbre-le-travail-du-bois-dolivier.svg\" alt=\"icone arbre olivier\"><\/p>\n<h1>Le travail du Bois d&#8217;olivier : <br \/>\nFernsehauftritte und Zeitungsberichte, Preise und Auszeichnungen<\/h1>\n<h2>REPORTAGEN<\/h2>\n<div>\n<p>    <img decoding=\"async\" src=\"\/wp-content\/uploads\/2025\/03\/le-travail-du-bois-dolivier-video-a-la-une.jpg\" alt=\"Aper\u00e7u de la vid\u00e9o passage t\u00e9l\u00e9vis\u00e9 du Travail du Bois d'olivier dans La maison France 5\"><\/p>\n<p>        <iframe src=\"https:\/\/youtu.be\/Zc3lnI2Iasw?si=6Aq4ozw0HiBV_UAu&#038;t=3\"><\/iframe><\/p>\n<h3>Le Travail du Bois d&#8217;Olivier<\/h3>\n<p>3:24 min<\/p>\n<p><a href=\"https:\/\/youtu.be\/Zc3lnI2Iasw?si=R_KGnLIPQmI-xKH7\"><\/a><\/p>\n<\/div>\n<h2>S\u00e4mtliche Fernsehauftritte<\/h2>\n<div>\n<p>    <img decoding=\"async\" src=\"\/wp-content\/uploads\/2025\/03\/meteo-a-lacarte-le-travail-du-bois-dolivier-guillaume-dubosq.jpg\" alt=\"Aper\u00e7u de la vid\u00e9o passage t\u00e9l\u00e9vis\u00e9 du Travail du Bois d'olivier dans l'\u00e9mission Les 100 Lieux qu'il faut voir de France 5\"><\/p>\n<h3>M\u00e9teo \u00e0 la carte \u2022  France 3<\/h3>\n<p>6:52 min<\/p>\n<div>Sendung aus dem Dezember 2024<\/div>\n<p><a href=\"https:\/\/youtu.be\/5efxcCvnlxI?si=4iEbs8iMQaUN8LqZ\"><\/a><\/p>\n<\/div>\n<div>\n<p>    <img decoding=\"async\" src=\"\/wp-content\/uploads\/2021\/11\/france-5-le-travail-du-bois-dolivier-guillaume-dubosq-emission-les-100-lieux-quil-faut-voir.jpg\" alt=\"Aper\u00e7u de la vid\u00e9o passage t\u00e9l\u00e9vis\u00e9 du Travail du Bois d'olivier dans l'\u00e9mission Les 100 Lieux qu'il faut voir de France 5\"><\/p>\n<h3> Les 100 Lieux qu&#8217;il faut voir des Senders France 5<\/h3>\n<p>3:54 min<\/p>\n<p><a href=\"\/wp-content\/uploads\/2021\/11\/France5-Les-100-lieux-qu-il-faut-voir.mp4\"><\/a><\/p>\n<\/div>\n<div>\n<p>    <img decoding=\"async\" src=\"\/wp-content\/uploads\/2020\/12\/france-3-chroniques-mediterraneennes-le-travail-du-bois-dolivier.jpg\" alt=\"Aper\u00e7u de la vid\u00e9o passage t\u00e9l\u00e9vis\u00e9 du Travail du Bois d'olivier dans Chroniques Mediterrann\u00e9eenes de France 3\"><\/p>\n<h3>Chroniques M\u00e9diterran\u00e9ennes des Senders France 3<\/h3>\n<p>4:00 min<\/p>\n<div>Nathalie Simon hat mich in meiner Kunstdrechslerwerkstatt besucht.<\/div>\n<p><a href=\"https:\/\/www.youtube.com\/watch?v=frBwLVhTepo?\"><\/a><\/p>\n<\/div>\n<div>\n<p>    <img decoding=\"async\" src=\"\/wp-content\/uploads\/2020\/12\/france-3-journal-televise-le-travail-du-bois-dolivier.jpg\" alt=\"Aper\u00e7u de la vid\u00e9o Journal t\u00e9l\u00e9vis\u00e9 - Passage du Travail du Bois d'olivier  sur France 3\"><\/p>\n<h3>Journal T\u00e9l\u00e9vis\u00e9 des Senders France 3<\/h3>\n<p>3:03 min<\/p>\n<div>Die Kunstdrechslerei Le Travail du Bois d\u2019Olivier im Journal T\u00e9l\u00e9vis\u00e9 des Senders France 3 <\/div>\n<p><a href=\"https:\/\/youtu.be\/hmmXPgydRws?si=HLxT7DZobW9-2im6&#038;t=5\"><\/a><\/p>\n<\/div>\n<div>\n<p>    <img decoding=\"async\" src=\"\/wp-content\/uploads\/2020\/12\/canal-plus-le-travail-du-bois-d-olivier.jpg\" alt=\"Aper\u00e7u de la vid\u00e9o  du reportage Canal + sur le Travail du Bois d'olivier  sur France 3\"><\/p>\n<h3>Reportage \u2022  Canal+<\/h3>\n<p>4:00 min<\/p>\n<div>Demonstration des Drechslerhandwerks f\u00fcr die auf Canal Maison+ ausgestrahlte Sendung \u201eContre-plaque\u201c<\/div>\n<p><a href=\"https:\/\/youtu.be\/AnIub_FusW4?autoplay=1\"><\/a><\/p>\n<\/div>\n<div>\n<p>    <img decoding=\"async\" src=\"\/wp-content\/uploads\/2020\/12\/france-2-parcours-de-vie-le-travail-du-bois-dolivier.jpg\" alt=\"Aper\u00e7u de la vid\u00e9o- Parcours de vie France 3 sur Guillaume Dubosq\"><\/p>\n<h3>Parcours de Vie des Senders France 3<\/h3>\n<p>4:00 min<\/p>\n<div>Sendung aus dem Jahre 2015 <\/div>\n<p><a href=\"https:\/\/www.youtube.com\/watch?v=g9cAahrsT1s?autoplay=1\"><\/a><\/p>\n<\/div>\n<div>\n<p>    <img decoding=\"async\" src=\"\/wp-content\/uploads\/2020\/12\/france-3-parcours-de-vie-le-travail-du-bois-d-olivier.jpg\" alt=\"Aper\u00e7u de la vid\u00e9o- Parcours de vie France 3 sur Guillaume Dubosq\"><\/p>\n<h3>Parcours de Vie des Senders France 3 (Bonus)<\/h3>\n<p>2:51 min<\/p>\n<div>Sendung aus dem Jahre 2015<\/div>\n<p><a href=\"https:\/\/youtu.be\/HktF3WjoGyE?autoplay=1\"><\/a><\/p>\n<\/div>\n<div>\n<p>    <img decoding=\"async\" src=\"\/wp-content\/uploads\/2021\/01\/le-travial-du-bpois-dolivier-monaco-tv.jpg\" alt=\"Aper\u00e7u de la vid\u00e9o - Reportage Monaco TV sur le Travail du Bois d'olivier\"><\/p>\n<h3>Reportage des Senders MONACO TV<\/h3>\n<p>13:50 min<\/p>\n<div>Sendung aus dem Jahre 2014<\/div>\n<p><a href=\"https:\/\/youtu.be\/_5mkhzBL_rg?\"><\/a><\/p>\n<\/div>\n<h2>Zeitschriftenartikel<\/h2>\n<ul>\n<li>\n<p>        <img decoding=\"async\" src=\"\/wp-content\/uploads\/2021\/01\/travail-du-bois-dolivier-archives-japon.jpg\" alt=\"Article sur Guillaume Dubosq journal Japonais\"><\/p>\n<h3>Archives &#8211; JAPON<\/h3>\n<p>Herbst 2015<\/p>\n<div>\n<\/div>\n<p><a href=\"\/wp-content\/uploads\/2021\/01\/Archives-japon-guillaume-dubosq-travail-du-bois-dolivier_compressed.pdf\"><\/a><\/p>\n<\/li>\n<li>\n<p>        <img decoding=\"async\" src=\"\/wp-content\/uploads\/2021\/02\/livre-byblos.jpg\" alt=\"Article sur Guillaume Dubosq Livre Byblos Restaurant\"><\/p>\n<h3>Byblos <\/h3>\n<p>Livre Restaurant in Saint-Tropez C\u00f4t\u00e9 Sud<\/p>\n<div>\n<\/div>\n<p><a href=\"\/wp-content\/uploads\/2021\/01\/livre-byblos_compressed.pdf\"><\/a><\/p>\n<\/li>\n<li>\n<p>        <img decoding=\"async\" src=\"\/wp-content\/uploads\/2021\/01\/le-travail-du-bois-dolivier-cote-sud-magasine.jpg\" alt=\"Article sur Guillaume Dubosq Campagne d\u00e9coration\"><\/p>\n<h3>C\u00f4t\u00e9 Sud<\/h3>\n<div>\n<\/div>\n<p><a href=\"\/wp-content\/uploads\/2021\/01\/Le-travail-du-bois-dolivier-cote-sud_compressed.pdf\"><\/a><\/p>\n<\/li>\n<li>\n<p>        <img decoding=\"async\" src=\"\/wp-content\/uploads\/2021\/01\/le-travail-du-bois-dolivier-tourrettes-sur-loup-cote-sud-1.jpg\" alt=\"Article sur Guillaume Dubosq Livre Byblos Restaurant\"><\/p>\n<h3>Campagne d\u00e9coration<\/h3>\n<div>\n<\/div>\n<p><a href=\"\/wp-content\/uploads\/2021\/01\/guillaume-dubosq-cote-sud_compressed.pdf\"><\/a><\/p>\n<\/li>\n<li>\n<p>        <img decoding=\"async\" src=\"\/wp-content\/uploads\/2021\/01\/le-travail-du-bois-dolivier-tourrettes-sur-loup-revue-salamandre-1.jpg\" alt=\"Article sur Guillaume Dubosq Livre Byblos Restaurant\"><\/p>\n<h3>Salamandre<\/h3>\n<div>\n<\/div>\n<p><a href=\"\/wp-content\/uploads\/2021\/01\/le-travail-du-bois-dolivier-revue-salamandre_compressed.pdf\"><\/a><\/p>\n<\/li>\n<li>\n<p>        <img decoding=\"async\" src=\"\/wp-content\/uploads\/2021\/01\/le-travail-du-bois-dolivier-tourrettes-sur-loup-sydfrankrig-1.jpg\" alt=\"Article sur Guillaume Dubosq Sydfrankrig\"><\/p>\n<h3>Mad &#038; Bolig<\/h3>\n<div>\n<\/div>\n<p><a href=\"\/wp-content\/uploads\/2021\/01\/mad-and-bolig-le-travail-du-bois-dolivier.pdf\"><\/a><\/p>\n<\/li>\n<li>\n<p>        <img decoding=\"async\" src=\"\/wp-content\/uploads\/2021\/01\/le-travail-du-bois-dolivier-lexpress-1.jpg\" alt=\"Article sur Guillaume Dubosq Livre Byblos Restaurant\"><\/p>\n<h3>L&#8217;express<\/h3>\n<div>\n<\/div>\n<p><a href=\"\/wp-content\/uploads\/2021\/01\/le-travail-du-bois-dolivier-articles-express_compressed.pdf\"><\/a><\/p>\n<\/li>\n<li>\n<p>        <img decoding=\"async\" src=\"\/wp-content\/uploads\/2021\/01\/pays-alpes-maritimes-article-guillaume-dubosq.jpg\" alt=\"Article sur Guillaume Dubosq journal Pays des Alpes Maritimes\"><\/p>\n<h3>Pays des Alpes Maritimes<\/h3>\n<p>25 d\u00e9cembre 2008<\/p>\n<div>\n<\/div>\n<p><a href=\"\/wp-content\/uploads\/2021\/01\/Le-travail-du-bois-dolivier-LePaysAlpesMaritimes_compressed.pdf\"><\/a><\/p>\n<\/li>\n<\/ul>\n<h2>G\u00fctesiegel und Auszeichnungen<\/h2>\n<ul>\n<li>\n<p>        <img decoding=\"async\" src=\"\/wp-content\/uploads\/2021\/01\/label-epv-le-travail-du-bois-dolivier.jpg\" alt=\"Le travail du bois d'olivier Label EPV\"><\/p>\n<h3>Entreprise du Patrimoine Vivant (lebendiges Kulturerbe)<\/h3>\n<p>2009<\/p>\n<div>Die Kunstdrechslerei Le Travail du Bois d\u2019Olivier wurde 2009 als herausragendes lebendiges Kulturerbe ausgezeichnet.<\/p>\n<\/div>\n<p><a href=\"\/wp-content\/uploads\/2021\/01\/diplome-label-epv.jpg\"><\/a><\/p>\n<\/li>\n<li>\n<p>        <img decoding=\"async\" src=\"\/wp-content\/uploads\/2021\/01\/recompense-grand-prix-regional-metiers-darts-guillaume-dubosq.jpg\" alt=\"Grand prix des m\u00e9tiers d'art 2008 pour le violon du Le Travail du Bois d'Olivier - Guillaume Dubosq\"><\/p>\n<h3>Gro\u00dfer Preis des Kunsthandwerks SEMA<\/h3>\n<p>2008 &#8211; Prix r\u00e9gional<\/p>\n<div>Die Geige aus Olivenholz hat 2008 den gro\u00dfen Preis des Kunsthandwerks auf regionaler Ebene davongetragen.<\/div>\n<p><a href=\"\/wp-content\/uploads\/2021\/01\/diplome-regional-gd-prix-metier-d-art.jpg\"><\/a><\/p>\n<\/li>\n<li>\n<p>        <img decoding=\"async\" src=\"\/wp-content\/uploads\/2021\/01\/recompense-grand-prix-departemental-metiers-darts-guillaume-dubosq.jpg\" alt=\"Grand prix des m\u00e9tiers d'art 2008 pour le violon du Le Travail du Bois d'Olivier - Guillaume Dubosq\"><\/p>\n<h3>Gro\u00dfer Preis des Kunsthandwerks SEMA<\/h3>\n<p>2008 &#8211; Prix d\u00e9partemental<\/p>\n<div>Gewinner auf regionaler Ebene und auf L\u00e4nderebene<\/div>\n<p><a href=\"\/wp-content\/uploads\/2021\/01\/diplome-regional-gd-prix-metier-d-art.jpg\"><\/a><\/p>\n<\/li>\n<\/ul>\n<p><p>\n        <a href=\"https:\/\/www.institut-metiersdart.org\/epv\">Hier erfahren Sie mehr \u00fcber das EPV-G\u00fctesiegel<\/a>\n    <\/p>\n<\/p>\n<p><!--more--><br \/>\n<!-- {\"name\":\"Videos\",\"type\":\"layout\",\"children\":[{\"name\":\"section titre notre histoire\",\"type\":\"section\",\"props\":{\"animation\":\"slide-top-small\",\"animation_delay\":false,\"class\":\"uk-section-overlap-flip\",\"header_transparent\":true,\"header_transparent_text_color\":\"dark\",\"image\":\"wp-content\\\/uploads\\\/2020\\\/11\\\/olive-bg-bois-dubosq-et-fils-3.svg\",\"image_effect\":\"fixed\",\"image_position\":\"center-left\",\"image_size\":\"cover\",\"image_width\":\"1700\",\"media_visibility\":\"s\",\"overlap\":true,\"padding\":\"large\",\"padding_remove_bottom\":true,\"padding_remove_horizontal\":false,\"padding_remove_top\":false,\"style\":\"default\",\"title\":\"FERNSEHAUFTRITTE UND ZEITUNGSBERICHTE, PREISE\",\"title_breakpoint\":\"xl\",\"title_position\":\"center-right\",\"title_rotation\":\"right\",\"vertical_align\":\"\",\"width\":\"default\"},\"children\":[{\"type\":\"row\",\"props\":{\"margin\":\"xlarge\",\"margin_remove_bottom\":true},\"children\":[{\"type\":\"column\",\"props\":{\"image_position\":\"center-center\",\"position_sticky_breakpoint\":\"m\",\"width_medium\":\"1-1\"},\"children\":[{\"type\":\"image\",\"props\":{\"animation\":\"slide-top-medium\",\"image\":\"wp-content\\\/uploads\\\/2020\\\/11\\\/icone-arbre-le-travail-du-bois-dolivier.svg\",\"image_alt\":\"icone arbre olivier\",\"image_svg_color\":\"primary\",\"image_svg_inline\":false,\"image_width\":\"80\",\"margin\":\"default\",\"margin_remove_bottom\":true,\"margin_remove_top\":true,\"text_align\":\"center\"},\"modified\":\"2021-01-15T09:59:03.461Z\",\"name\":\"arbre title\"},{\"type\":\"headline\",\"props\":{\"animation\":\"slide-top-small\",\"content\":\"Le travail du Bois d'olivier : <br \/>\\nFernsehauftritte und Zeitungsberichte, Preise und Auszeichnungen\",\"margin_remove_bottom\":true,\"margin_remove_top\":true,\"text_align\":\"center\",\"title_color\":\"primary\",\"title_element\":\"h1\",\"title_style\":\"h6\"}},{\"type\":\"headline\",\"props\":{\"animation\":\"slide-bottom-medium\",\"block_align\":\"center\",\"content\":\"REPORTAGEN\",\"css\":\".el-element { font-size: 24px; letter-spacing: 0.03em;}\",\"margin\":\"small\",\"margin_remove_bottom\":true,\"margin_remove_top\":true,\"maxwidth\":\"2xlarge\",\"text_align\":\"center\",\"title_element\":\"h2\",\"title_font_family\":\"secondary\",\"title_style\":\"h3\"}},{\"type\":\"divider\",\"props\":{\"animation\":\"slide-top-medium\",\"divider_align\":\"center\",\"divider_element\":\"div\",\"divider_style\":\"vertical\",\"margin\":\"small\",\"margin_remove_top\":false}}]}]},{\"type\":\"row\",\"props\":{\"status\":\"disabled\",\"width\":\"xlarge\"},\"children\":[{\"type\":\"column\",\"props\":{\"image_position\":\"center-center\",\"position_sticky_breakpoint\":\"m\",\"width_medium\":\"1-1\"},\"children\":[{\"type\":\"image\",\"props\":{\"animation\":\"parallax\",\"css\":\".el-image { max-width: 40vw; opacity: 0.2;}\",\"image\":\"wp-content\\\/uploads\\\/2020\\\/11\\\/Le-travail-du-bois-d-olivier-dubosq-et-fils-logo-_stamp.svg\",\"image_svg_color\":\"emphasis\",\"image_width\":\"320\",\"margin\":\"default\",\"parallax_easing\":\"1\",\"parallax_y\":\"5vw,0\",\"position\":\"absolute\",\"position_right\":\"10%\",\"position_top\":\"-20vh\",\"position_z_index\":\"0\"}}]}]},{\"type\":\"row\",\"props\":{\"column_gap\":\"collapse\",\"layout\":\"2-3,1-3\",\"row_gap\":\"collapse\",\"status\":\"disabled\",\"width\":\"expand\"},\"children\":[{\"type\":\"column\",\"props\":{\"image_position\":\"center-center\",\"padding\":\"none\",\"position_sticky_breakpoint\":\"m\",\"width_medium\":\"2-3\"},\"children\":[{\"type\":\"grid\",\"props\":{\"content_column_breakpoint\":\"m\",\"content_margin\":\"small\",\"content_style\":\"text-meta\",\"css\":\".uk-lightbox {\\n    background: #000000e6;}\",\"filter_align\":\"left\",\"filter_all\":true,\"filter_grid_breakpoint\":\"m\",\"filter_grid_width\":\"auto\",\"filter_position\":\"top\",\"filter_style\":\"tab\",\"grid_column_gap\":\"medium\",\"grid_default\":\"1\",\"grid_medium\":\"1\",\"grid_row_gap\":\"medium\",\"grid_small\":\"1\",\"icon_width\":80,\"image_align\":\"top\",\"image_grid_breakpoint\":\"m\",\"image_grid_width\":\"1-2\",\"image_svg_color\":\"emphasis\",\"item_animation\":true,\"lightbox\":true,\"lightbox_bg_close\":true,\"lightbox_image_height\":\"900\",\"link_style\":\"default\",\"link_text\":\"\",\"margin\":\"default\",\"margin_remove_bottom\":true,\"margin_remove_top\":true,\"meta_align\":\"below-title\",\"meta_color\":\"secondary\",\"meta_element\":\"div\",\"meta_margin\":\"small\",\"meta_style\":\"text-meta\",\"panel_image_no_padding\":true,\"panel_link\":true,\"parallax_easing\":\"1\",\"position\":\"relative\",\"position_z_index\":\"1\",\"show_content\":false,\"show_hover_image\":true,\"show_hover_video\":true,\"show_image\":true,\"show_link\":true,\"show_meta\":false,\"show_title\":false,\"show_video\":true,\"title_align\":\"top\",\"title_element\":\"h3\",\"title_grid_breakpoint\":\"m\",\"title_grid_width\":\"1-2\",\"title_hover_style\":\"reset\",\"title_style\":\"h5\"},\"children\":[{\"type\":\"grid_item\",\"props\":{\"content\":\"\",\"image\":\"wp-content\\\/uploads\\\/2020\\\/12\\\/le-travail-du-bois-d-olivier-la-maison-france-5-2020.jpg\",\"image_alt\":\"Aper\\u00e7u de la vid\\u00e9o passage t\\u00e9l\\u00e9vis\\u00e9 du Travail du Bois d'olivier dans La maison France 5\",\"link\":\"https:\\\/\\\/www.youtube.com\\\/watch?v=ZQOaj3feiRo&t=40s?autoplay=1\",\"meta\":\"\",\"title\":\"\"}}]}]},{\"type\":\"column\",\"props\":{\"image_position\":\"center-center\",\"position_sticky_breakpoint\":\"m\",\"style\":\"tile-secondary\",\"vertical_align\":\"middle\",\"width_medium\":\"1-3\"},\"children\":[{\"type\":\"headline\",\"props\":{\"content\":\"Das neuste Video\",\"margin_remove_bottom\":true,\"margin_remove_top\":true,\"position\":\"relative\",\"title_color\":\"primary\",\"title_element\":\"h2\",\"title_font_family\":\"secondary\",\"title_style\":\"h5\"}},{\"type\":\"headline\",\"props\":{\"content\":\"La maison France 5\",\"margin_remove_bottom\":true,\"margin_remove_top\":true,\"position\":\"relative\",\"title_element\":\"h3\",\"title_style\":\"h3\"}},{\"type\":\"text\",\"props\":{\"column_breakpoint\":\"m\",\"content\":\"Dauer 7 Min. 35\",\"margin\":\"default\",\"margin_remove_top\":true,\"text_color\":\"emphasis\",\"text_style\":\"meta\"}},{\"type\":\"text\",\"props\":{\"column_breakpoint\":\"m\",\"content\":\"\\u201eLA MAISON FRANCE 5\\u201d hat meine Werkstatt besucht; die Sendung wurde im April 2020 ausgestrahlt.\",\"margin\":\"medium\",\"margin_remove_top\":true,\"maxwidth\":\"large\",\"position\":\"relative\",\"position_z_index\":\"1\"}}]}]},{\"type\":\"row\",\"children\":[{\"type\":\"column\",\"props\":{\"image_position\":\"center-center\",\"position_sticky_breakpoint\":\"m\"},\"children\":[{\"type\":\"grid\",\"props\":{\"content_column_breakpoint\":\"m\",\"content_display\":\"item\",\"content_margin\":\"small\",\"content_style\":\"text-meta\",\"css\":\".uk-lightbox {\\n    background: #000000e6;}\",\"filter_align\":\"left\",\"filter_all\":true,\"filter_grid_breakpoint\":\"m\",\"filter_grid_width\":\"auto\",\"filter_position\":\"top\",\"filter_style\":\"tab\",\"grid_column_align\":false,\"grid_column_gap\":\"collapse\",\"grid_default\":\"1\",\"grid_medium\":\"1\",\"grid_row_align\":false,\"grid_row_gap\":\"collapse\",\"grid_small\":\"1\",\"icon_width\":80,\"image_align\":\"left\",\"image_grid_breakpoint\":\"m\",\"image_grid_width\":\"2-3\",\"image_svg_color\":\"emphasis\",\"image_vertical_align\":true,\"item_animation\":true,\"lightbox\":true,\"lightbox_bg_close\":true,\"lightbox_controls\":true,\"lightbox_image_orientation\":false,\"lightbox_image_width\":\"610\",\"lightbox_video_autoplay\":\"true\",\"link_style\":\"default\",\"link_text\":\"\",\"margin\":\"default\",\"margin_remove_bottom\":true,\"margin_remove_top\":true,\"meta_align\":\"below-title\",\"meta_color\":\"secondary\",\"meta_element\":\"div\",\"meta_margin\":\"small\",\"meta_style\":\"text-meta\",\"panel_expand\":\"image\",\"panel_image_no_padding\":true,\"panel_link\":true,\"panel_link_hover\":\"true\",\"panel_padding\":\"large\",\"panel_style\":\"card-secondary\",\"parallax_easing\":\"1\",\"position\":\"relative\",\"position_z_index\":\"1\",\"show_content\":true,\"show_hover_image\":true,\"show_hover_video\":true,\"show_image\":true,\"show_link\":true,\"show_meta\":true,\"show_title\":true,\"show_video\":true,\"title_align\":\"top\",\"title_display\":\"item\",\"title_element\":\"h3\",\"title_grid_breakpoint\":\"m\",\"title_grid_width\":\"1-2\",\"title_hover_style\":\"reset\",\"title_style\":\"h5\"},\"children\":[{\"type\":\"grid_item\",\"props\":{\"content\":\"\",\"hover_video\":\"https:\\\/\\\/youtu.be\\\/Zc3lnI2Iasw?si=6Aq4ozw0HiBV_UAu&t=3\",\"image\":\"wp-content\\\/uploads\\\/2025\\\/03\\\/le-travail-du-bois-dolivier-video-a-la-une.jpg\",\"image_alt\":\"Aper\\u00e7u de la vid\\u00e9o passage t\\u00e9l\\u00e9vis\\u00e9 du Travail du Bois d'olivier dans La maison France 5\",\"link\":\"https:\\\/\\\/youtu.be\\\/Zc3lnI2Iasw?si=R_KGnLIPQmI-xKH7\",\"meta\":\"3:24 min\",\"title\":\"Le Travail du Bois d'Olivier\"}}]}]}]},{\"type\":\"row\",\"children\":[{\"type\":\"column\",\"props\":{\"image_position\":\"center-center\",\"position_sticky_breakpoint\":\"m\"}}]},{\"type\":\"row\",\"props\":{\"margin\":\"default\"},\"children\":[{\"type\":\"column\",\"props\":{\"image_position\":\"center-center\",\"position_sticky_breakpoint\":\"m\",\"width_medium\":\"1-1\"},\"children\":[{\"type\":\"headline\",\"props\":{\"content\":\"S\\u00e4mtliche Fernsehauftritte\",\"margin\":\"default\",\"title_decoration\":\"line\",\"title_element\":\"h2\",\"title_font_family\":\"secondary\",\"title_style\":\"h3\"}}]}]},{\"type\":\"row\",\"props\":{\"column_gap\":\"medium\",\"layout\":\"1-3,1-3,1-3\",\"margin\":\"default\",\"margin_remove_top\":false},\"children\":[{\"type\":\"column\",\"props\":{\"image_position\":\"center-center\",\"padding\":\"none\",\"position_sticky_breakpoint\":\"m\",\"style\":\"card-secondary\",\"width_medium\":\"1-3\"},\"children\":[{\"type\":\"grid\",\"props\":{\"animation\":\"none\",\"content_column_breakpoint\":\"m\",\"content_display\":\"item\",\"content_margin\":\"small\",\"content_style\":\"text-meta\",\"css\":\".el-title {padding: 10px 0px 0px 10px;}\\n.el-meta { padding: 0px 0px 0px 10px;}\\n.el-content { padding: 0px 0px 10px 10px;} \\n\",\"filter_align\":\"left\",\"filter_all\":true,\"filter_grid_breakpoint\":\"m\",\"filter_grid_width\":\"auto\",\"filter_position\":\"top\",\"filter_style\":\"tab\",\"grid_column_gap\":\"medium\",\"grid_default\":\"1\",\"grid_medium\":\"1\",\"grid_row_gap\":\"medium\",\"grid_small\":\"1\",\"icon_width\":80,\"image_align\":\"top\",\"image_grid_breakpoint\":\"m\",\"image_grid_width\":\"1-2\",\"image_link\":true,\"image_svg_color\":\"emphasis\",\"image_transition\":\"scale-up\",\"image_transition_border\":false,\"item_animation\":true,\"lightbox\":true,\"lightbox_bg_close\":true,\"lightbox_controls\":true,\"lightbox_counter\":false,\"lightbox_image_orientation\":false,\"lightbox_video_autoplay\":\"true\",\"link_style\":\"default\",\"link_text\":\"\",\"margin\":\"default\",\"margin_remove_top\":true,\"meta_align\":\"below-title\",\"meta_color\":\"secondary\",\"meta_element\":\"div\",\"meta_margin\":\"small\",\"meta_style\":\"text-meta\",\"panel_image_no_padding\":true,\"panel_link\":true,\"panel_padding\":\"small\",\"parallax_easing\":\"1\",\"position\":\"relative\",\"position_z_index\":\"1\",\"show_content\":true,\"show_hover_image\":true,\"show_hover_video\":true,\"show_image\":true,\"show_link\":true,\"show_meta\":true,\"show_title\":true,\"show_video\":true,\"title_align\":\"top\",\"title_display\":\"item\",\"title_element\":\"h3\",\"title_grid_breakpoint\":\"m\",\"title_grid_width\":\"1-2\",\"title_hover_style\":\"reset\",\"title_style\":\"h5\"},\"children\":[{\"type\":\"grid_item\",\"props\":{\"content\":\"Sendung aus dem Dezember 2024\",\"image\":\"wp-content\\\/uploads\\\/2025\\\/03\\\/meteo-a-lacarte-le-travail-du-bois-dolivier-guillaume-dubosq.jpg\",\"image_alt\":\"Aper\\u00e7u de la vid\\u00e9o passage t\\u00e9l\\u00e9vis\\u00e9 du Travail du Bois d'olivier dans l'\\u00e9mission Les 100 Lieux qu'il faut voir de France 5\",\"link\":\"https:\\\/\\\/youtu.be\\\/5efxcCvnlxI?si=4iEbs8iMQaUN8LqZ\",\"meta\":\"6:52 min\",\"title\":\"M\\u00e9teo \\u00e0 la carte \\u2022  France 3\"}}],\"name\":\"Videos GRID\"}]},{\"type\":\"column\",\"props\":{\"image_position\":\"center-center\",\"padding\":\"none\",\"position_sticky_breakpoint\":\"m\",\"style\":\"card-secondary\",\"width_medium\":\"1-3\"},\"children\":[{\"type\":\"grid\",\"props\":{\"animation\":\"none\",\"content_column_breakpoint\":\"m\",\"content_display\":\"item\",\"content_margin\":\"small\",\"content_style\":\"text-meta\",\"css\":\".el-title {padding: 10px 0px 0px 10px;}\\n.el-meta { padding: 0px 0px 0px 10px;}\\n.el-content { padding: 0px 0px 10px 10px;} \",\"filter_align\":\"left\",\"filter_all\":true,\"filter_grid_breakpoint\":\"m\",\"filter_grid_width\":\"auto\",\"filter_position\":\"top\",\"filter_style\":\"tab\",\"grid_column_gap\":\"medium\",\"grid_default\":\"1\",\"grid_medium\":\"1\",\"grid_row_gap\":\"medium\",\"grid_small\":\"1\",\"icon_width\":80,\"image_align\":\"top\",\"image_grid_breakpoint\":\"m\",\"image_grid_width\":\"1-2\",\"image_link\":true,\"image_svg_color\":\"emphasis\",\"image_transition\":\"scale-up\",\"item_animation\":true,\"lightbox\":true,\"lightbox_bg_close\":true,\"lightbox_controls\":true,\"lightbox_video_autoplay\":\"true\",\"link_style\":\"default\",\"link_text\":\"\",\"margin\":\"default\",\"margin_remove_top\":true,\"meta_align\":\"below-title\",\"meta_color\":\"secondary\",\"meta_element\":\"div\",\"meta_margin\":\"small\",\"meta_style\":\"text-meta\",\"panel_image_no_padding\":true,\"panel_link\":true,\"panel_padding\":\"small\",\"parallax_easing\":\"1\",\"position\":\"relative\",\"position_z_index\":\"1\",\"show_content\":true,\"show_hover_image\":true,\"show_hover_video\":true,\"show_image\":true,\"show_link\":true,\"show_meta\":true,\"show_title\":true,\"show_video\":true,\"title_align\":\"top\",\"title_display\":\"item\",\"title_element\":\"h3\",\"title_grid_breakpoint\":\"m\",\"title_grid_width\":\"1-2\",\"title_hover_style\":\"reset\",\"title_style\":\"h5\"},\"children\":[{\"type\":\"grid_item\",\"props\":{\"content\":\"\",\"image\":\"wp-content\\\/uploads\\\/2021\\\/11\\\/france-5-le-travail-du-bois-dolivier-guillaume-dubosq-emission-les-100-lieux-quil-faut-voir.jpg\",\"image_alt\":\"Aper\\u00e7u de la vid\\u00e9o passage t\\u00e9l\\u00e9vis\\u00e9 du Travail du Bois d'olivier dans l'\\u00e9mission Les 100 Lieux qu'il faut voir de France 5\",\"link\":\"wp-content\\\/uploads\\\/2021\\\/11\\\/France5-Les-100-lieux-qu-il-faut-voir.mp4\",\"meta\":\"3:54 min\",\"title\":\" Les 100 Lieux qu'il faut voir des Senders France 5\"}}],\"name\":\"Videos GRID\"}]},{\"type\":\"column\",\"props\":{\"image_position\":\"center-center\",\"padding\":\"none\",\"position_sticky_breakpoint\":\"m\",\"style\":\"card-secondary\",\"width_medium\":\"1-3\"},\"children\":[{\"type\":\"grid\",\"props\":{\"animation\":\"none\",\"content_column_breakpoint\":\"m\",\"content_display\":\"item\",\"content_margin\":\"small\",\"content_style\":\"text-meta\",\"css\":\".el-title {padding: 10px 0px 0px 10px;}\\n.el-meta { padding: 0px 0px 0px 10px;}\\n.el-content { padding: 0px 0px 10px 10px;} \",\"filter_align\":\"left\",\"filter_all\":true,\"filter_grid_breakpoint\":\"m\",\"filter_grid_width\":\"auto\",\"filter_position\":\"top\",\"filter_style\":\"tab\",\"grid_column_gap\":\"medium\",\"grid_default\":\"1\",\"grid_medium\":\"1\",\"grid_row_gap\":\"medium\",\"grid_small\":\"1\",\"icon_width\":80,\"image_align\":\"top\",\"image_grid_breakpoint\":\"m\",\"image_grid_width\":\"1-2\",\"image_link\":true,\"image_svg_color\":\"emphasis\",\"image_transition\":\"scale-up\",\"item_animation\":true,\"lightbox\":true,\"lightbox_bg_close\":true,\"lightbox_controls\":true,\"lightbox_video_autoplay\":\"true\",\"link_style\":\"default\",\"link_text\":\"\",\"margin\":\"default\",\"margin_remove_top\":true,\"meta_align\":\"below-title\",\"meta_color\":\"secondary\",\"meta_element\":\"div\",\"meta_margin\":\"small\",\"meta_style\":\"text-meta\",\"panel_image_no_padding\":true,\"panel_link\":true,\"panel_padding\":\"small\",\"parallax_easing\":\"1\",\"position\":\"relative\",\"position_z_index\":\"1\",\"show_content\":true,\"show_hover_image\":true,\"show_hover_video\":true,\"show_image\":true,\"show_link\":true,\"show_meta\":true,\"show_title\":true,\"show_video\":true,\"title_align\":\"top\",\"title_display\":\"item\",\"title_element\":\"h3\",\"title_grid_breakpoint\":\"m\",\"title_grid_width\":\"1-2\",\"title_hover_style\":\"reset\",\"title_style\":\"h5\"},\"children\":[{\"type\":\"grid_item\",\"props\":{\"content\":\"Nathalie Simon hat mich in meiner Kunstdrechslerwerkstatt besucht.\",\"image\":\"wp-content\\\/uploads\\\/2020\\\/12\\\/france-3-chroniques-mediterraneennes-le-travail-du-bois-dolivier.jpg\",\"image_alt\":\"Aper\\u00e7u de la vid\\u00e9o passage t\\u00e9l\\u00e9vis\\u00e9 du Travail du Bois d'olivier dans Chroniques Mediterrann\\u00e9eenes de France 3\",\"link\":\"https:\\\/\\\/www.youtube.com\\\/watch?v=frBwLVhTepo?\",\"meta\":\"4:00 min\",\"title\":\"Chroniques M\\u00e9diterran\\u00e9ennes des Senders France 3\"}}],\"name\":\"Videos GRID OK\"}]}]},{\"type\":\"row\",\"props\":{\"column_gap\":\"medium\",\"layout\":\"1-3,1-3,1-3\"},\"children\":[{\"type\":\"column\",\"props\":{\"image_position\":\"center-center\",\"padding\":\"none\",\"position_sticky_breakpoint\":\"m\",\"style\":\"card-secondary\",\"width_medium\":\"1-3\"},\"children\":[{\"type\":\"grid\",\"props\":{\"animation\":\"none\",\"content_column_breakpoint\":\"m\",\"content_display\":\"item\",\"content_margin\":\"small\",\"content_style\":\"text-meta\",\"css\":\".el-title {padding: 10px 0px 0px 10px;}\\n.el-meta { padding: 0px 0px 0px 10px;}\\n.el-content { padding: 0px 0px 10px 10px;} \",\"filter_align\":\"left\",\"filter_all\":true,\"filter_grid_breakpoint\":\"m\",\"filter_grid_width\":\"auto\",\"filter_position\":\"top\",\"filter_style\":\"tab\",\"grid_column_gap\":\"medium\",\"grid_default\":\"1\",\"grid_medium\":\"1\",\"grid_row_gap\":\"medium\",\"grid_small\":\"1\",\"icon_width\":80,\"image_align\":\"top\",\"image_grid_breakpoint\":\"m\",\"image_grid_width\":\"1-2\",\"image_link\":true,\"image_svg_color\":\"emphasis\",\"image_transition\":\"scale-up\",\"item_animation\":true,\"lightbox\":true,\"lightbox_bg_close\":true,\"lightbox_controls\":true,\"lightbox_video_autoplay\":\"true\",\"link_style\":\"default\",\"link_text\":\"\",\"margin\":\"default\",\"margin_remove_top\":true,\"meta_align\":\"below-title\",\"meta_color\":\"secondary\",\"meta_element\":\"div\",\"meta_margin\":\"small\",\"meta_style\":\"text-meta\",\"panel_image_no_padding\":true,\"panel_link\":true,\"panel_padding\":\"small\",\"parallax_easing\":\"1\",\"position\":\"relative\",\"position_z_index\":\"1\",\"show_content\":true,\"show_hover_image\":true,\"show_hover_video\":true,\"show_image\":true,\"show_link\":true,\"show_meta\":true,\"show_title\":true,\"show_video\":true,\"title_align\":\"top\",\"title_display\":\"item\",\"title_element\":\"h3\",\"title_grid_breakpoint\":\"m\",\"title_grid_width\":\"1-2\",\"title_hover_style\":\"reset\",\"title_style\":\"h5\"},\"children\":[{\"type\":\"grid_item\",\"props\":{\"content\":\"Die Kunstdrechslerei Le Travail du Bois d\\u2019Olivier im Journal T\\u00e9l\\u00e9vis\\u00e9 des Senders France 3 \",\"image\":\"wp-content\\\/uploads\\\/2020\\\/12\\\/france-3-journal-televise-le-travail-du-bois-dolivier.jpg\",\"image_alt\":\"Aper\\u00e7u de la vid\\u00e9o Journal t\\u00e9l\\u00e9vis\\u00e9 - Passage du Travail du Bois d'olivier  sur France 3\",\"link\":\"https:\\\/\\\/youtu.be\\\/hmmXPgydRws?si=HLxT7DZobW9-2im6&t=5\",\"meta\":\"3:03 min\",\"title\":\"Journal T\\u00e9l\\u00e9vis\\u00e9 des Senders France 3\"}}],\"name\":\"Videos GRID OK\"}]},{\"type\":\"column\",\"props\":{\"image_position\":\"center-center\",\"padding\":\"none\",\"position_sticky_breakpoint\":\"m\",\"style\":\"card-secondary\",\"width_medium\":\"1-3\"},\"children\":[{\"type\":\"grid\",\"props\":{\"animation\":\"none\",\"content_column_breakpoint\":\"m\",\"content_display\":\"item\",\"content_margin\":\"small\",\"content_style\":\"text-meta\",\"css\":\".el-title {padding: 10px 0px 0px 10px;}\\n.el-meta { padding: 0px 0px 0px 10px;}\\n.el-content { padding: 0px 0px 10px 10px;} \",\"filter_align\":\"left\",\"filter_all\":true,\"filter_grid_breakpoint\":\"m\",\"filter_grid_width\":\"auto\",\"filter_position\":\"top\",\"filter_style\":\"tab\",\"grid_column_gap\":\"medium\",\"grid_default\":\"1\",\"grid_medium\":\"1\",\"grid_row_gap\":\"medium\",\"grid_small\":\"1\",\"icon_width\":80,\"image_align\":\"top\",\"image_grid_breakpoint\":\"m\",\"image_grid_width\":\"1-2\",\"image_link\":true,\"image_svg_color\":\"emphasis\",\"image_transition\":\"scale-up\",\"item_animation\":true,\"lightbox\":true,\"lightbox_bg_close\":true,\"lightbox_controls\":true,\"lightbox_video_autoplay\":\"true\",\"link_style\":\"default\",\"link_text\":\"\",\"margin\":\"default\",\"margin_remove_top\":true,\"meta_align\":\"below-title\",\"meta_color\":\"secondary\",\"meta_element\":\"div\",\"meta_margin\":\"small\",\"meta_style\":\"text-meta\",\"panel_image_no_padding\":true,\"panel_link\":true,\"panel_padding\":\"small\",\"parallax_easing\":\"1\",\"position\":\"relative\",\"position_z_index\":\"1\",\"show_content\":true,\"show_hover_image\":true,\"show_hover_video\":true,\"show_image\":true,\"show_link\":true,\"show_meta\":true,\"show_title\":true,\"show_video\":true,\"title_align\":\"top\",\"title_display\":\"item\",\"title_element\":\"h3\",\"title_grid_breakpoint\":\"m\",\"title_grid_width\":\"1-2\",\"title_hover_style\":\"reset\",\"title_style\":\"h5\"},\"children\":[{\"type\":\"grid_item\",\"props\":{\"content\":\"Demonstration des Drechslerhandwerks f\\u00fcr die auf Canal Maison+ ausgestrahlte Sendung \\u201eContre-plaque\\u201c\",\"image\":\"wp-content\\\/uploads\\\/2020\\\/12\\\/canal-plus-le-travail-du-bois-d-olivier.jpg\",\"image_alt\":\"Aper\\u00e7u de la vid\\u00e9o  du reportage Canal + sur le Travail du Bois d'olivier  sur France 3\",\"link\":\"https:\\\/\\\/youtu.be\\\/AnIub_FusW4?autoplay=1\",\"meta\":\"4:00 min\",\"title\":\"Reportage \\u2022  Canal+\"}}],\"name\":\"Videos GRID OK\"}]},{\"type\":\"column\",\"props\":{\"image_position\":\"center-center\",\"padding\":\"none\",\"position_sticky_breakpoint\":\"m\",\"style\":\"card-secondary\",\"width_medium\":\"1-3\"},\"children\":[{\"type\":\"grid\",\"props\":{\"animation\":\"none\",\"content_column_breakpoint\":\"m\",\"content_display\":\"item\",\"content_margin\":\"small\",\"content_style\":\"text-meta\",\"css\":\".el-title {padding: 10px 0px 0px 10px;}\\n.el-meta { padding: 0px 0px 0px 10px;}\\n.el-content { padding: 0px 0px 10px 10px;} \",\"filter_align\":\"left\",\"filter_all\":true,\"filter_grid_breakpoint\":\"m\",\"filter_grid_width\":\"auto\",\"filter_position\":\"top\",\"filter_style\":\"tab\",\"grid_column_gap\":\"medium\",\"grid_default\":\"1\",\"grid_medium\":\"1\",\"grid_row_gap\":\"medium\",\"grid_small\":\"1\",\"icon_width\":80,\"image_align\":\"top\",\"image_grid_breakpoint\":\"m\",\"image_grid_width\":\"1-2\",\"image_link\":true,\"image_svg_color\":\"emphasis\",\"image_transition\":\"scale-up\",\"item_animation\":true,\"lightbox\":true,\"lightbox_bg_close\":true,\"lightbox_controls\":true,\"lightbox_video_autoplay\":\"true\",\"link_style\":\"default\",\"link_text\":\"\",\"margin\":\"default\",\"margin_remove_top\":true,\"meta_align\":\"below-title\",\"meta_color\":\"secondary\",\"meta_element\":\"div\",\"meta_margin\":\"small\",\"meta_style\":\"text-meta\",\"panel_image_no_padding\":true,\"panel_link\":true,\"panel_padding\":\"small\",\"parallax_easing\":\"1\",\"position\":\"relative\",\"position_z_index\":\"1\",\"show_content\":true,\"show_hover_image\":true,\"show_hover_video\":true,\"show_image\":true,\"show_link\":true,\"show_meta\":true,\"show_title\":true,\"show_video\":true,\"title_align\":\"top\",\"title_display\":\"item\",\"title_element\":\"h3\",\"title_grid_breakpoint\":\"m\",\"title_grid_width\":\"1-2\",\"title_hover_style\":\"reset\",\"title_style\":\"h5\"},\"children\":[{\"type\":\"grid_item\",\"props\":{\"content\":\"Sendung aus dem Jahre 2015 \",\"image\":\"wp-content\\\/uploads\\\/2020\\\/12\\\/france-2-parcours-de-vie-le-travail-du-bois-dolivier.jpg\",\"image_alt\":\"Aper\\u00e7u de la vid\\u00e9o- Parcours de vie France 3 sur Guillaume Dubosq\",\"link\":\"https:\\\/\\\/www.youtube.com\\\/watch?v=g9cAahrsT1s?autoplay=1\",\"meta\":\"4:00 min\",\"title\":\"Parcours de Vie des Senders France 3\"}}],\"name\":\"Videos GRID OK\"}]}]},{\"type\":\"row\",\"props\":{\"column_gap\":\"medium\",\"layout\":\"1-3,1-3,1-3\"},\"children\":[{\"type\":\"column\",\"props\":{\"image_position\":\"center-center\",\"padding\":\"none\",\"position_sticky_breakpoint\":\"m\",\"style\":\"card-secondary\",\"width_medium\":\"1-3\"},\"children\":[{\"type\":\"grid\",\"props\":{\"animation\":\"none\",\"content_column_breakpoint\":\"m\",\"content_display\":\"item\",\"content_margin\":\"small\",\"content_style\":\"text-meta\",\"css\":\".el-title {padding: 10px 0px 0px 10px;}\\n.el-meta { padding: 0px 0px 0px 10px;}\\n.el-content { padding: 0px 0px 10px 10px;} \",\"filter_align\":\"left\",\"filter_all\":true,\"filter_grid_breakpoint\":\"m\",\"filter_grid_width\":\"auto\",\"filter_position\":\"top\",\"filter_style\":\"tab\",\"grid_column_gap\":\"medium\",\"grid_default\":\"1\",\"grid_medium\":\"1\",\"grid_row_gap\":\"medium\",\"grid_small\":\"1\",\"icon_width\":80,\"image_align\":\"top\",\"image_grid_breakpoint\":\"m\",\"image_grid_width\":\"1-2\",\"image_link\":true,\"image_svg_color\":\"emphasis\",\"image_transition\":\"scale-up\",\"item_animation\":true,\"lightbox\":true,\"lightbox_bg_close\":true,\"lightbox_controls\":true,\"lightbox_video_autoplay\":\"true\",\"link_style\":\"default\",\"link_text\":\"\",\"margin\":\"default\",\"margin_remove_top\":true,\"meta_align\":\"below-title\",\"meta_color\":\"secondary\",\"meta_element\":\"div\",\"meta_margin\":\"small\",\"meta_style\":\"text-meta\",\"panel_image_no_padding\":true,\"panel_link\":true,\"panel_padding\":\"small\",\"parallax_easing\":\"1\",\"position\":\"relative\",\"position_z_index\":\"1\",\"show_content\":true,\"show_hover_image\":true,\"show_hover_video\":true,\"show_image\":true,\"show_link\":true,\"show_meta\":true,\"show_title\":true,\"show_video\":true,\"title_align\":\"top\",\"title_display\":\"item\",\"title_element\":\"h3\",\"title_grid_breakpoint\":\"m\",\"title_grid_width\":\"1-2\",\"title_hover_style\":\"reset\",\"title_style\":\"h5\"},\"children\":[{\"type\":\"grid_item\",\"props\":{\"content\":\"Sendung aus dem Jahre 2015\",\"image\":\"wp-content\\\/uploads\\\/2020\\\/12\\\/france-3-parcours-de-vie-le-travail-du-bois-d-olivier.jpg\",\"image_alt\":\"Aper\\u00e7u de la vid\\u00e9o- Parcours de vie France 3 sur Guillaume Dubosq\",\"link\":\"https:\\\/\\\/youtu.be\\\/HktF3WjoGyE?autoplay=1\",\"meta\":\"2:51 min\",\"title\":\"Parcours de Vie des Senders France 3 (Bonus)\"}}],\"name\":\"Videos GRID OK\"}]},{\"type\":\"column\",\"props\":{\"image_position\":\"center-center\",\"padding\":\"none\",\"position_sticky_breakpoint\":\"m\",\"style\":\"card-secondary\",\"width_medium\":\"1-3\"},\"children\":[{\"type\":\"grid\",\"props\":{\"animation\":\"none\",\"content_column_breakpoint\":\"m\",\"content_display\":\"item\",\"content_margin\":\"small\",\"content_style\":\"text-meta\",\"css\":\".el-title {padding: 10px 0px 0px 10px;}\\n.el-meta { padding: 0px 0px 0px 10px;}\\n.el-content { padding: 0px 0px 10px 10px;} \",\"filter_align\":\"left\",\"filter_all\":true,\"filter_grid_breakpoint\":\"m\",\"filter_grid_width\":\"auto\",\"filter_position\":\"top\",\"filter_style\":\"tab\",\"grid_column_gap\":\"medium\",\"grid_default\":\"1\",\"grid_medium\":\"1\",\"grid_row_gap\":\"medium\",\"grid_small\":\"1\",\"icon_width\":80,\"image_align\":\"top\",\"image_grid_breakpoint\":\"m\",\"image_grid_width\":\"1-2\",\"image_link\":true,\"image_svg_color\":\"emphasis\",\"image_transition\":\"scale-up\",\"item_animation\":true,\"lightbox\":true,\"lightbox_bg_close\":true,\"lightbox_controls\":true,\"lightbox_video_autoplay\":\"true\",\"link_style\":\"default\",\"link_text\":\"\",\"margin\":\"default\",\"margin_remove_top\":true,\"meta_align\":\"below-title\",\"meta_color\":\"secondary\",\"meta_element\":\"div\",\"meta_margin\":\"small\",\"meta_style\":\"text-meta\",\"panel_image_no_padding\":true,\"panel_link\":true,\"panel_padding\":\"small\",\"parallax_easing\":\"1\",\"position\":\"relative\",\"position_z_index\":\"1\",\"show_content\":true,\"show_hover_image\":true,\"show_hover_video\":true,\"show_image\":true,\"show_link\":true,\"show_meta\":true,\"show_title\":true,\"show_video\":true,\"title_align\":\"top\",\"title_display\":\"item\",\"title_element\":\"h3\",\"title_grid_breakpoint\":\"m\",\"title_grid_width\":\"1-2\",\"title_hover_style\":\"reset\",\"title_style\":\"h5\"},\"children\":[{\"type\":\"grid_item\",\"props\":{\"content\":\"Sendung aus dem Jahre 2014\",\"image\":\"wp-content\\\/uploads\\\/2021\\\/01\\\/le-travial-du-bpois-dolivier-monaco-tv.jpg\",\"image_alt\":\"Aper\\u00e7u de la vid\\u00e9o - Reportage Monaco TV sur le Travail du Bois d'olivier\",\"link\":\"https:\\\/\\\/youtu.be\\\/_5mkhzBL_rg?\",\"meta\":\"13:50 min\",\"title\":\"Reportage des Senders MONACO TV\"}}],\"name\":\"Videos GRID OK\"}]},{\"type\":\"column\",\"props\":{\"image_position\":\"center-center\",\"padding\":\"none\",\"position_sticky_breakpoint\":\"m\",\"width_medium\":\"1-3\"}}]},{\"type\":\"row\",\"children\":[{\"type\":\"column\",\"props\":{\"image_position\":\"center-center\",\"position_sticky_breakpoint\":\"m\"}}]},{\"type\":\"row\",\"children\":[{\"type\":\"column\",\"props\":{\"image_position\":\"center-center\",\"position_sticky_breakpoint\":\"m\"},\"children\":[{\"type\":\"headline\",\"props\":{\"content\":\"Zeitschriftenartikel\",\"margin\":\"default\",\"title_decoration\":\"line\",\"title_element\":\"h2\",\"title_font_family\":\"secondary\",\"title_style\":\"h3\"}},{\"type\":\"grid\",\"props\":{\"content_column_breakpoint\":\"m\",\"content_margin\":\"small\",\"content_style\":\"text-meta\",\"filter_align\":\"left\",\"filter_all\":true,\"filter_grid_breakpoint\":\"m\",\"filter_grid_width\":\"auto\",\"filter_position\":\"top\",\"filter_style\":\"tab\",\"grid_column_gap\":\"medium\",\"grid_default\":\"1\",\"grid_medium\":\"3\",\"grid_row_gap\":\"medium\",\"grid_small\":\"2\",\"icon_width\":80,\"image_align\":\"top\",\"image_grid_breakpoint\":\"m\",\"image_grid_width\":\"1-2\",\"image_link\":true,\"image_svg_color\":\"emphasis\",\"item_animation\":true,\"lightbox\":false,\"lightbox_bg_close\":true,\"lightbox_image_width\":\"610\",\"link_style\":\"default\",\"link_target\":true,\"link_text\":\"\",\"margin\":\"default\",\"margin_remove_top\":true,\"meta_align\":\"below-title\",\"meta_color\":\"secondary\",\"meta_element\":\"div\",\"meta_margin\":\"small\",\"meta_style\":\"text-meta\",\"panel_image_no_padding\":true,\"panel_link\":true,\"panel_padding\":\"small\",\"panel_style\":\"card-hover\",\"parallax_easing\":\"1\",\"position\":\"relative\",\"position_z_index\":\"1\",\"show_content\":true,\"show_hover_image\":true,\"show_hover_video\":true,\"show_image\":true,\"show_link\":true,\"show_meta\":true,\"show_title\":true,\"show_video\":true,\"title_align\":\"top\",\"title_element\":\"h3\",\"title_grid_breakpoint\":\"m\",\"title_grid_width\":\"1-2\",\"title_hover_style\":\"reset\",\"title_style\":\"h5\"},\"children\":[{\"type\":\"grid_item\",\"props\":{\"content\":\"\\n\",\"image\":\"wp-content\\\/uploads\\\/2021\\\/01\\\/travail-du-bois-dolivier-archives-japon.jpg\",\"image_alt\":\"Article sur Guillaume Dubosq journal Japonais\",\"link\":\"wp-content\\\/uploads\\\/2021\\\/01\\\/Archives-japon-guillaume-dubosq-travail-du-bois-dolivier_compressed.pdf\",\"meta\":\"Herbst 2015\",\"title\":\"Archives - JAPON\"}},{\"type\":\"grid_item\",\"props\":{\"content\":\"\\n\",\"image\":\"wp-content\\\/uploads\\\/2021\\\/02\\\/livre-byblos.jpg\",\"image_alt\":\"Article sur Guillaume Dubosq Livre Byblos Restaurant\",\"link\":\"wp-content\\\/uploads\\\/2021\\\/01\\\/livre-byblos_compressed.pdf\",\"meta\":\"Livre Restaurant in Saint-Tropez C\\u00f4t\\u00e9 Sud\",\"title\":\"Byblos \"}},{\"type\":\"grid_item\",\"props\":{\"content\":\"\\n\",\"image\":\"wp-content\\\/uploads\\\/2021\\\/01\\\/le-travail-du-bois-dolivier-cote-sud-magasine.jpg\",\"image_alt\":\"Article sur Guillaume Dubosq Campagne d\\u00e9coration\",\"link\":\"wp-content\\\/uploads\\\/2021\\\/01\\\/Le-travail-du-bois-dolivier-cote-sud_compressed.pdf\",\"meta\":\"\",\"title\":\"C\\u00f4t\\u00e9 Sud\"}},{\"type\":\"grid_item\",\"props\":{\"content\":\"\\n\",\"image\":\"wp-content\\\/uploads\\\/2021\\\/01\\\/le-travail-du-bois-dolivier-tourrettes-sur-loup-cote-sud-1.jpg\",\"image_alt\":\"Article sur Guillaume Dubosq Livre Byblos Restaurant\",\"link\":\"wp-content\\\/uploads\\\/2021\\\/01\\\/guillaume-dubosq-cote-sud_compressed.pdf\",\"meta\":\"\",\"title\":\"Campagne d\\u00e9coration\"}},{\"type\":\"grid_item\",\"props\":{\"content\":\"\\n\",\"image\":\"wp-content\\\/uploads\\\/2021\\\/01\\\/le-travail-du-bois-dolivier-tourrettes-sur-loup-revue-salamandre-1.jpg\",\"image_alt\":\"Article sur Guillaume Dubosq Livre Byblos Restaurant\",\"link\":\"wp-content\\\/uploads\\\/2021\\\/01\\\/le-travail-du-bois-dolivier-revue-salamandre_compressed.pdf\",\"meta\":\"\",\"title\":\"Salamandre\"}},{\"type\":\"grid_item\",\"props\":{\"content\":\"\\n\",\"image\":\"wp-content\\\/uploads\\\/2021\\\/01\\\/le-travail-du-bois-dolivier-tourrettes-sur-loup-sydfrankrig-1.jpg\",\"image_alt\":\"Article sur Guillaume Dubosq Sydfrankrig\",\"link\":\"wp-content\\\/uploads\\\/2021\\\/01\\\/mad-and-bolig-le-travail-du-bois-dolivier.pdf\",\"meta\":\"\",\"title\":\"Mad & Bolig\"}},{\"type\":\"grid_item\",\"props\":{\"content\":\"\\n\",\"image\":\"wp-content\\\/uploads\\\/2021\\\/01\\\/le-travail-du-bois-dolivier-lexpress-1.jpg\",\"image_alt\":\"Article sur Guillaume Dubosq Livre Byblos Restaurant\",\"link\":\"wp-content\\\/uploads\\\/2021\\\/01\\\/le-travail-du-bois-dolivier-articles-express_compressed.pdf\",\"meta\":\"\",\"title\":\"L'express\"}},{\"type\":\"grid_item\",\"props\":{\"content\":\"\\n\",\"image\":\"wp-content\\\/uploads\\\/2021\\\/01\\\/pays-alpes-maritimes-article-guillaume-dubosq.jpg\",\"image_alt\":\"Article sur Guillaume Dubosq journal Pays des Alpes Maritimes\",\"link\":\"wp-content\\\/uploads\\\/2021\\\/01\\\/Le-travail-du-bois-dolivier-LePaysAlpesMaritimes_compressed.pdf\",\"meta\":\"25 d\\u00e9cembre 2008\",\"title\":\"Pays des Alpes Maritimes\"}}]}]}],\"props\":{\"margin\":\"small\"}},{\"type\":\"row\",\"children\":[{\"type\":\"column\",\"props\":{\"image_position\":\"center-center\",\"position_sticky_breakpoint\":\"m\"}}]}],\"modified\":\"2020-11-26T10:01:14.896Z\"},{\"type\":\"section\",\"props\":{\"image\":\"wp-content\\\/uploads\\\/2020\\\/11\\\/icone-arbre-le-travail-du-bois-dolivier-blc.svg\",\"image_effect\":\"parallax\",\"image_parallax_bgy\":\"200,120\",\"image_parallax_easing\":\"1\",\"image_position\":\"bottom-right\",\"image_width\":\"900\",\"overlap\":false,\"padding\":\"large\",\"style\":\"muted\",\"title\":\"G\\u00dcTESIEGEL UND AUSZEICHNUNGEN\",\"title_breakpoint\":\"xl\",\"title_position\":\"center-left\",\"title_rotation\":\"left\",\"vertical_align\":\"\",\"width\":\"default\"},\"children\":[{\"type\":\"row\",\"children\":[{\"type\":\"column\",\"props\":{\"image_position\":\"center-center\",\"position_sticky_breakpoint\":\"m\"},\"children\":[{\"type\":\"headline\",\"props\":{\"content\":\"G\\u00fctesiegel und Auszeichnungen\",\"margin\":\"default\",\"title_decoration\":\"line\",\"title_element\":\"h2\",\"title_font_family\":\"secondary\",\"title_style\":\"h3\"}},{\"type\":\"grid\",\"props\":{\"content_column_breakpoint\":\"m\",\"content_margin\":\"small\",\"content_style\":\"text-meta\",\"filter_align\":\"left\",\"filter_all\":true,\"filter_grid_breakpoint\":\"m\",\"filter_grid_width\":\"auto\",\"filter_position\":\"top\",\"filter_style\":\"tab\",\"grid_column_gap\":\"medium\",\"grid_default\":\"1\",\"grid_medium\":\"3\",\"grid_row_gap\":\"medium\",\"grid_small\":\"2\",\"icon_width\":80,\"image_align\":\"top\",\"image_grid_breakpoint\":\"m\",\"image_grid_width\":\"1-2\",\"image_link\":true,\"image_svg_color\":\"emphasis\",\"item_animation\":true,\"lightbox\":false,\"lightbox_bg_close\":true,\"lightbox_image_width\":\"610\",\"link_style\":\"default\",\"link_target\":true,\"link_text\":\"\",\"margin\":\"default\",\"margin_remove_top\":true,\"meta_align\":\"below-title\",\"meta_color\":\"secondary\",\"meta_element\":\"div\",\"meta_margin\":\"small\",\"meta_style\":\"text-meta\",\"panel_image_no_padding\":true,\"panel_link\":true,\"panel_padding\":\"small\",\"panel_style\":\"card-hover\",\"parallax_easing\":\"1\",\"position\":\"relative\",\"position_z_index\":\"1\",\"show_content\":true,\"show_hover_image\":true,\"show_hover_video\":true,\"show_image\":true,\"show_link\":true,\"show_meta\":true,\"show_title\":true,\"show_video\":true,\"title_align\":\"top\",\"title_element\":\"h3\",\"title_grid_breakpoint\":\"m\",\"title_grid_width\":\"1-2\",\"title_hover_style\":\"reset\",\"title_style\":\"h5\"},\"children\":[{\"type\":\"grid_item\",\"props\":{\"content\":\"Die Kunstdrechslerei Le Travail du Bois d\\u2019Olivier wurde 2009 als herausragendes lebendiges Kulturerbe ausgezeichnet.\\n\\n\",\"image\":\"wp-content\\\/uploads\\\/2021\\\/01\\\/label-epv-le-travail-du-bois-dolivier.jpg\",\"image_alt\":\"Le travail du bois d'olivier Label EPV\",\"link\":\"wp-content\\\/uploads\\\/2021\\\/01\\\/diplome-label-epv.jpg\",\"meta\":\"2009\",\"title\":\"Entreprise du Patrimoine Vivant (lebendiges Kulturerbe)\"}},{\"type\":\"grid_item\",\"props\":{\"content\":\"Die Geige aus Olivenholz hat 2008 den gro\\u00dfen Preis des Kunsthandwerks auf regionaler Ebene davongetragen.\",\"image\":\"wp-content\\\/uploads\\\/2021\\\/01\\\/recompense-grand-prix-regional-metiers-darts-guillaume-dubosq.jpg\",\"image_alt\":\"Grand prix des m\\u00e9tiers d'art 2008 pour le violon du Le Travail du Bois d'Olivier - Guillaume Dubosq\",\"link\":\"wp-content\\\/uploads\\\/2021\\\/01\\\/diplome-regional-gd-prix-metier-d-art.jpg\",\"meta\":\"2008 - Prix r\\u00e9gional\",\"title\":\"Gro\\u00dfer Preis des Kunsthandwerks SEMA\"}},{\"type\":\"grid_item\",\"props\":{\"content\":\"Gewinner auf regionaler Ebene und auf L\\u00e4nderebene\",\"image\":\"wp-content\\\/uploads\\\/2021\\\/01\\\/recompense-grand-prix-departemental-metiers-darts-guillaume-dubosq.jpg\",\"image_alt\":\"Grand prix des m\\u00e9tiers d'art 2008 pour le violon du Le Travail du Bois d'Olivier - Guillaume Dubosq\",\"link\":\"wp-content\\\/uploads\\\/2021\\\/01\\\/diplome-regional-gd-prix-metier-d-art.jpg\",\"meta\":\"2008 - Prix d\\u00e9partemental\",\"title\":\"Gro\\u00dfer Preis des Kunsthandwerks SEMA\"}}]},{\"type\":\"button\",\"props\":{\"grid_column_gap\":\"small\",\"grid_row_gap\":\"small\",\"margin\":\"default\"},\"children\":[{\"type\":\"button_item\",\"props\":{\"button_style\":\"text\",\"content\":\"Hier erfahren Sie mehr \\u00fcber das EPV-G\\u00fctesiegel\",\"dialog_layout\":\"modal\",\"dialog_offcanvas_flip\":true,\"icon\":\"bookmark\",\"icon_align\":\"left\",\"link\":\"https:\\\/\\\/www.institut-metiersdart.org\\\/epv\",\"link_target\":\"blank\"}}]}]}]}],\"name\":\"Labels & r\\u00e9compenses\"}],\"version\":\"4.5.9\"} --><\/p>\n","protected":false},"excerpt":{"rendered":"<p>Le travail du Bois d&#8217;olivier : Fernsehauftritte und Zeitungsberichte, Preise und Auszeichnungen REPORTAGEN Le Travail du Bois d&#8217;Olivier 3:24 min S\u00e4mtliche Fernsehauftritte M\u00e9teo \u00e0 la carte \u2022 France 3 6:52 min Sendung aus dem Dezember 2024 Les 100 Lieux qu&#8217;il faut voir des Senders France 5 3:54 min Chroniques M\u00e9diterran\u00e9ennes des Senders France 3 4:00 [&hellip;]<\/p>\n","protected":false},"author":1,"featured_media":0,"parent":0,"menu_order":0,"comment_status":"closed","ping_status":"closed","template":"","meta":{"footnotes":""},"class_list":["post-4015","page","type-page","status-publish","hentry"],"yoast_head":"<!-- This site is optimized with the Yoast SEO plugin v25.8 - https:\/\/yoast.com\/wordpress\/plugins\/seo\/ -->\n<title>Reportagen - Le Travail du Bois d&#039;Olivier<\/title>\n<meta name=\"robots\" content=\"index, follow, max-snippet:-1, max-image-preview:large, max-video-preview:-1\" \/>\n<link rel=\"canonical\" href=\"https:\/\/boisdolivier.fr\/fr\/on-en-parle\/\" \/>\n<meta property=\"og:locale\" content=\"de_DE\" \/>\n<meta property=\"og:type\" content=\"article\" \/>\n<meta property=\"og:title\" content=\"Reportagen - Le Travail du Bois d&#039;Olivier\" \/>\n<meta property=\"og:description\" content=\"Le travail du Bois d&#8217;olivier : Fernsehauftritte und Zeitungsberichte, Preise und Auszeichnungen REPORTAGEN Le Travail du Bois d&#8217;Olivier 3:24 min S\u00e4mtliche Fernsehauftritte M\u00e9teo \u00e0 la carte \u2022 France 3 6:52 min Sendung aus dem Dezember 2024 Les 100 Lieux qu&#8217;il faut voir des Senders France 5 3:54 min Chroniques M\u00e9diterran\u00e9ennes des Senders France 3 4:00 [&hellip;]\" \/>\n<meta property=\"og:url\" content=\"https:\/\/boisdolivier.fr\/fr\/on-en-parle\/\" \/>\n<meta property=\"og:site_name\" content=\"Le Travail du Bois d&#039;Olivier\" \/>\n<meta property=\"article:modified_time\" content=\"2025-03-12T15:22:03+00:00\" \/>\n<meta name=\"twitter:card\" content=\"summary_large_image\" \/>\n<meta name=\"twitter:label1\" content=\"Gesch\u00e4tzte Lesezeit\" \/>\n\t<meta name=\"twitter:data1\" content=\"1\u00a0Minute\" \/>\n<script type=\"application\/ld+json\" class=\"yoast-schema-graph\">{\"@context\":\"https:\/\/schema.org\",\"@graph\":[{\"@type\":\"WebPage\",\"@id\":\"https:\/\/boisdolivier.fr\/fr\/on-en-parle\/\",\"url\":\"https:\/\/boisdolivier.fr\/fr\/on-en-parle\/\",\"name\":\"Reportagen - Le Travail du Bois d&#039;Olivier\",\"isPartOf\":{\"@id\":\"https:\/\/boisdolivier.fr\/de\/#website\"},\"datePublished\":\"2020-11-09T11:00:54+00:00\",\"dateModified\":\"2025-03-12T15:22:03+00:00\",\"breadcrumb\":{\"@id\":\"https:\/\/boisdolivier.fr\/fr\/on-en-parle\/#breadcrumb\"},\"inLanguage\":\"de\",\"potentialAction\":[{\"@type\":\"ReadAction\",\"target\":[\"https:\/\/boisdolivier.fr\/fr\/on-en-parle\/\"]}]},{\"@type\":\"BreadcrumbList\",\"@id\":\"https:\/\/boisdolivier.fr\/fr\/on-en-parle\/#breadcrumb\",\"itemListElement\":[{\"@type\":\"ListItem\",\"position\":1,\"name\":\"Accueil\",\"item\":\"https:\/\/boisdolivier.fr\/fr\/\"},{\"@type\":\"ListItem\",\"position\":2,\"name\":\"Reportagen\"}]},{\"@type\":\"WebSite\",\"@id\":\"https:\/\/boisdolivier.fr\/de\/#website\",\"url\":\"https:\/\/boisdolivier.fr\/de\/\",\"name\":\"Le Travail du Bois d&#039;Olivier\",\"description\":\"Le travail artisanal du bois d&#039;olivier - Dubosq &amp; Fils\",\"potentialAction\":[{\"@type\":\"SearchAction\",\"target\":{\"@type\":\"EntryPoint\",\"urlTemplate\":\"https:\/\/boisdolivier.fr\/de\/?s={search_term_string}\"},\"query-input\":{\"@type\":\"PropertyValueSpecification\",\"valueRequired\":true,\"valueName\":\"search_term_string\"}}],\"inLanguage\":\"de\"}]}<\/script>\n<!-- \/ Yoast SEO plugin. -->","yoast_head_json":{"title":"Reportagen - Le Travail du Bois d&#039;Olivier","robots":{"index":"index","follow":"follow","max-snippet":"max-snippet:-1","max-image-preview":"max-image-preview:large","max-video-preview":"max-video-preview:-1"},"canonical":"https:\/\/boisdolivier.fr\/fr\/on-en-parle\/","og_locale":"de_DE","og_type":"article","og_title":"Reportagen - Le Travail du Bois d&#039;Olivier","og_description":"Le travail du Bois d&#8217;olivier : Fernsehauftritte und Zeitungsberichte, Preise und Auszeichnungen REPORTAGEN Le Travail du Bois d&#8217;Olivier 3:24 min S\u00e4mtliche Fernsehauftritte M\u00e9teo \u00e0 la carte \u2022 France 3 6:52 min Sendung aus dem Dezember 2024 Les 100 Lieux qu&#8217;il faut voir des Senders France 5 3:54 min Chroniques M\u00e9diterran\u00e9ennes des Senders France 3 4:00 [&hellip;]","og_url":"https:\/\/boisdolivier.fr\/fr\/on-en-parle\/","og_site_name":"Le Travail du Bois d&#039;Olivier","article_modified_time":"2025-03-12T15:22:03+00:00","twitter_card":"summary_large_image","twitter_misc":{"Gesch\u00e4tzte Lesezeit":"1\u00a0Minute"},"schema":{"@context":"https:\/\/schema.org","@graph":[{"@type":"WebPage","@id":"https:\/\/boisdolivier.fr\/fr\/on-en-parle\/","url":"https:\/\/boisdolivier.fr\/fr\/on-en-parle\/","name":"Reportagen - Le Travail du Bois d&#039;Olivier","isPartOf":{"@id":"https:\/\/boisdolivier.fr\/de\/#website"},"datePublished":"2020-11-09T11:00:54+00:00","dateModified":"2025-03-12T15:22:03+00:00","breadcrumb":{"@id":"https:\/\/boisdolivier.fr\/fr\/on-en-parle\/#breadcrumb"},"inLanguage":"de","potentialAction":[{"@type":"ReadAction","target":["https:\/\/boisdolivier.fr\/fr\/on-en-parle\/"]}]},{"@type":"BreadcrumbList","@id":"https:\/\/boisdolivier.fr\/fr\/on-en-parle\/#breadcrumb","itemListElement":[{"@type":"ListItem","position":1,"name":"Accueil","item":"https:\/\/boisdolivier.fr\/fr\/"},{"@type":"ListItem","position":2,"name":"Reportagen"}]},{"@type":"WebSite","@id":"https:\/\/boisdolivier.fr\/de\/#website","url":"https:\/\/boisdolivier.fr\/de\/","name":"Le Travail du Bois d&#039;Olivier","description":"Le travail artisanal du bois d&#039;olivier - Dubosq &amp; Fils","potentialAction":[{"@type":"SearchAction","target":{"@type":"EntryPoint","urlTemplate":"https:\/\/boisdolivier.fr\/de\/?s={search_term_string}"},"query-input":{"@type":"PropertyValueSpecification","valueRequired":true,"valueName":"search_term_string"}}],"inLanguage":"de"}]}},"_links":{"self":[{"href":"https:\/\/boisdolivier.fr\/de\/wp-json\/wp\/v2\/pages\/4015","targetHints":{"allow":["GET"]}}],"collection":[{"href":"https:\/\/boisdolivier.fr\/de\/wp-json\/wp\/v2\/pages"}],"about":[{"href":"https:\/\/boisdolivier.fr\/de\/wp-json\/wp\/v2\/types\/page"}],"author":[{"embeddable":true,"href":"https:\/\/boisdolivier.fr\/de\/wp-json\/wp\/v2\/users\/1"}],"replies":[{"embeddable":true,"href":"https:\/\/boisdolivier.fr\/de\/wp-json\/wp\/v2\/comments?post=4015"}],"version-history":[{"count":20,"href":"https:\/\/boisdolivier.fr\/de\/wp-json\/wp\/v2\/pages\/4015\/revisions"}],"predecessor-version":[{"id":4427,"href":"https:\/\/boisdolivier.fr\/de\/wp-json\/wp\/v2\/pages\/4015\/revisions\/4427"}],"wp:attachment":[{"href":"https:\/\/boisdolivier.fr\/de\/wp-json\/wp\/v2\/media?parent=4015"}],"curies":[{"name":"wp","href":"https:\/\/api.w.org\/{rel}","templated":true}]}}